{"id":1110,"date":"2020-11-18T17:26:33","date_gmt":"2020-11-18T17:26:33","guid":{"rendered":"http:\/\/hafenschule.online\/?page_id=1110"},"modified":"2025-04-27T17:01:16","modified_gmt":"2025-04-27T17:01:16","slug":"foerderverein-hafenschule","status":"publish","type":"page","link":"http:\/\/hafenschule.online\/?page_id=1110","title":{"rendered":"F\u00f6rderverein HAFENSCHULE"},"content":{"rendered":"\t\t<div data-elementor-type=\"wp-page\" data-elementor-id=\"1110\" class=\"elementor elementor-1110\">\n\t\t\t\t\t\t\t\t\t<section class=\"elementor-section elementor-top-section elementor-element elementor-element-ef8be4f elementor-section-boxed elementor-section-height-default elementor-section-height-default\" data-id=\"ef8be4f\" data-element_type=\"section\">\n\t\t\t\t\t\t<div class=\"elementor-container elementor-column-gap-default\">\n\t\t\t\t\t<div class=\"elementor-column elementor-col-100 elementor-top-column elementor-element elementor-element-2e31b47\" data-id=\"2e31b47\" data-element_type=\"column\">\n\t\t\t<div class=\"elementor-widget-wrap elementor-element-populated\">\n\t\t\t\t\t\t\t\t<div class=\"elementor-element elementor-element-f75df65 elementor-widget elementor-widget-image\" data-id=\"f75df65\" data-element_type=\"widget\" data-widget_type=\"image.default\">\n\t\t\t\t<div class=\"elementor-widget-container\">\n\t\t\t\t\t\t\t\t\t\t\t\t\t\t\t<img loading=\"lazy\" decoding=\"async\" width=\"284\" height=\"300\" src=\"http:\/\/hafenschule.online\/wp-content\/uploads\/2021\/07\/logo_hafen_230721_web_white-284x300.png\" class=\"attachment-medium size-medium wp-image-1599\" alt=\"\" srcset=\"http:\/\/hafenschule.online\/wp-content\/uploads\/2021\/07\/logo_hafen_230721_web_white-284x300.png 284w, http:\/\/hafenschule.online\/wp-content\/uploads\/2021\/07\/logo_hafen_230721_web_white-970x1024.png 970w, http:\/\/hafenschule.online\/wp-content\/uploads\/2021\/07\/logo_hafen_230721_web_white-768x810.png 768w, http:\/\/hafenschule.online\/wp-content\/uploads\/2021\/07\/logo_hafen_230721_web_white-1456x1536.png 1456w, http:\/\/hafenschule.online\/wp-content\/uploads\/2021\/07\/logo_hafen_230721_web_white.png 1882w\" sizes=\"(max-width: 284px) 100vw, 284px\" \/>\t\t\t\t\t\t\t\t\t\t\t\t\t\t\t<\/div>\n\t\t\t\t<\/div>\n\t\t\t\t<div class=\"elementor-element elementor-element-8b2bc9d elementor-widget elementor-widget-text-editor\" data-id=\"8b2bc9d\" data-element_type=\"widget\" data-widget_type=\"text-editor.default\">\n\t\t\t\t<div class=\"elementor-widget-container\">\n\t\t\t\t\t\t\t<h1><span style=\"color: #00474A;\">Willkommen auf der Seite des F\u00f6rdervereins der Hafenschule e. V., Wiesbaden<\/span><\/h1>\t\t\t\t\t\t<\/div>\n\t\t\t\t<\/div>\n\t\t\t\t<div class=\"elementor-element elementor-element-b60ecc4 elementor-view-default elementor-widget elementor-widget-icon\" data-id=\"b60ecc4\" data-element_type=\"widget\" data-widget_type=\"icon.default\">\n\t\t\t\t<div class=\"elementor-widget-container\">\n\t\t\t\t\t<div class=\"elementor-icon-wrapper\">\n\t\t\t<div class=\"elementor-icon\">\n\t\t\t<i aria-hidden=\"true\" class=\"fas fa-star\"><\/i>\t\t\t<\/div>\n\t\t<\/div>\n\t\t\t\t<\/div>\n\t\t\t\t<\/div>\n\t\t\t\t<div class=\"elementor-element elementor-element-500d50e elementor-widget elementor-widget-heading\" data-id=\"500d50e\" data-element_type=\"widget\" data-widget_type=\"heading.default\">\n\t\t\t\t<div class=\"elementor-widget-container\">\n\t\t\t<h2 class=\"elementor-heading-title elementor-size-default\"><br><br>- Aktuelles -<\/h2>\t\t<\/div>\n\t\t\t\t<\/div>\n\t\t\t\t<div class=\"elementor-element elementor-element-8eee1ff elementor-widget elementor-widget-text-editor\" data-id=\"8eee1ff\" data-element_type=\"widget\" data-widget_type=\"text-editor.default\">\n\t\t\t\t<div class=\"elementor-widget-container\">\n\t\t\t\t\t\t\t<h2 style=\"text-align: center;\"><b style=\"caret-color: #000000; color: #000000; font-family: Calibri, sans-serif; text-align: justify;\">Ostergeschenke f\u00fcr die Hafenkids\u00a0<\/b><\/h2><h2 style=\"text-align: center;\"><span style=\"caret-color: #000000; color: #000000; font-family: Calibri, sans-serif; font-size: medium; text-align: justify;\">Spiel, Spa\u00df und Bewegung \u2026..! Alle Klassen der Hafenschule haben rechtzeitig zu Ostern einen Gutschein \u00fcber 68 Euro vom F\u00f6rderverein erhalten, mit welchem sie Spielsachen f\u00fcr die Pausengestaltung anschaffen k\u00f6nnen. So kann jede Klasse ihre eigene \u201eKlassen-Pausenkisten\u201c gestalten!!!<\/span><\/h2><p style=\"text-align: left;\"><span style=\"caret-color: #000000; color: #000000; font-family: Calibri, sans-serif; font-size: 12pt;\">\u00a0<\/span><span style=\"caret-color: #000000; color: #000000; font-family: Calibri, sans-serif; font-size: 12pt;\">Der F\u00f6rderverein w\u00fcnscht viel Spa\u00df beim Zusammenstellen der Kisten<\/span><span style=\"caret-color: #000000; color: #000000; font-family: Calibri, sans-serif;\"><span style=\"font-size: medium;\">!!!<\/span><\/span><\/p><p style=\"text-align: left;\">\u00a0<\/p>\t\t\t\t\t\t<\/div>\n\t\t\t\t<\/div>\n\t\t\t\t<div class=\"elementor-element elementor-element-d861931 gallery-spacing-custom elementor-widget elementor-widget-image-gallery\" data-id=\"d861931\" data-element_type=\"widget\" data-widget_type=\"image-gallery.default\">\n\t\t\t\t<div class=\"elementor-widget-container\">\n\t\t\t\t\t<div class=\"elementor-image-gallery\">\n\t\t\t\n\t\t<style type=\"text\/css\">\n\t\t\t#gallery-1 {\n\t\t\t\tmargin: auto;\n\t\t\t}\n\t\t\t#gallery-1 .gallery-item {\n\t\t\t\tfloat: left;\n\t\t\t\tmargin-top: 10px;\n\t\t\t\ttext-align: center;\n\t\t\t\twidth: 50%;\n\t\t\t}\n\t\t\t#gallery-1 img {\n\t\t\t\tborder: 2px solid #cfcfcf;\n\t\t\t}\n\t\t\t#gallery-1 .gallery-caption {\n\t\t\t\tmargin-left: 0;\n\t\t\t}\n\t\t\t\/* see gallery_shortcode() in wp-includes\/media.php *\/\n\t\t<\/style>\n\t\t<div id='gallery-1' class='gallery galleryid-1110 gallery-columns-2 gallery-size-medium'><dl class='gallery-item'>\n\t\t\t<dt class='gallery-icon portrait'>\n\t\t\t\t<a data-elementor-open-lightbox=\"yes\" data-elementor-lightbox-slideshow=\"d861931\" data-elementor-lightbox-title=\"IMG_8235\" data-e-action-hash=\"#elementor-action%3Aaction%3Dlightbox%26settings%3DeyJpZCI6MzE0NCwidXJsIjoiaHR0cDpcL1wvaGFmZW5zY2h1bGUub25saW5lXC93cC1jb250ZW50XC91cGxvYWRzXC8yMDI1XC8wNFwvSU1HXzgyMzUuanBnIiwic2xpZGVzaG93IjoiZDg2MTkzMSJ9\" href='http:\/\/hafenschule.online\/wp-content\/uploads\/2025\/04\/IMG_8235.jpg'><img loading=\"lazy\" decoding=\"async\" width=\"219\" height=\"300\" src=\"http:\/\/hafenschule.online\/wp-content\/uploads\/2025\/04\/IMG_8235-219x300.jpg\" class=\"attachment-medium size-medium\" alt=\"\" srcset=\"http:\/\/hafenschule.online\/wp-content\/uploads\/2025\/04\/IMG_8235-219x300.jpg 219w, http:\/\/hafenschule.online\/wp-content\/uploads\/2025\/04\/IMG_8235-747x1024.jpg 747w, http:\/\/hafenschule.online\/wp-content\/uploads\/2025\/04\/IMG_8235-768x1052.jpg 768w, http:\/\/hafenschule.online\/wp-content\/uploads\/2025\/04\/IMG_8235.jpg 1116w\" sizes=\"(max-width: 219px) 100vw, 219px\" \/><\/a>\n\t\t\t<\/dt><\/dl><dl class='gallery-item'>\n\t\t\t<dt class='gallery-icon landscape'>\n\t\t\t\t<a data-elementor-open-lightbox=\"yes\" data-elementor-lightbox-slideshow=\"d861931\" data-elementor-lightbox-title=\"IMG_7C47D16DA9F4-1\" data-e-action-hash=\"#elementor-action%3Aaction%3Dlightbox%26settings%3DeyJpZCI6MzE0MywidXJsIjoiaHR0cDpcL1wvaGFmZW5zY2h1bGUub25saW5lXC93cC1jb250ZW50XC91cGxvYWRzXC8yMDI1XC8wNFwvSU1HXzdDNDdEMTZEQTlGNC0xLmpwZWciLCJzbGlkZXNob3ciOiJkODYxOTMxIn0%3D\" href='http:\/\/hafenschule.online\/wp-content\/uploads\/2025\/04\/IMG_7C47D16DA9F4-1.jpeg'><img loading=\"lazy\" decoding=\"async\" width=\"300\" height=\"169\" src=\"http:\/\/hafenschule.online\/wp-content\/uploads\/2025\/04\/IMG_7C47D16DA9F4-1-300x169.jpeg\" class=\"attachment-medium size-medium\" alt=\"\" srcset=\"http:\/\/hafenschule.online\/wp-content\/uploads\/2025\/04\/IMG_7C47D16DA9F4-1-300x169.jpeg 300w, http:\/\/hafenschule.online\/wp-content\/uploads\/2025\/04\/IMG_7C47D16DA9F4-1-1024x576.jpeg 1024w, http:\/\/hafenschule.online\/wp-content\/uploads\/2025\/04\/IMG_7C47D16DA9F4-1-768x432.jpeg 768w, http:\/\/hafenschule.online\/wp-content\/uploads\/2025\/04\/IMG_7C47D16DA9F4-1-1536x864.jpeg 1536w, http:\/\/hafenschule.online\/wp-content\/uploads\/2025\/04\/IMG_7C47D16DA9F4-1.jpeg 2048w\" sizes=\"(max-width: 300px) 100vw, 300px\" \/><\/a>\n\t\t\t<\/dt><\/dl><br style=\"clear: both\" \/>\n\t\t<\/div>\n\t\t<\/div>\n\t\t\t\t<\/div>\n\t\t\t\t<\/div>\n\t\t\t\t<div class=\"elementor-element elementor-element-c1d9495 elementor-widget elementor-widget-text-editor\" data-id=\"c1d9495\" data-element_type=\"widget\" data-widget_type=\"text-editor.default\">\n\t\t\t\t<div class=\"elementor-widget-container\">\n\t\t\t\t\t\t\t<h2 style=\"text-align: center;\"><b style=\"caret-color: #000000; color: #000000; font-family: Calibri, sans-serif; text-align: justify;\">Vorlesewettbewerb \u2013 tolle Buchpreise f\u00fcr die Hafenschulleseratten<\/b><\/h2><p style=\"margin: 0cm; font-size: medium; font-family: Calibri, sans-serif; caret-color: #000000; color: #000000; text-align: justify;\">\u00a0<\/p><p style=\"margin: 0cm; font-size: medium; font-family: Calibri, sans-serif; caret-color: #000000; color: #000000;\">\u00a0<\/p><p style=\"text-align: left;\"><span style=\"color: #000000; font-family: Calibri, sans-serif; font-size: medium;\">&#8222;Von seinen Eltern lernt man lieben, lachen, und laufen. Doch erst wenn man mit B\u00fcchern in Ber\u00fchrung kommt,\u00a0<span style=\"caret-color: #000000;\">entdeckt<\/span>\u00a0man, dass man Fl\u00fcgel hat.&#8220;<\/span><\/p><p style=\"text-align: left;\"><span style=\"color: #000000; font-family: Calibri, sans-serif; font-size: medium;\">&#8211; Helen Hayes &#8211;\u00a0<\/span><\/p><p style=\"text-align: left;\"><span style=\"font-size: 12pt; font-family: Calibri, sans-serif; color: black;\">Mit gro\u00dfer Begeisterung fand auch in diesem Jahr vor den Osterferien der Vorlesewettbewerb an der Hafenschule statt. Die Hafenschul-Kids beeindruckten mit tollem Vorlesetalent. Der F\u00f6rderverein freut sich, einen kleinen Beitrag leisten zu k\u00f6nnen und hat die Buchpreise f\u00fcr die Gewinnerinnen und Gewinner gespendet. Gerne unterst\u00fctzen wir die Lesef\u00f6rderung an unserer Schule! Wir gratulieren den Gewinnerinnen und Gewinnern und dr\u00fccken ihnen die Daumen f\u00fcr die n\u00e4chste(n) Runde(n). \u00a0<\/span><\/p><p style=\"margin: 0cm; font-size: medium; font-family: Calibri, sans-serif; caret-color: #000000; color: #000000; text-align: justify;\">\u00a0<\/p><p style=\"text-align: left;\">\u00a0<\/p>\t\t\t\t\t\t<\/div>\n\t\t\t\t<\/div>\n\t\t\t\t<div class=\"elementor-element elementor-element-7796cc5 gallery-spacing-custom elementor-widget elementor-widget-image-gallery\" data-id=\"7796cc5\" data-element_type=\"widget\" data-widget_type=\"image-gallery.default\">\n\t\t\t\t<div class=\"elementor-widget-container\">\n\t\t\t\t\t<div class=\"elementor-image-gallery\">\n\t\t\t\n\t\t<style type=\"text\/css\">\n\t\t\t#gallery-2 {\n\t\t\t\tmargin: auto;\n\t\t\t}\n\t\t\t#gallery-2 .gallery-item {\n\t\t\t\tfloat: left;\n\t\t\t\tmargin-top: 10px;\n\t\t\t\ttext-align: center;\n\t\t\t\twidth: 50%;\n\t\t\t}\n\t\t\t#gallery-2 img {\n\t\t\t\tborder: 2px solid #cfcfcf;\n\t\t\t}\n\t\t\t#gallery-2 .gallery-caption {\n\t\t\t\tmargin-left: 0;\n\t\t\t}\n\t\t\t\/* see gallery_shortcode() in wp-includes\/media.php *\/\n\t\t<\/style>\n\t\t<div id='gallery-2' class='gallery galleryid-1110 gallery-columns-2 gallery-size-medium'><dl class='gallery-item'>\n\t\t\t<dt class='gallery-icon landscape'>\n\t\t\t\t<a data-elementor-open-lightbox=\"yes\" data-elementor-lightbox-slideshow=\"7796cc5\" data-elementor-lightbox-title=\"VLW_Hafenschule_Klasse3\" data-e-action-hash=\"#elementor-action%3Aaction%3Dlightbox%26settings%3DeyJpZCI6MzE0NiwidXJsIjoiaHR0cDpcL1wvaGFmZW5zY2h1bGUub25saW5lXC93cC1jb250ZW50XC91cGxvYWRzXC8yMDI1XC8wNFwvVkxXX0hhZmVuc2NodWxlX0tsYXNzZTMtc2NhbGVkLmpwZyIsInNsaWRlc2hvdyI6Ijc3OTZjYzUifQ%3D%3D\" href='http:\/\/hafenschule.online\/wp-content\/uploads\/2025\/04\/VLW_Hafenschule_Klasse3-scaled.jpg'><img loading=\"lazy\" decoding=\"async\" width=\"300\" height=\"225\" src=\"http:\/\/hafenschule.online\/wp-content\/uploads\/2025\/04\/VLW_Hafenschule_Klasse3-300x225.jpg\" class=\"attachment-medium size-medium\" alt=\"\" aria-describedby=\"gallery-2-3146\" srcset=\"http:\/\/hafenschule.online\/wp-content\/uploads\/2025\/04\/VLW_Hafenschule_Klasse3-300x225.jpg 300w, http:\/\/hafenschule.online\/wp-content\/uploads\/2025\/04\/VLW_Hafenschule_Klasse3-1024x768.jpg 1024w, http:\/\/hafenschule.online\/wp-content\/uploads\/2025\/04\/VLW_Hafenschule_Klasse3-768x576.jpg 768w, http:\/\/hafenschule.online\/wp-content\/uploads\/2025\/04\/VLW_Hafenschule_Klasse3-1536x1152.jpg 1536w, http:\/\/hafenschule.online\/wp-content\/uploads\/2025\/04\/VLW_Hafenschule_Klasse3-2048x1536.jpg 2048w\" sizes=\"(max-width: 300px) 100vw, 300px\" \/><\/a>\n\t\t\t<\/dt>\n\t\t\t\t<dd class='wp-caption-text gallery-caption' id='gallery-2-3146'>\n\t\t\t\tGewinnerinnen und Gewinner der 3. Klassen\n\t\t\t\t<\/dd><\/dl><dl class='gallery-item'>\n\t\t\t<dt class='gallery-icon landscape'>\n\t\t\t\t<a data-elementor-open-lightbox=\"yes\" data-elementor-lightbox-slideshow=\"7796cc5\" data-elementor-lightbox-title=\"VLW_Hafenschule_Klasse2 2\" data-e-action-hash=\"#elementor-action%3Aaction%3Dlightbox%26settings%3DeyJpZCI6MzE0NSwidXJsIjoiaHR0cDpcL1wvaGFmZW5zY2h1bGUub25saW5lXC93cC1jb250ZW50XC91cGxvYWRzXC8yMDI1XC8wNFwvVkxXX0hhZmVuc2NodWxlX0tsYXNzZTItMi5qcGciLCJzbGlkZXNob3ciOiI3Nzk2Y2M1In0%3D\" href='http:\/\/hafenschule.online\/wp-content\/uploads\/2025\/04\/VLW_Hafenschule_Klasse2-2.jpg'><img loading=\"lazy\" decoding=\"async\" width=\"300\" height=\"178\" src=\"http:\/\/hafenschule.online\/wp-content\/uploads\/2025\/04\/VLW_Hafenschule_Klasse2-2-300x178.jpg\" class=\"attachment-medium size-medium\" alt=\"\" aria-describedby=\"gallery-2-3145\" srcset=\"http:\/\/hafenschule.online\/wp-content\/uploads\/2025\/04\/VLW_Hafenschule_Klasse2-2-300x178.jpg 300w, http:\/\/hafenschule.online\/wp-content\/uploads\/2025\/04\/VLW_Hafenschule_Klasse2-2-768x455.jpg 768w, http:\/\/hafenschule.online\/wp-content\/uploads\/2025\/04\/VLW_Hafenschule_Klasse2-2.jpg 1024w\" sizes=\"(max-width: 300px) 100vw, 300px\" \/><\/a>\n\t\t\t<\/dt>\n\t\t\t\t<dd class='wp-caption-text gallery-caption' id='gallery-2-3145'>\n\t\t\t\tGewinnerinnen und Gewinner der 2. Klassen\n\t\t\t\t<\/dd><\/dl><br style=\"clear: both\" \/>\n\t\t<\/div>\n\t\t<\/div>\n\t\t\t\t<\/div>\n\t\t\t\t<\/div>\n\t\t\t\t<div class=\"elementor-element elementor-element-1ad13ae elementor-widget elementor-widget-text-editor\" data-id=\"1ad13ae\" data-element_type=\"widget\" data-widget_type=\"text-editor.default\">\n\t\t\t\t<div class=\"elementor-widget-container\">\n\t\t\t\t\t\t\t<h2 style=\"text-align: center;\"><b style=\"caret-color: #000000; color: #000000; font-family: Calibri, sans-serif; text-align: justify;\">\u00a0<\/b><\/h2><h2 style=\"text-align: center;\"><b style=\"caret-color: #000000; color: #000000; font-family: Calibri, sans-serif; text-align: justify;\">K\u00e4nguru Wettbewerb \u2013 es wird geknobelt!<\/b><\/h2><p style=\"margin: 0cm; font-size: medium; font-family: Calibri, sans-serif; caret-color: #000000; color: #000000; text-align: justify;\">\u00a0<\/p><p style=\"text-align: left;\"><span style=\"caret-color: #000000; color: #000000; font-family: Calibri, sans-serif; font-size: medium; text-align: justify;\">Auch dieses Jahr hat der F\u00f6rderverein wieder die Startgeb\u00fchren f\u00fcr die Hafenschulkids \u00fcbernommen, so dass jedes Kind der Hafenschule am Mathematikwettbewerb teilnehmen konnte. Gemeinsam mit rund 6 Millionen anderen Kindern aus \u00fcber 100 L\u00e4ndern haben unsere Schiersteiner Kinder geknobelt und gerechnet.<\/span><\/p><p style=\"margin: 0cm; font-size: medium; font-family: Calibri, sans-serif; caret-color: #000000; color: #000000; text-align: justify;\">\u00a0<\/p><p style=\"margin: 0cm; font-size: medium; font-family: Calibri, sans-serif; caret-color: #000000; color: #000000; text-align: justify;\">\u00a0<\/p><p style=\"text-align: left;\">\u00a0<\/p>\t\t\t\t\t\t<\/div>\n\t\t\t\t<\/div>\n\t\t\t\t<div class=\"elementor-element elementor-element-f41e804 elementor-widget elementor-widget-text-editor\" data-id=\"f41e804\" data-element_type=\"widget\" data-widget_type=\"text-editor.default\">\n\t\t\t\t<div class=\"elementor-widget-container\">\n\t\t\t\t\t\t\t<h2 style=\"text-align: center;\">Der F\u00f6rderverein stellt sich neu auf!<b style=\"caret-color: #000000; color: #000000; font-family: Calibri, sans-serif;\">&nbsp;<\/b><\/h2>\n<p style=\"text-align: left;\"><span style=\"caret-color: #000000; color: #000000; font-family: Calibri, sans-serif; font-size: medium; text-align: justify;\">Nach 4 Jahren haben<\/span><span style=\"caret-color: #000000; color: #000000; font-family: Calibri, sans-serif; font-size: medium; text-align: justify;\">&nbsp;<\/span><b style=\"caret-color: #000000; color: #000000; font-family: Calibri, sans-serif; text-align: justify;\">Conny Bachmann, Marco Gerhardt und Maren Nusser<\/b><span style=\"caret-color: #000000; color: #000000; font-family: Calibri, sans-serif; font-size: medium; text-align: justify;\">&nbsp;<\/span><span style=\"caret-color: #000000; color: #000000; font-family: Calibri, sans-serif; font-size: medium; text-align: justify;\">ihre Vorstandsarbeit niedergelegt. Sie haben viel f\u00fcr den F\u00f6rderverein der Hafenschule bewegt und unglaublich viel Zeit und Engagement in ihre ehrenamtliche Arbeit gesteckt. Wir sagen<\/span><span style=\"caret-color: #000000; color: #000000; font-family: Calibri, sans-serif; font-size: medium; text-align: justify;\">&nbsp;<\/span><b style=\"caret-color: #000000; color: #000000; font-family: Calibri, sans-serif; text-align: justify;\">von Herzen DANKE<\/b><span style=\"caret-color: #000000; color: #000000; font-family: Calibri, sans-serif; font-size: medium; text-align: justify;\">&nbsp;<\/span><span style=\"caret-color: #000000; color: #000000; font-family: Calibri, sans-serif; font-size: medium; text-align: justify;\">und freuen uns, dass die \u201eAlten\u201c den \u201eNeuen\u201c noch immer mit Rat und Tat beiseite stehen!!<\/span><\/p>\n<p class=\"MsoNormal\" style=\"margin: 0cm; font-size: medium; font-family: Calibri, sans-serif; caret-color: #000000; color: #000000; text-align: justify;\">Anne G\u00f6bl bleibt dem Vorstand des F\u00f6rdervereins erhalten und nach langer und intensiver Suche haben sich gl\u00fccklicher Weise vier weitere engagierte Hafenschuleltern gefunden, die Lust haben und sich die Zeit nehmen, die Vorstandsarbeit des F\u00f6rdervereins der Hafenschule zu \u00fcbernehmen und so das \u00dcberleben des Selbigen zu sichern!! Wir freuen uns, dass es mit eurer Hilfe weiter geht!!&nbsp;<\/p>\n<p class=\"MsoNormal\" style=\"margin: 0cm; font-size: medium; font-family: Calibri, sans-serif; caret-color: #000000; color: #000000; text-align: justify;\">Ein gro\u00dfes Dankesch\u00f6n an Marius Bieniek, Christine Wiegand, Sahar Mell und Lyudmyla Kolos!<\/p>\n<p style=\"text-align: left;\">\n<\/p>\t\t\t\t\t\t<\/div>\n\t\t\t\t<\/div>\n\t\t\t\t<div class=\"elementor-element elementor-element-62e851e elementor-widget elementor-widget-text-editor\" data-id=\"62e851e\" data-element_type=\"widget\" data-widget_type=\"text-editor.default\">\n\t\t\t\t<div class=\"elementor-widget-container\">\n\t\t\t\t\t\t\t<h2 style=\"text-align: center;\"><b>SEB + F\u00f6V: Marktstand auf dem Schiersteiner Wochenmarkt<\/b><\/h2><p style=\"text-align: left;\">Am 17. September 2024 war es soweit. Schulelternbeirat und F\u00f6rderverein waren mit einem gemeinsamen Stand auf dem Schiersteiner Wochenmarkt vertreten. Bei uns konnten Gro\u00dfe und Kleine ihren eigenen Button gestalten, fertige Buttons kaufen, in der Leseecke auf dem Sitzsack chillen oder bei Ausmalbildern der Kreativit\u00e4t freien Lauf lassen. F\u00fcr das leibliche Wohl war mit \u00c4pfeln und Apfelschorle auch gesorgt. Das wird sicherlich nicht das letzte Mal gewesen sein, dass wir uns mit einem Stand auf dem Schiersteiner Wochenmarkt beteiligen.<\/p>\t\t\t\t\t\t<\/div>\n\t\t\t\t<\/div>\n\t\t\t\t<div class=\"elementor-element elementor-element-b511af3 gallery-spacing-custom elementor-widget elementor-widget-image-gallery\" data-id=\"b511af3\" data-element_type=\"widget\" data-widget_type=\"image-gallery.default\">\n\t\t\t\t<div class=\"elementor-widget-container\">\n\t\t\t\t\t<div class=\"elementor-image-gallery\">\n\t\t\t\n\t\t<style type=\"text\/css\">\n\t\t\t#gallery-3 {\n\t\t\t\tmargin: auto;\n\t\t\t}\n\t\t\t#gallery-3 .gallery-item {\n\t\t\t\tfloat: left;\n\t\t\t\tmargin-top: 10px;\n\t\t\t\ttext-align: center;\n\t\t\t\twidth: 50%;\n\t\t\t}\n\t\t\t#gallery-3 img {\n\t\t\t\tborder: 2px solid #cfcfcf;\n\t\t\t}\n\t\t\t#gallery-3 .gallery-caption {\n\t\t\t\tmargin-left: 0;\n\t\t\t}\n\t\t\t\/* see gallery_shortcode() in wp-includes\/media.php *\/\n\t\t<\/style>\n\t\t<div id='gallery-3' class='gallery galleryid-1110 gallery-columns-2 gallery-size-medium'><dl class='gallery-item'>\n\t\t\t<dt class='gallery-icon landscape'>\n\t\t\t\t<a data-elementor-open-lightbox=\"yes\" data-elementor-lightbox-slideshow=\"b511af3\" data-elementor-lightbox-title=\"Marktstand Gruppenbild\" data-e-action-hash=\"#elementor-action%3Aaction%3Dlightbox%26settings%3DeyJpZCI6MzAyNSwidXJsIjoiaHR0cDpcL1wvaGFmZW5zY2h1bGUub25saW5lXC93cC1jb250ZW50XC91cGxvYWRzXC8yMDI0XC8xMFwvTWFya3RzdGFuZC1HcnVwcGVuYmlsZC0xLmpwZyIsInNsaWRlc2hvdyI6ImI1MTFhZjMifQ%3D%3D\" href='http:\/\/hafenschule.online\/wp-content\/uploads\/2024\/10\/Marktstand-Gruppenbild-1.jpg'><img loading=\"lazy\" decoding=\"async\" width=\"300\" height=\"225\" src=\"http:\/\/hafenschule.online\/wp-content\/uploads\/2024\/10\/Marktstand-Gruppenbild-1-300x225.jpg\" class=\"attachment-medium size-medium\" alt=\"\" aria-describedby=\"gallery-3-3025\" srcset=\"http:\/\/hafenschule.online\/wp-content\/uploads\/2024\/10\/Marktstand-Gruppenbild-1-300x225.jpg 300w, http:\/\/hafenschule.online\/wp-content\/uploads\/2024\/10\/Marktstand-Gruppenbild-1-1024x768.jpg 1024w, http:\/\/hafenschule.online\/wp-content\/uploads\/2024\/10\/Marktstand-Gruppenbild-1-768x576.jpg 768w, http:\/\/hafenschule.online\/wp-content\/uploads\/2024\/10\/Marktstand-Gruppenbild-1-1536x1152.jpg 1536w, http:\/\/hafenschule.online\/wp-content\/uploads\/2024\/10\/Marktstand-Gruppenbild-1.jpg 1600w\" sizes=\"(max-width: 300px) 100vw, 300px\" \/><\/a>\n\t\t\t<\/dt>\n\t\t\t\t<dd class='wp-caption-text gallery-caption' id='gallery-3-3025'>\n\t\t\t\tGruppenfoto am gemeinsamen Marktstand von SEB und F\u00f6rderverein: v.l.n.r.: Cornelia Bachmann, Michaela Biesok, Maren Nusser, Marco Gerhardt und Ariane Klarmann \n\t\t\t\t<\/dd><\/dl><dl class='gallery-item'>\n\t\t\t<dt class='gallery-icon landscape'>\n\t\t\t\t<a data-elementor-open-lightbox=\"yes\" data-elementor-lightbox-slideshow=\"b511af3\" data-elementor-lightbox-title=\"Marktstand_Markttreiben\" data-e-action-hash=\"#elementor-action%3Aaction%3Dlightbox%26settings%3DeyJpZCI6MzAyNiwidXJsIjoiaHR0cDpcL1wvaGFmZW5zY2h1bGUub25saW5lXC93cC1jb250ZW50XC91cGxvYWRzXC8yMDI0XC8xMFwvTWFya3RzdGFuZF9NYXJrdHRyZWliZW4tMS5qcGciLCJzbGlkZXNob3ciOiJiNTExYWYzIn0%3D\" href='http:\/\/hafenschule.online\/wp-content\/uploads\/2024\/10\/Marktstand_Markttreiben-1.jpg'><img loading=\"lazy\" decoding=\"async\" width=\"300\" height=\"226\" src=\"http:\/\/hafenschule.online\/wp-content\/uploads\/2024\/10\/Marktstand_Markttreiben-1-300x226.jpg\" class=\"attachment-medium size-medium\" alt=\"\" aria-describedby=\"gallery-3-3026\" srcset=\"http:\/\/hafenschule.online\/wp-content\/uploads\/2024\/10\/Marktstand_Markttreiben-1-300x226.jpg 300w, http:\/\/hafenschule.online\/wp-content\/uploads\/2024\/10\/Marktstand_Markttreiben-1-1024x771.jpg 1024w, http:\/\/hafenschule.online\/wp-content\/uploads\/2024\/10\/Marktstand_Markttreiben-1-768x578.jpg 768w, http:\/\/hafenschule.online\/wp-content\/uploads\/2024\/10\/Marktstand_Markttreiben-1-1536x1156.jpg 1536w, http:\/\/hafenschule.online\/wp-content\/uploads\/2024\/10\/Marktstand_Markttreiben-1.jpg 1882w\" sizes=\"(max-width: 300px) 100vw, 300px\" \/><\/a>\n\t\t\t<\/dt>\n\t\t\t\t<dd class='wp-caption-text gallery-caption' id='gallery-3-3026'>\n\t\t\t\tMarkttrubel und echt viel los am Marktstand\n\t\t\t\t<\/dd><\/dl><br style=\"clear: both\" \/>\n\t\t<\/div>\n\t\t<\/div>\n\t\t\t\t<\/div>\n\t\t\t\t<\/div>\n\t\t\t\t<div class=\"elementor-element elementor-element-fb60f1c elementor-widget elementor-widget-text-editor\" data-id=\"fb60f1c\" data-element_type=\"widget\" data-widget_type=\"text-editor.default\">\n\t\t\t\t<div class=\"elementor-widget-container\">\n\t\t\t\t\t\t\t<h2 style=\"text-align: center;\"><b>\u00dcbergabe der Spiel-Tonne an die zweiten Klassen\u00a0<\/b><\/h2><h2 style=\"text-align: center;\"><b>im Fritz-Br\u00fcderlein-Haus<\/b><\/h2><p style=\"text-align: left;\">Seit Ende letzten Jahres hat der F\u00f6rderverein bei Firmen und Institutionen Spendengelder f\u00fcr eine neue Spiel-Tonne f\u00fcr den Schulhof im Fritz-Br\u00fcderlein-Haus gesammelt. Am Freitag, den 6. September konnten wir nun die neue Spiel-Tonne zur Hofpause \u00fcbergeben. Die Kinder der zweiten Klassen k\u00f6nnen sich nun in der Pause mit Springseilen, verschiedenen B\u00e4llen, Heul-Schl\u00e4uchen, Federball, Tischtennis, gro\u00dfen Spiel-W\u00fcrfeln, Wurfscheiben und, und, und so richtig austoben!<\/p>\t\t\t\t\t\t<\/div>\n\t\t\t\t<\/div>\n\t\t\t\t<div class=\"elementor-element elementor-element-9b177f7 gallery-spacing-custom elementor-widget elementor-widget-image-gallery\" data-id=\"9b177f7\" data-element_type=\"widget\" data-widget_type=\"image-gallery.default\">\n\t\t\t\t<div class=\"elementor-widget-container\">\n\t\t\t\t\t<div class=\"elementor-image-gallery\">\n\t\t\t\n\t\t<style type=\"text\/css\">\n\t\t\t#gallery-4 {\n\t\t\t\tmargin: auto;\n\t\t\t}\n\t\t\t#gallery-4 .gallery-item {\n\t\t\t\tfloat: left;\n\t\t\t\tmargin-top: 10px;\n\t\t\t\ttext-align: center;\n\t\t\t\twidth: 33%;\n\t\t\t}\n\t\t\t#gallery-4 img {\n\t\t\t\tborder: 2px solid #cfcfcf;\n\t\t\t}\n\t\t\t#gallery-4 .gallery-caption {\n\t\t\t\tmargin-left: 0;\n\t\t\t}\n\t\t\t\/* see gallery_shortcode() in wp-includes\/media.php *\/\n\t\t<\/style>\n\t\t<div id='gallery-4' class='gallery galleryid-1110 gallery-columns-3 gallery-size-thumbnail'><dl class='gallery-item'>\n\t\t\t<dt class='gallery-icon landscape'>\n\t\t\t\t<a data-elementor-open-lightbox=\"yes\" data-elementor-lightbox-slideshow=\"9b177f7\" data-elementor-lightbox-title=\"\u00dcbergabe Spieltonne 06.09.2024\" data-elementor-lightbox-description=\"\u00dcbergabe Spieltonne Fritz-Br\u00fcderlein-Haus, Schulhof, 2. Klassen\" data-e-action-hash=\"#elementor-action%3Aaction%3Dlightbox%26settings%3DeyJpZCI6Mjk4OSwidXJsIjoiaHR0cDpcL1wvaGFmZW5zY2h1bGUub25saW5lXC93cC1jb250ZW50XC91cGxvYWRzXC8yMDI0XC8wOVwvMjAyNDA5MDZfMDk0MjI3LmpwZyIsInNsaWRlc2hvdyI6IjliMTc3ZjcifQ%3D%3D\" href='http:\/\/hafenschule.online\/wp-content\/uploads\/2024\/09\/20240906_094227.jpg'><img loading=\"lazy\" decoding=\"async\" width=\"150\" height=\"150\" src=\"http:\/\/hafenschule.online\/wp-content\/uploads\/2024\/09\/20240906_094227-150x150.jpg\" class=\"attachment-thumbnail size-thumbnail\" alt=\"\u00dcbergabe Spieltonne Fritz-Br\u00fcderlein-Haus, Schulhof, 2. Klassen\" aria-describedby=\"gallery-4-2989\" \/><\/a>\n\t\t\t<\/dt>\n\t\t\t\t<dd class='wp-caption-text gallery-caption' id='gallery-4-2989'>\n\t\t\t\t\u00dcbergabe Spieltonne Fritz-Br\u00fcderlein-Haus, Schulhof, 2. Klassen\n\t\t\t\t<\/dd><\/dl><dl class='gallery-item'>\n\t\t\t<dt class='gallery-icon landscape'>\n\t\t\t\t<a data-elementor-open-lightbox=\"yes\" data-elementor-lightbox-slideshow=\"9b177f7\" data-elementor-lightbox-title=\"Inhalt Spieltonne FBH\" data-elementor-lightbox-description=\"Inhalt der Spieltonne f\u00fcr das Fritz-Br\u00fcderlein-Haus, 2. Klassen\" data-e-action-hash=\"#elementor-action%3Aaction%3Dlightbox%26settings%3DeyJpZCI6Mjk4OCwidXJsIjoiaHR0cDpcL1wvaGFmZW5zY2h1bGUub25saW5lXC93cC1jb250ZW50XC91cGxvYWRzXC8yMDI0XC8wOVwvMjAyNDA4MzBfQmlsZC1TcGllbHRvbm5lLXNjYWxlZC5qcGciLCJzbGlkZXNob3ciOiI5YjE3N2Y3In0%3D\" href='http:\/\/hafenschule.online\/wp-content\/uploads\/2024\/09\/20240830_Bild-Spieltonne-scaled.jpg'><img loading=\"lazy\" decoding=\"async\" width=\"150\" height=\"150\" src=\"http:\/\/hafenschule.online\/wp-content\/uploads\/2024\/09\/20240830_Bild-Spieltonne-150x150.jpg\" class=\"attachment-thumbnail size-thumbnail\" alt=\"Inhalt der Spieltonne f\u00fcr das Fritz-Br\u00fcderlein-Haus, 2. Klassen\" aria-describedby=\"gallery-4-2988\" \/><\/a>\n\t\t\t<\/dt>\n\t\t\t\t<dd class='wp-caption-text gallery-caption' id='gallery-4-2988'>\n\t\t\t\tInhalt der Spieltonne f\u00fcr das Fritz-Br\u00fcderlein-Haus, 2. Klassen\n\t\t\t\t<\/dd><\/dl><dl class='gallery-item'>\n\t\t\t<dt class='gallery-icon landscape'>\n\t\t\t\t<a data-elementor-open-lightbox=\"yes\" data-elementor-lightbox-slideshow=\"9b177f7\" data-elementor-lightbox-title=\"Emoji-Softb\u00e4lle f\u00fcr Spieltonne\" data-elementor-lightbox-description=\"Emoji-Softb\u00e4lle f\u00fcr Spieltonne\" data-e-action-hash=\"#elementor-action%3Aaction%3Dlightbox%26settings%3DeyJpZCI6Mjk5MiwidXJsIjoiaHR0cDpcL1wvaGFmZW5zY2h1bGUub25saW5lXC93cC1jb250ZW50XC91cGxvYWRzXC8yMDI0XC8wOVwvRW1vamktU29mdGJhZWxsZV9JTUctMjAyNDA3MDMtV0EwMDA0LmpwZyIsInNsaWRlc2hvdyI6IjliMTc3ZjcifQ%3D%3D\" href='http:\/\/hafenschule.online\/wp-content\/uploads\/2024\/09\/Emoji-Softbaelle_IMG-20240703-WA0004.jpg'><img loading=\"lazy\" decoding=\"async\" width=\"150\" height=\"150\" src=\"http:\/\/hafenschule.online\/wp-content\/uploads\/2024\/09\/Emoji-Softbaelle_IMG-20240703-WA0004-150x150.jpg\" class=\"attachment-thumbnail size-thumbnail\" alt=\"Emoji-Softb\u00e4lle f\u00fcr Spieltonne\" aria-describedby=\"gallery-4-2992\" \/><\/a>\n\t\t\t<\/dt>\n\t\t\t\t<dd class='wp-caption-text gallery-caption' id='gallery-4-2992'>\n\t\t\t\tEmoji-Softb\u00e4lle f\u00fcr Spieltonne\n\t\t\t\t<\/dd><\/dl><br style=\"clear: both\" \/>\n\t\t<\/div>\n\t\t<\/div>\n\t\t\t\t<\/div>\n\t\t\t\t<\/div>\n\t\t\t\t<div class=\"elementor-element elementor-element-984f162 elementor-widget elementor-widget-text-editor\" data-id=\"984f162\" data-element_type=\"widget\" data-widget_type=\"text-editor.default\">\n\t\t\t\t<div class=\"elementor-widget-container\">\n\t\t\t\t\t\t\t<h2 style=\"text-align: center;\"><b>Sommerfest der Hafenschule 2024<\/b><\/h2><p style=\"text-align: left;\">Mit einem Stand an dem &#8222;Bier-Pong&#8220; (nur ohne Bier!) ausprobiert werden konnte und s\u00fc\u00dfen Leckereien war der F\u00f6rderverein auch in diesem Jahr auf dem <strong>Sommerfest<\/strong> der Hafenschule am 5. Juli vertreten. Es gab tolle Klassenst\u00e4nde an denen sich ausprobiert werden konnte. Ein tolles Fest mit jeder Menge Action. Zum Gl\u00fcck hat das Wetter auch mitgespielt.<\/p><p style=\"text-align: left;\">Herzlichen Dank f\u00fcr die Organisation an den Schulelternbeirat!<\/p>\t\t\t\t\t\t<\/div>\n\t\t\t\t<\/div>\n\t\t\t\t<div class=\"elementor-element elementor-element-0621274 elementor-widget elementor-widget-image-gallery\" data-id=\"0621274\" data-element_type=\"widget\" data-widget_type=\"image-gallery.default\">\n\t\t\t\t<div class=\"elementor-widget-container\">\n\t\t\t\t\t<div class=\"elementor-image-gallery\">\n\t\t\t\n\t\t<style type=\"text\/css\">\n\t\t\t#gallery-5 {\n\t\t\t\tmargin: auto;\n\t\t\t}\n\t\t\t#gallery-5 .gallery-item {\n\t\t\t\tfloat: left;\n\t\t\t\tmargin-top: 10px;\n\t\t\t\ttext-align: center;\n\t\t\t\twidth: 33%;\n\t\t\t}\n\t\t\t#gallery-5 img {\n\t\t\t\tborder: 2px solid #cfcfcf;\n\t\t\t}\n\t\t\t#gallery-5 .gallery-caption {\n\t\t\t\tmargin-left: 0;\n\t\t\t}\n\t\t\t\/* see gallery_shortcode() in wp-includes\/media.php *\/\n\t\t<\/style>\n\t\t<div id='gallery-5' class='gallery galleryid-1110 gallery-columns-3 gallery-size-thumbnail'><dl class='gallery-item'>\n\t\t\t<dt class='gallery-icon landscape'>\n\t\t\t\t<a data-elementor-open-lightbox=\"yes\" data-elementor-lightbox-slideshow=\"0621274\" data-elementor-lightbox-title=\"IMG-20240705-WA0003\" data-e-action-hash=\"#elementor-action%3Aaction%3Dlightbox%26settings%3DeyJpZCI6Mjk3MCwidXJsIjoiaHR0cDpcL1wvaGFmZW5zY2h1bGUub25saW5lXC93cC1jb250ZW50XC91cGxvYWRzXC8yMDI0XC8wN1wvSU1HLTIwMjQwNzA1LVdBMDAwMy5qcGciLCJzbGlkZXNob3ciOiIwNjIxMjc0In0%3D\" href='http:\/\/hafenschule.online\/wp-content\/uploads\/2024\/07\/IMG-20240705-WA0003.jpg'><img loading=\"lazy\" decoding=\"async\" width=\"150\" height=\"150\" src=\"http:\/\/hafenschule.online\/wp-content\/uploads\/2024\/07\/IMG-20240705-WA0003-150x150.jpg\" class=\"attachment-thumbnail size-thumbnail\" alt=\"\" aria-describedby=\"gallery-5-2970\" \/><\/a>\n\t\t\t<\/dt>\n\t\t\t\t<dd class='wp-caption-text gallery-caption' id='gallery-5-2970'>\n\t\t\t\tStand des F\u00f6rdervereins\n\t\t\t\t<\/dd><\/dl><dl class='gallery-item'>\n\t\t\t<dt class='gallery-icon portrait'>\n\t\t\t\t<a data-elementor-open-lightbox=\"yes\" data-elementor-lightbox-slideshow=\"0621274\" data-elementor-lightbox-title=\"IMG-20240705-WA0002\" data-e-action-hash=\"#elementor-action%3Aaction%3Dlightbox%26settings%3DeyJpZCI6Mjk2OSwidXJsIjoiaHR0cDpcL1wvaGFmZW5zY2h1bGUub25saW5lXC93cC1jb250ZW50XC91cGxvYWRzXC8yMDI0XC8wN1wvSU1HLTIwMjQwNzA1LVdBMDAwMi5qcGciLCJzbGlkZXNob3ciOiIwNjIxMjc0In0%3D\" href='http:\/\/hafenschule.online\/wp-content\/uploads\/2024\/07\/IMG-20240705-WA0002.jpg'><img loading=\"lazy\" decoding=\"async\" width=\"150\" height=\"150\" src=\"http:\/\/hafenschule.online\/wp-content\/uploads\/2024\/07\/IMG-20240705-WA0002-150x150.jpg\" class=\"attachment-thumbnail size-thumbnail\" alt=\"\" aria-describedby=\"gallery-5-2969\" \/><\/a>\n\t\t\t<\/dt>\n\t\t\t\t<dd class='wp-caption-text gallery-caption' id='gallery-5-2969'>\n\t\t\t\t&#8222;Bier&#8220;-Pong &#8211; gar nicht so einfach.\n\t\t\t\t<\/dd><\/dl><dl class='gallery-item'>\n\t\t\t<dt class='gallery-icon landscape'>\n\t\t\t\t<a data-elementor-open-lightbox=\"yes\" data-elementor-lightbox-slideshow=\"0621274\" data-elementor-lightbox-title=\"IMG-20240705-WA0004\" data-e-action-hash=\"#elementor-action%3Aaction%3Dlightbox%26settings%3DeyJpZCI6Mjk3MSwidXJsIjoiaHR0cDpcL1wvaGFmZW5zY2h1bGUub25saW5lXC93cC1jb250ZW50XC91cGxvYWRzXC8yMDI0XC8wN1wvSU1HLTIwMjQwNzA1LVdBMDAwNC5qcGciLCJzbGlkZXNob3ciOiIwNjIxMjc0In0%3D\" href='http:\/\/hafenschule.online\/wp-content\/uploads\/2024\/07\/IMG-20240705-WA0004.jpg'><img loading=\"lazy\" decoding=\"async\" width=\"150\" height=\"150\" src=\"http:\/\/hafenschule.online\/wp-content\/uploads\/2024\/07\/IMG-20240705-WA0004-150x150.jpg\" class=\"attachment-thumbnail size-thumbnail\" alt=\"\" aria-describedby=\"gallery-5-2971\" \/><\/a>\n\t\t\t<\/dt>\n\t\t\t\t<dd class='wp-caption-text gallery-caption' id='gallery-5-2971'>\n\t\t\t\tWir stellen uns vor.\n\t\t\t\t<\/dd><\/dl><br style=\"clear: both\" \/>\n\t\t<\/div>\n\t\t<\/div>\n\t\t\t\t<\/div>\n\t\t\t\t<\/div>\n\t\t\t\t<div class=\"elementor-element elementor-element-af9c759 elementor-widget elementor-widget-text-editor\" data-id=\"af9c759\" data-element_type=\"widget\" data-widget_type=\"text-editor.default\">\n\t\t\t\t<div class=\"elementor-widget-container\">\n\t\t\t\t\t\t\t<h2 style=\"text-align: center;\"><strong>Fahrradst\u00e4nder f\u00fcr die Hafenschule:<br \/>Eine gemeinsame Initiative von Ortsbeirat und F\u00f6rderverein<\/strong><\/h2><p>P\u00fcnktlich zum Abschluss der \u201eFahrradwoche\u201c der vierten Klassenstufe an der Hafenschule konnten auf dem Schulhof f\u00fcnf Fahrradst\u00e4nder f\u00fcr die Hafenkids errichtet werden! In Zeiten, in denen wir alle gemeinsam daran arbeiten, die Verkehrsprobleme und Umweltbelastungen zu verringern, ist diese Aktion besonders hervorzuheben. Fahrradfahren ist eine sch\u00f6ne M\u00f6glichkeit, um nachhaltig mobil zu sein. Deshalb ist es wirklich toll, dass der Ortsbeirat Schierstein und der F\u00f6rderverein der Hafenschule gemeinsam die Anschaffung von Fahrradst\u00e4ndern f\u00fcr die Schule vorangetrieben haben. Mit nun sicheren Abstellm\u00f6glichkeiten f\u00fcr Fahrr\u00e4der auf dem Schulhofgel\u00e4nde wird den Kindern die M\u00f6glichkeit gegeben, aktiv und gesund zur Schule zu gelangen.<\/p>\t\t\t\t\t\t<\/div>\n\t\t\t\t<\/div>\n\t\t\t\t<div class=\"elementor-element elementor-element-7bed5d8 elementor-widget elementor-widget-image\" data-id=\"7bed5d8\" data-element_type=\"widget\" data-widget_type=\"image.default\">\n\t\t\t\t<div class=\"elementor-widget-container\">\n\t\t\t\t\t\t\t\t\t\t\t\t\t\t\t<img loading=\"lazy\" decoding=\"async\" width=\"300\" height=\"225\" src=\"http:\/\/hafenschule.online\/wp-content\/uploads\/2024\/05\/Fahrradstaender_Hafenschule_quer-300x225.jpg\" class=\"attachment-medium size-medium wp-image-2879\" alt=\"\" srcset=\"http:\/\/hafenschule.online\/wp-content\/uploads\/2024\/05\/Fahrradstaender_Hafenschule_quer-300x225.jpg 300w, http:\/\/hafenschule.online\/wp-content\/uploads\/2024\/05\/Fahrradstaender_Hafenschule_quer-1024x768.jpg 1024w, http:\/\/hafenschule.online\/wp-content\/uploads\/2024\/05\/Fahrradstaender_Hafenschule_quer-768x576.jpg 768w, http:\/\/hafenschule.online\/wp-content\/uploads\/2024\/05\/Fahrradstaender_Hafenschule_quer-1536x1152.jpg 1536w, http:\/\/hafenschule.online\/wp-content\/uploads\/2024\/05\/Fahrradstaender_Hafenschule_quer-2048x1536.jpg 2048w\" sizes=\"(max-width: 300px) 100vw, 300px\" \/>\t\t\t\t\t\t\t\t\t\t\t\t\t\t\t<\/div>\n\t\t\t\t<\/div>\n\t\t\t\t<div class=\"elementor-element elementor-element-b412451 elementor-widget elementor-widget-text-editor\" data-id=\"b412451\" data-element_type=\"widget\" data-widget_type=\"text-editor.default\">\n\t\t\t\t<div class=\"elementor-widget-container\">\n\t\t\t\t\t\t\t<h2 style=\"text-align: center;\"><b>Infos aus der Mitgliederversammlung vom 27. November 2023<\/b><\/h2>\nAuf unserer j\u00e4hrlichen Mitgliederversammlung haben wir unter anderem \u00fcber die Aktivit\u00e4ten des F\u00f6rdervereins in den letzten zw\u00f6lf Monaten berichtet und ein finanzielles Update gegeben.\n\nWir bedanken uns bei allen Mitgliedern, die trotz der widrigen Witterung den Weg ins B\u00fcrgerhaus &#8222;Alte Schule&#8220; auf sich genommen haben und an der Versammlung teilgenommen haben.\n\n<span style=\"font-family: var( --e-global-typography-text-font-family ), Sans-serif; font-weight: var( --e-global-typography-text-font-weight );\">Leider konnte der Vorstandsposten <a style=\"color: #00474a;\" href=\"http:\/\/hafenschule.online\/wp-content\/uploads\/2023\/07\/Stellenanzeige-SchriftfuehrerIn.pdf\">der Schriftf\u00fchrerin\/des Schriftf\u00fchrers<\/a> aus den Reihen der Mitglieder auf der Mitgliederversammlung erneut nicht nachbesetzt werden.\u00a0\u00a0<\/span>\t\t\t\t\t\t<\/div>\n\t\t\t\t<\/div>\n\t\t\t\t<div class=\"elementor-element elementor-element-f4295a7 elementor-widget elementor-widget-image\" data-id=\"f4295a7\" data-element_type=\"widget\" data-widget_type=\"image.default\">\n\t\t\t\t<div class=\"elementor-widget-container\">\n\t\t\t\t\t\t\t\t\t\t\t\t\t\t\t<img loading=\"lazy\" decoding=\"async\" width=\"239\" height=\"300\" src=\"http:\/\/hafenschule.online\/wp-content\/uploads\/2023\/10\/20231015_Ampel-Reichsapfelstr.-Saarstr.-Buchecke-Kopie-239x300.jpg\" class=\"attachment-medium size-medium wp-image-2698\" alt=\"\" srcset=\"http:\/\/hafenschule.online\/wp-content\/uploads\/2023\/10\/20231015_Ampel-Reichsapfelstr.-Saarstr.-Buchecke-Kopie-239x300.jpg 239w, http:\/\/hafenschule.online\/wp-content\/uploads\/2023\/10\/20231015_Ampel-Reichsapfelstr.-Saarstr.-Buchecke-Kopie-816x1024.jpg 816w, http:\/\/hafenschule.online\/wp-content\/uploads\/2023\/10\/20231015_Ampel-Reichsapfelstr.-Saarstr.-Buchecke-Kopie-768x963.jpg 768w, http:\/\/hafenschule.online\/wp-content\/uploads\/2023\/10\/20231015_Ampel-Reichsapfelstr.-Saarstr.-Buchecke-Kopie-1225x1536.jpg 1225w, http:\/\/hafenschule.online\/wp-content\/uploads\/2023\/10\/20231015_Ampel-Reichsapfelstr.-Saarstr.-Buchecke-Kopie-1633x2048.jpg 1633w, http:\/\/hafenschule.online\/wp-content\/uploads\/2023\/10\/20231015_Ampel-Reichsapfelstr.-Saarstr.-Buchecke-Kopie.jpg 1730w\" sizes=\"(max-width: 239px) 100vw, 239px\" \/>\t\t\t\t\t\t\t\t\t\t\t\t\t\t\t<\/div>\n\t\t\t\t<\/div>\n\t\t\t\t<div class=\"elementor-element elementor-element-d7304a8 elementor-widget elementor-widget-text-editor\" data-id=\"d7304a8\" data-element_type=\"widget\" data-widget_type=\"text-editor.default\">\n\t\t\t\t<div class=\"elementor-widget-container\">\n\t\t\t\t\t\t\t<h2 style=\"text-align: center;\"><b>3 Sekunden&#8230; !<\/b><\/h2><p>F\u00fcr einen l\u00e4ngeren Vorlauf f\u00fcr zu Fu\u00df gehende Personen an der Fu\u00dfg\u00e4ngerampel Reichsapfelstra\u00dfe Ecke Saarstra\u00dfe (Buchecke) hat sich der F\u00f6rderverein der Hafenschule zusammen mit dem Schiersteiner Ortsbeirat, AG Verkehr eingesetzt. Nach z\u00e4hen Verhandlungen mit dem zust\u00e4ndigen Tiefbau- und Vermessungsamt der Stadt Wiesbaden ist der Fu\u00dfweg, der ja auch Schulweg von und zur Betreuung in der Saarstra\u00dfe ist, zumindest an dieser Stelle ein St\u00fcck weit sicherer geworden: zu Fu\u00df gehende Personen und Autofahrende aus Richtung Reichsapfelstra\u00dfe kommend, bekommen nicht mehr (gef\u00fchlt) zeitgleich Gr\u00fcn, sondern die Fu\u00dfg\u00e4ngerinnen und Fu\u00dfg\u00e4nger haben drei Sekunden Vorlauf und sind so besser im Kreuzungsbereich von links-abbiegenden Fahrzeugen zu sehen. An diesem Thema war der F\u00f6rderverein seit Dezember 2022 dran! Sch\u00f6n, dass es p\u00fcnktlich vor Schulbeginn noch mit der Umsetzung geklappt hat.<\/p>\t\t\t\t\t\t<\/div>\n\t\t\t\t<\/div>\n\t\t\t\t<div class=\"elementor-element elementor-element-8c0bd86 elementor-widget elementor-widget-image\" data-id=\"8c0bd86\" data-element_type=\"widget\" data-widget_type=\"image.default\">\n\t\t\t\t<div class=\"elementor-widget-container\">\n\t\t\t\t\t\t\t\t\t\t\t\t\t\t\t\t<a href=\"http:\/\/hafenschule.online\/wp-content\/uploads\/2023\/07\/Stellenanzeige-SchriftfuehrerIn.pdf\" target=\"_blank\">\n\t\t\t\t\t\t\t<img loading=\"lazy\" decoding=\"async\" width=\"640\" height=\"221\" src=\"http:\/\/hafenschule.online\/wp-content\/uploads\/2023\/07\/Stellenanzeige-SchriftfuehrerIn_Ausschnitt-1024x354.jpg\" class=\"attachment-large size-large wp-image-2511\" alt=\"\" srcset=\"http:\/\/hafenschule.online\/wp-content\/uploads\/2023\/07\/Stellenanzeige-SchriftfuehrerIn_Ausschnitt-1024x354.jpg 1024w, http:\/\/hafenschule.online\/wp-content\/uploads\/2023\/07\/Stellenanzeige-SchriftfuehrerIn_Ausschnitt-300x104.jpg 300w, http:\/\/hafenschule.online\/wp-content\/uploads\/2023\/07\/Stellenanzeige-SchriftfuehrerIn_Ausschnitt-768x265.jpg 768w, http:\/\/hafenschule.online\/wp-content\/uploads\/2023\/07\/Stellenanzeige-SchriftfuehrerIn_Ausschnitt.jpg 1033w\" sizes=\"(max-width: 640px) 100vw, 640px\" \/>\t\t\t\t\t\t\t\t<\/a>\n\t\t\t\t\t\t\t\t\t\t\t\t\t\t\t<\/div>\n\t\t\t\t<\/div>\n\t\t\t\t<div class=\"elementor-element elementor-element-585ce94 elementor-view-default elementor-widget elementor-widget-icon\" data-id=\"585ce94\" data-element_type=\"widget\" data-widget_type=\"icon.default\">\n\t\t\t\t<div class=\"elementor-widget-container\">\n\t\t\t\t\t<div class=\"elementor-icon-wrapper\">\n\t\t\t<div class=\"elementor-icon\">\n\t\t\t<i aria-hidden=\"true\" class=\"fas fa-star\"><\/i>\t\t\t<\/div>\n\t\t<\/div>\n\t\t\t\t<\/div>\n\t\t\t\t<\/div>\n\t\t\t\t<div class=\"elementor-element elementor-element-8e47282 elementor-widget elementor-widget-text-editor\" data-id=\"8e47282\" data-element_type=\"widget\" data-widget_type=\"text-editor.default\">\n\t\t\t\t<div class=\"elementor-widget-container\">\n\t\t\t\t\t\t\t<h2 style=\"text-align: center;\"><b>Einschulungsfeier 2023\/2024 am 5. September 2023<\/b><\/h2><p style=\"text-align: left;\">Bei strahlendem Sonnenschein fand heute auf der Schulwiese die Einschulungsfeier f\u00fcr unsere neuen Hafenkids statt. Nach der spannenden Aufteilung der Erstkl\u00e4ssler auf ihre Klassen und Kennenlernen ihrer Klassenlehrerinnen konnten mit bunten Luftballons alle gro\u00dfen und kleinen W\u00fcnsche gen Himmel geschickt werden. W\u00e4hrend die kleinen ABC-Sch\u00fctzen anschlie\u00dfend ihre erste Unterrichtsstunde in ihren Klassenzimmern absolvierten, st\u00e4rkten sich Eltern und G\u00e4ste im gr\u00fcnen Klassenzimmer am Buffet bei Kaffee &amp; Kuchen sowie Sekt &amp; Orangensaft. Auch wenn uns, dem F\u00f6rderverein, am Ende der Sekt ausging (!) war es ein gelungener Vormittag und eine sch\u00f6ne Einschulungsfeier \ud83d\ude42<\/p><p style=\"text-align: left;\">Danke an alle flei\u00dfigen, helfenden und organisierenden H\u00e4nde!<\/p>\t\t\t\t\t\t<\/div>\n\t\t\t\t<\/div>\n\t\t\t\t<div class=\"elementor-element elementor-element-92e22e6 elementor-widget elementor-widget-image-gallery\" data-id=\"92e22e6\" data-element_type=\"widget\" data-widget_type=\"image-gallery.default\">\n\t\t\t\t<div class=\"elementor-widget-container\">\n\t\t\t\t\t<div class=\"elementor-image-gallery\">\n\t\t\t\n\t\t<style type=\"text\/css\">\n\t\t\t#gallery-6 {\n\t\t\t\tmargin: auto;\n\t\t\t}\n\t\t\t#gallery-6 .gallery-item {\n\t\t\t\tfloat: left;\n\t\t\t\tmargin-top: 10px;\n\t\t\t\ttext-align: center;\n\t\t\t\twidth: 33%;\n\t\t\t}\n\t\t\t#gallery-6 img {\n\t\t\t\tborder: 2px solid #cfcfcf;\n\t\t\t}\n\t\t\t#gallery-6 .gallery-caption {\n\t\t\t\tmargin-left: 0;\n\t\t\t}\n\t\t\t\/* see gallery_shortcode() in wp-includes\/media.php *\/\n\t\t<\/style>\n\t\t<div id='gallery-6' class='gallery galleryid-1110 gallery-columns-3 gallery-size-thumbnail'><dl class='gallery-item'>\n\t\t\t<dt class='gallery-icon portrait'>\n\t\t\t\t<a data-elementor-open-lightbox=\"yes\" data-elementor-lightbox-slideshow=\"92e22e6\" data-elementor-lightbox-title=\"F\u00f6V_Einschulung23_Ballonhelfer\" data-e-action-hash=\"#elementor-action%3Aaction%3Dlightbox%26settings%3DeyJpZCI6MjUzOSwidXJsIjoiaHR0cDpcL1wvaGFmZW5zY2h1bGUub25saW5lXC93cC1jb250ZW50XC91cGxvYWRzXC8yMDIzXC8wOVwvRm9lVl9FaW5zY2h1bHVuZzIzX0JhbGxvbmhlbGZlci1zY2FsZWQuanBnIiwic2xpZGVzaG93IjoiOTJlMjJlNiJ9\" href='http:\/\/hafenschule.online\/wp-content\/uploads\/2023\/09\/FoeV_Einschulung23_Ballonhelfer-scaled.jpg'><img loading=\"lazy\" decoding=\"async\" width=\"150\" height=\"150\" src=\"http:\/\/hafenschule.online\/wp-content\/uploads\/2023\/09\/FoeV_Einschulung23_Ballonhelfer-150x150.jpg\" class=\"attachment-thumbnail size-thumbnail\" alt=\"\" aria-describedby=\"gallery-6-2539\" \/><\/a>\n\t\t\t<\/dt>\n\t\t\t\t<dd class='wp-caption-text gallery-caption' id='gallery-6-2539'>\n\t\t\t\tflei\u00dfige H\u00e4nde&#8230;\n\t\t\t\t<\/dd><\/dl><dl class='gallery-item'>\n\t\t\t<dt class='gallery-icon portrait'>\n\t\t\t\t<a data-elementor-open-lightbox=\"yes\" data-elementor-lightbox-slideshow=\"92e22e6\" data-elementor-lightbox-title=\"F\u00f6V_Einschulung23_flei\u00dfig flei\u00dfig\" data-e-action-hash=\"#elementor-action%3Aaction%3Dlightbox%26settings%3DeyJpZCI6MjU0NSwidXJsIjoiaHR0cDpcL1wvaGFmZW5zY2h1bGUub25saW5lXC93cC1jb250ZW50XC91cGxvYWRzXC8yMDIzXC8wOVwvRm9lVl9FaW5zY2h1bHVuZzIzX2ZsZWlzc2lnLWZsZWlzc2lnLXNjYWxlZC5qcGciLCJzbGlkZXNob3ciOiI5MmUyMmU2In0%3D\" href='http:\/\/hafenschule.online\/wp-content\/uploads\/2023\/09\/FoeV_Einschulung23_fleissig-fleissig-scaled.jpg'><img loading=\"lazy\" decoding=\"async\" width=\"150\" height=\"150\" src=\"http:\/\/hafenschule.online\/wp-content\/uploads\/2023\/09\/FoeV_Einschulung23_fleissig-fleissig-150x150.jpg\" class=\"attachment-thumbnail size-thumbnail\" alt=\"\" aria-describedby=\"gallery-6-2545\" \/><\/a>\n\t\t\t<\/dt>\n\t\t\t\t<dd class='wp-caption-text gallery-caption' id='gallery-6-2545'>\n\t\t\t\t&#8230;beim Ballons-F\u00fcllen&#8230;\n\t\t\t\t<\/dd><\/dl><dl class='gallery-item'>\n\t\t\t<dt class='gallery-icon portrait'>\n\t\t\t\t<a data-elementor-open-lightbox=\"yes\" data-elementor-lightbox-slideshow=\"92e22e6\" data-elementor-lightbox-title=\"F\u00f6V_Einschulung23_Ballons\" data-e-action-hash=\"#elementor-action%3Aaction%3Dlightbox%26settings%3DeyJpZCI6MjU0MiwidXJsIjoiaHR0cDpcL1wvaGFmZW5zY2h1bGUub25saW5lXC93cC1jb250ZW50XC91cGxvYWRzXC8yMDIzXC8wOVwvRm9lVl9FaW5zY2h1bHVuZzIzX0JhbGxvbnMtc2NhbGVkLmpwZyIsInNsaWRlc2hvdyI6IjkyZTIyZTYifQ%3D%3D\" href='http:\/\/hafenschule.online\/wp-content\/uploads\/2023\/09\/FoeV_Einschulung23_Ballons-scaled.jpg'><img loading=\"lazy\" decoding=\"async\" width=\"150\" height=\"150\" src=\"http:\/\/hafenschule.online\/wp-content\/uploads\/2023\/09\/FoeV_Einschulung23_Ballons-150x150.jpg\" class=\"attachment-thumbnail size-thumbnail\" alt=\"\" aria-describedby=\"gallery-6-2542\" \/><\/a>\n\t\t\t<\/dt>\n\t\t\t\t<dd class='wp-caption-text gallery-caption' id='gallery-6-2542'>\n\t\t\t\tGeschafft!\n\t\t\t\t<\/dd><\/dl><br style=\"clear: both\" \/><dl class='gallery-item'>\n\t\t\t<dt class='gallery-icon landscape'>\n\t\t\t\t<a data-elementor-open-lightbox=\"yes\" data-elementor-lightbox-slideshow=\"92e22e6\" data-elementor-lightbox-title=\"F\u00f6V_Einschulung23_Buffet Gr\u00fcnes Klassenzimmer\" data-e-action-hash=\"#elementor-action%3Aaction%3Dlightbox%26settings%3DeyJpZCI6MjU0NCwidXJsIjoiaHR0cDpcL1wvaGFmZW5zY2h1bGUub25saW5lXC93cC1jb250ZW50XC91cGxvYWRzXC8yMDIzXC8wOVwvRm9lVl9FaW5zY2h1bHVuZzIzX0J1ZmZldC1HcnVlbmVzLUtsYXNzZW56aW1tZXItc2NhbGVkLmpwZyIsInNsaWRlc2hvdyI6IjkyZTIyZTYifQ%3D%3D\" href='http:\/\/hafenschule.online\/wp-content\/uploads\/2023\/09\/FoeV_Einschulung23_Buffet-Gruenes-Klassenzimmer-scaled.jpg'><img loading=\"lazy\" decoding=\"async\" width=\"150\" height=\"150\" src=\"http:\/\/hafenschule.online\/wp-content\/uploads\/2023\/09\/FoeV_Einschulung23_Buffet-Gruenes-Klassenzimmer-150x150.jpg\" class=\"attachment-thumbnail size-thumbnail\" alt=\"\" aria-describedby=\"gallery-6-2544\" \/><\/a>\n\t\t\t<\/dt>\n\t\t\t\t<dd class='wp-caption-text gallery-caption' id='gallery-6-2544'>\n\t\t\t\tBuffet im gr\u00fcnen Klassenzimmer.\n\t\t\t\t<\/dd><\/dl><dl class='gallery-item'>\n\t\t\t<dt class='gallery-icon portrait'>\n\t\t\t\t<a data-elementor-open-lightbox=\"yes\" data-elementor-lightbox-slideshow=\"92e22e6\" data-elementor-lightbox-title=\"F\u00f6V_Einschulung23_Beachflag\" data-e-action-hash=\"#elementor-action%3Aaction%3Dlightbox%26settings%3DeyJpZCI6MjU0MywidXJsIjoiaHR0cDpcL1wvaGFmZW5zY2h1bGUub25saW5lXC93cC1jb250ZW50XC91cGxvYWRzXC8yMDIzXC8wOVwvRm9lVl9FaW5zY2h1bHVuZzIzX0JlYWNoZmxhZy1zY2FsZWQuanBnIiwic2xpZGVzaG93IjoiOTJlMjJlNiJ9\" href='http:\/\/hafenschule.online\/wp-content\/uploads\/2023\/09\/FoeV_Einschulung23_Beachflag-scaled.jpg'><img loading=\"lazy\" decoding=\"async\" width=\"150\" height=\"150\" src=\"http:\/\/hafenschule.online\/wp-content\/uploads\/2023\/09\/FoeV_Einschulung23_Beachflag-150x150.jpg\" class=\"attachment-thumbnail size-thumbnail\" alt=\"\" aria-describedby=\"gallery-6-2543\" \/><\/a>\n\t\t\t<\/dt>\n\t\t\t\t<dd class='wp-caption-text gallery-caption' id='gallery-6-2543'>\n\t\t\t\tUnsere Beachflag weist den Weg.\n\t\t\t\t<\/dd><\/dl><dl class='gallery-item'>\n\t\t\t<dt class='gallery-icon portrait'>\n\t\t\t\t<a data-elementor-open-lightbox=\"yes\" data-elementor-lightbox-slideshow=\"92e22e6\" data-elementor-lightbox-title=\"F\u00f6Verein_Einschulung23_kann losgehen\" data-e-action-hash=\"#elementor-action%3Aaction%3Dlightbox%26settings%3DeyJpZCI6MjU0NywidXJsIjoiaHR0cDpcL1wvaGFmZW5zY2h1bGUub25saW5lXC93cC1jb250ZW50XC91cGxvYWRzXC8yMDIzXC8wOVwvRm9lVmVyZWluX0VpbnNjaHVsdW5nMjNfa2Fubi1sb3NnZWhlbi1zY2FsZWQuanBnIiwic2xpZGVzaG93IjoiOTJlMjJlNiJ9\" href='http:\/\/hafenschule.online\/wp-content\/uploads\/2023\/09\/FoeVerein_Einschulung23_kann-losgehen-scaled.jpg'><img loading=\"lazy\" decoding=\"async\" width=\"150\" height=\"150\" src=\"http:\/\/hafenschule.online\/wp-content\/uploads\/2023\/09\/FoeVerein_Einschulung23_kann-losgehen-150x150.jpg\" class=\"attachment-thumbnail size-thumbnail\" alt=\"\" aria-describedby=\"gallery-6-2547\" \/><\/a>\n\t\t\t<\/dt>\n\t\t\t\t<dd class='wp-caption-text gallery-caption' id='gallery-6-2547'>\n\t\t\t\tDie G\u00e4ste k\u00f6nnen kommen.\n\t\t\t\t<\/dd><\/dl><br style=\"clear: both\" \/><dl class='gallery-item'>\n\t\t\t<dt class='gallery-icon landscape'>\n\t\t\t\t<a data-elementor-open-lightbox=\"yes\" data-elementor-lightbox-slideshow=\"92e22e6\" data-elementor-lightbox-title=\"F\u00f6V_Einschulung23_Ballons steigen\" data-e-action-hash=\"#elementor-action%3Aaction%3Dlightbox%26settings%3DeyJpZCI6MjU0MSwidXJsIjoiaHR0cDpcL1wvaGFmZW5zY2h1bGUub25saW5lXC93cC1jb250ZW50XC91cGxvYWRzXC8yMDIzXC8wOVwvRm9lVl9FaW5zY2h1bHVuZzIzX0JhbGxvbnMtc3RlaWdlbi1zY2FsZWQuanBnIiwic2xpZGVzaG93IjoiOTJlMjJlNiJ9\" href='http:\/\/hafenschule.online\/wp-content\/uploads\/2023\/09\/FoeV_Einschulung23_Ballons-steigen-scaled.jpg'><img loading=\"lazy\" decoding=\"async\" width=\"150\" height=\"150\" src=\"http:\/\/hafenschule.online\/wp-content\/uploads\/2023\/09\/FoeV_Einschulung23_Ballons-steigen-150x150.jpg\" class=\"attachment-thumbnail size-thumbnail\" alt=\"\" aria-describedby=\"gallery-6-2541\" \/><\/a>\n\t\t\t<\/dt>\n\t\t\t\t<dd class='wp-caption-text gallery-caption' id='gallery-6-2541'>\n\t\t\t\tDie Ballons steigen gen Himmel&#8230;\n\t\t\t\t<\/dd><\/dl><dl class='gallery-item'>\n\t\t\t<dt class='gallery-icon landscape'>\n\t\t\t\t<a data-elementor-open-lightbox=\"yes\" data-elementor-lightbox-slideshow=\"92e22e6\" data-elementor-lightbox-title=\"F\u00f6V_Einschulung23_Ballons steigen(2)\" data-e-action-hash=\"#elementor-action%3Aaction%3Dlightbox%26settings%3DeyJpZCI6MjU0MCwidXJsIjoiaHR0cDpcL1wvaGFmZW5zY2h1bGUub25saW5lXC93cC1jb250ZW50XC91cGxvYWRzXC8yMDIzXC8wOVwvRm9lVl9FaW5zY2h1bHVuZzIzX0JhbGxvbnMtc3RlaWdlbjItc2NhbGVkLmpwZyIsInNsaWRlc2hvdyI6IjkyZTIyZTYifQ%3D%3D\" href='http:\/\/hafenschule.online\/wp-content\/uploads\/2023\/09\/FoeV_Einschulung23_Ballons-steigen2-scaled.jpg'><img loading=\"lazy\" decoding=\"async\" width=\"150\" height=\"150\" src=\"http:\/\/hafenschule.online\/wp-content\/uploads\/2023\/09\/FoeV_Einschulung23_Ballons-steigen2-150x150.jpg\" class=\"attachment-thumbnail size-thumbnail\" alt=\"\" aria-describedby=\"gallery-6-2540\" \/><\/a>\n\t\t\t<\/dt>\n\t\t\t\t<dd class='wp-caption-text gallery-caption' id='gallery-6-2540'>\n\t\t\t\t&#8230; und nehmen W\u00fcnsche mit.\n\t\t\t\t<\/dd><\/dl><dl class='gallery-item'>\n\t\t\t<dt class='gallery-icon portrait'>\n\t\t\t\t<a data-elementor-open-lightbox=\"yes\" data-elementor-lightbox-slideshow=\"92e22e6\" data-elementor-lightbox-title=\"F\u00f6V_Einschulung23_Wimpel\" data-e-action-hash=\"#elementor-action%3Aaction%3Dlightbox%26settings%3DeyJpZCI6MjU0NiwidXJsIjoiaHR0cDpcL1wvaGFmZW5zY2h1bGUub25saW5lXC93cC1jb250ZW50XC91cGxvYWRzXC8yMDIzXC8wOVwvRm9lVl9FaW5zY2h1bHVuZzIzX1dpbXBlbC1zY2FsZWQuanBnIiwic2xpZGVzaG93IjoiOTJlMjJlNiJ9\" href='http:\/\/hafenschule.online\/wp-content\/uploads\/2023\/09\/FoeV_Einschulung23_Wimpel-scaled.jpg'><img loading=\"lazy\" decoding=\"async\" width=\"150\" height=\"150\" src=\"http:\/\/hafenschule.online\/wp-content\/uploads\/2023\/09\/FoeV_Einschulung23_Wimpel-150x150.jpg\" class=\"attachment-thumbnail size-thumbnail\" alt=\"\" aria-describedby=\"gallery-6-2546\" \/><\/a>\n\t\t\t<\/dt>\n\t\t\t\t<dd class='wp-caption-text gallery-caption' id='gallery-6-2546'>\n\t\t\t\tLos geht\u00b4s.\n\t\t\t\t<\/dd><\/dl><br style=\"clear: both\" \/>\n\t\t<\/div>\n\t\t<\/div>\n\t\t\t\t<\/div>\n\t\t\t\t<\/div>\n\t\t\t\t<div class=\"elementor-element elementor-element-7647884 elementor-widget elementor-widget-text-editor\" data-id=\"7647884\" data-element_type=\"widget\" data-widget_type=\"text-editor.default\">\n\t\t\t\t<div class=\"elementor-widget-container\">\n\t\t\t\t\t\t\t<h2 style=\"text-align: center;\"><b>Sommerfest der Hafenschule 2023<\/b><\/h2><p style=\"text-align: left;\">Mit s\u00fc\u00dfen Leckereien und Ballons waren wir mit unserem Stand auch auf dem <strong>Sommerfest<\/strong> der Hafenschule am 14. Juli vertreten. Es gab zehn tolle Klassenst\u00e4nde an denen sich ausprobiert werden konnte. Ein gelungenes Fest mit jeder Menge Action. Herzlichen Dank f\u00fcr die Organisation an den Schulelternbeirat!<\/p>\t\t\t\t\t\t<\/div>\n\t\t\t\t<\/div>\n\t\t\t\t<div class=\"elementor-element elementor-element-c68dfc2 elementor-widget elementor-widget-image-gallery\" data-id=\"c68dfc2\" data-element_type=\"widget\" data-widget_type=\"image-gallery.default\">\n\t\t\t\t<div class=\"elementor-widget-container\">\n\t\t\t\t\t<div class=\"elementor-image-gallery\">\n\t\t\t\n\t\t<style type=\"text\/css\">\n\t\t\t#gallery-7 {\n\t\t\t\tmargin: auto;\n\t\t\t}\n\t\t\t#gallery-7 .gallery-item {\n\t\t\t\tfloat: left;\n\t\t\t\tmargin-top: 10px;\n\t\t\t\ttext-align: center;\n\t\t\t\twidth: 33%;\n\t\t\t}\n\t\t\t#gallery-7 img {\n\t\t\t\tborder: 2px solid #cfcfcf;\n\t\t\t}\n\t\t\t#gallery-7 .gallery-caption {\n\t\t\t\tmargin-left: 0;\n\t\t\t}\n\t\t\t\/* see gallery_shortcode() in wp-includes\/media.php *\/\n\t\t<\/style>\n\t\t<div id='gallery-7' class='gallery galleryid-1110 gallery-columns-3 gallery-size-thumbnail'><dl class='gallery-item'>\n\t\t\t<dt class='gallery-icon landscape'>\n\t\t\t\t<a data-elementor-open-lightbox=\"yes\" data-elementor-lightbox-slideshow=\"c68dfc2\" data-elementor-lightbox-title=\"20230714_Sommerfest Stand F\u00f6V\" data-e-action-hash=\"#elementor-action%3Aaction%3Dlightbox%26settings%3DeyJpZCI6MjUxMywidXJsIjoiaHR0cDpcL1wvaGFmZW5zY2h1bGUub25saW5lXC93cC1jb250ZW50XC91cGxvYWRzXC8yMDIzXC8wN1wvMjAyMzA3MTRfU29tbWVyZmVzdC1TdGFuZC1Gb2VWLXNjYWxlZC5qcGciLCJzbGlkZXNob3ciOiJjNjhkZmMyIn0%3D\" href='http:\/\/hafenschule.online\/wp-content\/uploads\/2023\/07\/20230714_Sommerfest-Stand-FoeV-scaled.jpg'><img loading=\"lazy\" decoding=\"async\" width=\"150\" height=\"150\" src=\"http:\/\/hafenschule.online\/wp-content\/uploads\/2023\/07\/20230714_Sommerfest-Stand-FoeV-150x150.jpg\" class=\"attachment-thumbnail size-thumbnail\" alt=\"\" aria-describedby=\"gallery-7-2513\" \/><\/a>\n\t\t\t<\/dt>\n\t\t\t\t<dd class='wp-caption-text gallery-caption' id='gallery-7-2513'>\n\t\t\t\tStand des F\u00f6rdervereins\n\t\t\t\t<\/dd><\/dl><dl class='gallery-item'>\n\t\t\t<dt class='gallery-icon landscape'>\n\t\t\t\t<a data-elementor-open-lightbox=\"yes\" data-elementor-lightbox-slideshow=\"c68dfc2\" data-elementor-lightbox-title=\"20230714_160522_Sommerfest Stand F\u00f6V\" data-e-action-hash=\"#elementor-action%3Aaction%3Dlightbox%26settings%3DeyJpZCI6MjUxMiwidXJsIjoiaHR0cDpcL1wvaGFmZW5zY2h1bGUub25saW5lXC93cC1jb250ZW50XC91cGxvYWRzXC8yMDIzXC8wN1wvMjAyMzA3MTRfMTYwNTIyX1NvbW1lcmZlc3QtU3RhbmQtRm9lVi1zY2FsZWQuanBnIiwic2xpZGVzaG93IjoiYzY4ZGZjMiJ9\" href='http:\/\/hafenschule.online\/wp-content\/uploads\/2023\/07\/20230714_160522_Sommerfest-Stand-FoeV-scaled.jpg'><img loading=\"lazy\" decoding=\"async\" width=\"150\" height=\"150\" src=\"http:\/\/hafenschule.online\/wp-content\/uploads\/2023\/07\/20230714_160522_Sommerfest-Stand-FoeV-150x150.jpg\" class=\"attachment-thumbnail size-thumbnail\" alt=\"\" aria-describedby=\"gallery-7-2512\" \/><\/a>\n\t\t\t<\/dt>\n\t\t\t\t<dd class='wp-caption-text gallery-caption' id='gallery-7-2512'>\n\t\t\t\tS\u00fc\u00dfigkeitent\u00fctchen wurden gepackt\n\t\t\t\t<\/dd><\/dl><dl class='gallery-item'>\n\t\t\t<dt class='gallery-icon portrait'>\n\t\t\t\t<a data-elementor-open-lightbox=\"yes\" data-elementor-lightbox-slideshow=\"c68dfc2\" data-elementor-lightbox-title=\"20230716_Sommerfest Stand F\u00f6V\" data-e-action-hash=\"#elementor-action%3Aaction%3Dlightbox%26settings%3DeyJpZCI6MjUxNCwidXJsIjoiaHR0cDpcL1wvaGFmZW5zY2h1bGUub25saW5lXC93cC1jb250ZW50XC91cGxvYWRzXC8yMDIzXC8wN1wvMjAyMzA3MTZfU29tbWVyZmVzdC1TdGFuZC1Gb2VWLmpwZyIsInNsaWRlc2hvdyI6ImM2OGRmYzIifQ%3D%3D\" href='http:\/\/hafenschule.online\/wp-content\/uploads\/2023\/07\/20230716_Sommerfest-Stand-FoeV.jpg'><img loading=\"lazy\" decoding=\"async\" width=\"150\" height=\"150\" src=\"http:\/\/hafenschule.online\/wp-content\/uploads\/2023\/07\/20230716_Sommerfest-Stand-FoeV-150x150.jpg\" class=\"attachment-thumbnail size-thumbnail\" alt=\"\" aria-describedby=\"gallery-7-2514\" \/><\/a>\n\t\t\t<\/dt>\n\t\t\t\t<dd class='wp-caption-text gallery-caption' id='gallery-7-2514'>\n\t\t\t\tBallons gab es auch wieder\n\t\t\t\t<\/dd><\/dl><br style=\"clear: both\" \/>\n\t\t<\/div>\n\t\t<\/div>\n\t\t\t\t<\/div>\n\t\t\t\t<\/div>\n\t\t\t\t<div class=\"elementor-element elementor-element-c4789ce elementor-widget elementor-widget-text-editor\" data-id=\"c4789ce\" data-element_type=\"widget\" data-widget_type=\"text-editor.default\">\n\t\t\t\t<div class=\"elementor-widget-container\">\n\t\t\t\t\t\t\t<h2 style=\"text-align: center;\"><b>Schiersteiner Jugendtag! Wir waren auch dabei!<\/b><\/h2><p style=\"text-align: left;\">Vereine, Schulen und Firmen pr\u00e4sentierten sich am Samstag, den 24. Juni 2023 auf dem Hans-R\u00f6mer-Platz in Schierstein beim 9. Schiersteiner Jugendtag, veranstaltet vom Schiersteiner Ortsbeirat. Da durfte ein Info-Stand des F\u00f6rdervereins der Hafenschule mit einer kleinen Mitmachaktion nat\u00fcrlich auch nicht fehlen! Von 11 bis 18 Uhr konnten bei uns gro\u00dfe und kleine Besuchende ihren eigenen Button als Pin oder Magnet selbst gestalten. Dabei sind richtige kleine Kunstwerke entstanden! Wer wollte, konnte auch einen sch\u00f6nen Schl\u00fcsselanh\u00e4nger oder kleine Logo-Buttons und Magnete mit nach Hause nehmen \u2013 gegen eine Spende in unsere aufgestellte Spendenbox, versteht sich. Die Einnahmen und Spenden aus dem Schiersteiner Jugendtag sollen in eine weitere Spieltonne investiert werden. Die Spieltonne soll dann bei den zuk\u00fcnftig ins Fritz-Br\u00fcderlein-Haus \u201eausgelagerten\u201c Klassen in der Pause f\u00fcr Action und Spa\u00df sorgen. Wir blicken auf einen ereignisreichen, sch\u00f6nen Schiersteiner Jugendtag zur\u00fcck.<\/p>\t\t\t\t\t\t<\/div>\n\t\t\t\t<\/div>\n\t\t\t\t<div class=\"elementor-element elementor-element-09d20ce elementor-widget elementor-widget-image-gallery\" data-id=\"09d20ce\" data-element_type=\"widget\" data-widget_type=\"image-gallery.default\">\n\t\t\t\t<div class=\"elementor-widget-container\">\n\t\t\t\t\t<div class=\"elementor-image-gallery\">\n\t\t\t\n\t\t<style type=\"text\/css\">\n\t\t\t#gallery-8 {\n\t\t\t\tmargin: auto;\n\t\t\t}\n\t\t\t#gallery-8 .gallery-item {\n\t\t\t\tfloat: left;\n\t\t\t\tmargin-top: 10px;\n\t\t\t\ttext-align: center;\n\t\t\t\twidth: 25%;\n\t\t\t}\n\t\t\t#gallery-8 img {\n\t\t\t\tborder: 2px solid #cfcfcf;\n\t\t\t}\n\t\t\t#gallery-8 .gallery-caption {\n\t\t\t\tmargin-left: 0;\n\t\t\t}\n\t\t\t\/* see gallery_shortcode() in wp-includes\/media.php *\/\n\t\t<\/style>\n\t\t<div id='gallery-8' class='gallery galleryid-1110 gallery-columns-4 gallery-size-thumbnail'><dl class='gallery-item'>\n\t\t\t<dt class='gallery-icon portrait'>\n\t\t\t\t<a data-elementor-open-lightbox=\"yes\" data-elementor-lightbox-slideshow=\"09d20ce\" data-elementor-lightbox-title=\"F\u00f6Verein_Schiersteiner Jugendtag 2023_Plakat\" data-e-action-hash=\"#elementor-action%3Aaction%3Dlightbox%26settings%3DeyJpZCI6MjQ1MSwidXJsIjoiaHR0cDpcL1wvaGFmZW5zY2h1bGUub25saW5lXC93cC1jb250ZW50XC91cGxvYWRzXC8yMDIzXC8wNlwvRm9lVmVyZWluX1NjaGllcnN0ZWluZXItSnVnZW5kdGFnLTIwMjNfUGxha2F0LmpwZyIsInNsaWRlc2hvdyI6IjA5ZDIwY2UifQ%3D%3D\" href='http:\/\/hafenschule.online\/wp-content\/uploads\/2023\/06\/FoeVerein_Schiersteiner-Jugendtag-2023_Plakat.jpg'><img loading=\"lazy\" decoding=\"async\" width=\"150\" height=\"150\" src=\"http:\/\/hafenschule.online\/wp-content\/uploads\/2023\/06\/FoeVerein_Schiersteiner-Jugendtag-2023_Plakat-150x150.jpg\" class=\"attachment-thumbnail size-thumbnail\" alt=\"\" aria-describedby=\"gallery-8-2451\" \/><\/a>\n\t\t\t<\/dt>\n\t\t\t\t<dd class='wp-caption-text gallery-caption' id='gallery-8-2451'>\n\t\t\t\tSchiersteiner Jugendtag 2023\n\t\t\t\t<\/dd><\/dl><dl class='gallery-item'>\n\t\t\t<dt class='gallery-icon landscape'>\n\t\t\t\t<a data-elementor-open-lightbox=\"yes\" data-elementor-lightbox-slideshow=\"09d20ce\" data-elementor-lightbox-title=\"F\u00f6Verein_Schiersteiner Jugendtag 2023_Stand\" data-e-action-hash=\"#elementor-action%3Aaction%3Dlightbox%26settings%3DeyJpZCI6MjQ1NiwidXJsIjoiaHR0cDpcL1wvaGFmZW5zY2h1bGUub25saW5lXC93cC1jb250ZW50XC91cGxvYWRzXC8yMDIzXC8wNlwvRm9lVmVyZWluX1NjaGllcnN0ZWluZXItSnVnZW5kdGFnLTIwMjNfU3RhbmQtc2NhbGVkLmpwZyIsInNsaWRlc2hvdyI6IjA5ZDIwY2UifQ%3D%3D\" href='http:\/\/hafenschule.online\/wp-content\/uploads\/2023\/06\/FoeVerein_Schiersteiner-Jugendtag-2023_Stand-scaled.jpg'><img loading=\"lazy\" decoding=\"async\" width=\"150\" height=\"150\" src=\"http:\/\/hafenschule.online\/wp-content\/uploads\/2023\/06\/FoeVerein_Schiersteiner-Jugendtag-2023_Stand-150x150.jpg\" class=\"attachment-thumbnail size-thumbnail\" alt=\"\" aria-describedby=\"gallery-8-2456\" \/><\/a>\n\t\t\t<\/dt>\n\t\t\t\t<dd class='wp-caption-text gallery-caption' id='gallery-8-2456'>\n\t\t\t\tInfostand\n\t\t\t\t<\/dd><\/dl><dl class='gallery-item'>\n\t\t\t<dt class='gallery-icon landscape'>\n\t\t\t\t<a data-elementor-open-lightbox=\"yes\" data-elementor-lightbox-slideshow=\"09d20ce\" data-elementor-lightbox-title=\"F\u00f6Verein_Schiersteiner Jugendtag 2023_Pr\u00e4sentation Verein\" data-e-action-hash=\"#elementor-action%3Aaction%3Dlightbox%26settings%3DeyJpZCI6MjQ1MiwidXJsIjoiaHR0cDpcL1wvaGFmZW5zY2h1bGUub25saW5lXC93cC1jb250ZW50XC91cGxvYWRzXC8yMDIzXC8wNlwvRm9lVmVyZWluX1NjaGllcnN0ZWluZXItSnVnZW5kdGFnLTIwMjNfUHJhZXNlbnRhdGlvbi1WZXJlaW4tc2NhbGVkLmpwZyIsInNsaWRlc2hvdyI6IjA5ZDIwY2UifQ%3D%3D\" href='http:\/\/hafenschule.online\/wp-content\/uploads\/2023\/06\/FoeVerein_Schiersteiner-Jugendtag-2023_Praesentation-Verein-scaled.jpg'><img loading=\"lazy\" decoding=\"async\" width=\"150\" height=\"150\" src=\"http:\/\/hafenschule.online\/wp-content\/uploads\/2023\/06\/FoeVerein_Schiersteiner-Jugendtag-2023_Praesentation-Verein-150x150.jpg\" class=\"attachment-thumbnail size-thumbnail\" alt=\"\" aria-describedby=\"gallery-8-2452\" \/><\/a>\n\t\t\t<\/dt>\n\t\t\t\t<dd class='wp-caption-text gallery-caption' id='gallery-8-2452'>\n\t\t\t\tInfos und Spendenbox\n\t\t\t\t<\/dd><\/dl><dl class='gallery-item'>\n\t\t\t<dt class='gallery-icon landscape'>\n\t\t\t\t<a data-elementor-open-lightbox=\"yes\" data-elementor-lightbox-slideshow=\"09d20ce\" data-elementor-lightbox-title=\"F\u00f6Verein_Schiersteiner Jugendtag 2023_kleine Buttons\" data-e-action-hash=\"#elementor-action%3Aaction%3Dlightbox%26settings%3DeyJpZCI6MjQ0OSwidXJsIjoiaHR0cDpcL1wvaGFmZW5zY2h1bGUub25saW5lXC93cC1jb250ZW50XC91cGxvYWRzXC8yMDIzXC8wNlwvRm9lVmVyZWluX1NjaGllcnN0ZWluZXItSnVnZW5kdGFnLTIwMjNfa2xlaW5lLUJ1dHRvbnMtc2NhbGVkLmpwZyIsInNsaWRlc2hvdyI6IjA5ZDIwY2UifQ%3D%3D\" href='http:\/\/hafenschule.online\/wp-content\/uploads\/2023\/06\/FoeVerein_Schiersteiner-Jugendtag-2023_kleine-Buttons-scaled.jpg'><img loading=\"lazy\" decoding=\"async\" width=\"150\" height=\"150\" src=\"http:\/\/hafenschule.online\/wp-content\/uploads\/2023\/06\/FoeVerein_Schiersteiner-Jugendtag-2023_kleine-Buttons-150x150.jpg\" class=\"attachment-thumbnail size-thumbnail\" alt=\"\" aria-describedby=\"gallery-8-2449\" \/><\/a>\n\t\t\t<\/dt>\n\t\t\t\t<dd class='wp-caption-text gallery-caption' id='gallery-8-2449'>\n\t\t\t\tkleine Magente\n\t\t\t\t<\/dd><\/dl><br style=\"clear: both\" \/><dl class='gallery-item'>\n\t\t\t<dt class='gallery-icon portrait'>\n\t\t\t\t<a data-elementor-open-lightbox=\"yes\" data-elementor-lightbox-slideshow=\"09d20ce\" data-elementor-lightbox-title=\"F\u00f6Verein_Schiersteiner Jugendtag 2023_Buttonmaschine\" data-e-action-hash=\"#elementor-action%3Aaction%3Dlightbox%26settings%3DeyJpZCI6MjQ0NywidXJsIjoiaHR0cDpcL1wvaGFmZW5zY2h1bGUub25saW5lXC93cC1jb250ZW50XC91cGxvYWRzXC8yMDIzXC8wNlwvRm9lVmVyZWluX1NjaGllcnN0ZWluZXItSnVnZW5kdGFnLTIwMjNfQnV0dG9ubWFzY2hpbmUtc2NhbGVkLmpwZyIsInNsaWRlc2hvdyI6IjA5ZDIwY2UifQ%3D%3D\" href='http:\/\/hafenschule.online\/wp-content\/uploads\/2023\/06\/FoeVerein_Schiersteiner-Jugendtag-2023_Buttonmaschine-scaled.jpg'><img loading=\"lazy\" decoding=\"async\" width=\"150\" height=\"150\" src=\"http:\/\/hafenschule.online\/wp-content\/uploads\/2023\/06\/FoeVerein_Schiersteiner-Jugendtag-2023_Buttonmaschine-150x150.jpg\" class=\"attachment-thumbnail size-thumbnail\" alt=\"\" aria-describedby=\"gallery-8-2447\" \/><\/a>\n\t\t\t<\/dt>\n\t\t\t\t<dd class='wp-caption-text gallery-caption' id='gallery-8-2447'>\n\t\t\t\tButtonmaschine\n\t\t\t\t<\/dd><\/dl><dl class='gallery-item'>\n\t\t\t<dt class='gallery-icon portrait'>\n\t\t\t\t<a data-elementor-open-lightbox=\"yes\" data-elementor-lightbox-slideshow=\"09d20ce\" data-elementor-lightbox-title=\"F\u00f6Verein_Schiersteiner Jugendtag 2023_Spendenbox Spieltonne\" data-e-action-hash=\"#elementor-action%3Aaction%3Dlightbox%26settings%3DeyJpZCI6MjQ1NSwidXJsIjoiaHR0cDpcL1wvaGFmZW5zY2h1bGUub25saW5lXC93cC1jb250ZW50XC91cGxvYWRzXC8yMDIzXC8wNlwvRm9lVmVyZWluX1NjaGllcnN0ZWluZXItSnVnZW5kdGFnLTIwMjNfU3BlbmRlbmJveC1TcGllbHRvbm5lLXNjYWxlZC5qcGciLCJzbGlkZXNob3ciOiIwOWQyMGNlIn0%3D\" href='http:\/\/hafenschule.online\/wp-content\/uploads\/2023\/06\/FoeVerein_Schiersteiner-Jugendtag-2023_Spendenbox-Spieltonne-scaled.jpg'><img loading=\"lazy\" decoding=\"async\" width=\"150\" height=\"150\" src=\"http:\/\/hafenschule.online\/wp-content\/uploads\/2023\/06\/FoeVerein_Schiersteiner-Jugendtag-2023_Spendenbox-Spieltonne-150x150.jpg\" class=\"attachment-thumbnail size-thumbnail\" alt=\"\" aria-describedby=\"gallery-8-2455\" \/><\/a>\n\t\t\t<\/dt>\n\t\t\t\t<dd class='wp-caption-text gallery-caption' id='gallery-8-2455'>\n\t\t\t\tSpendenbox\n\t\t\t\t<\/dd><\/dl><dl class='gallery-item'>\n\t\t\t<dt class='gallery-icon landscape'>\n\t\t\t\t<a data-elementor-open-lightbox=\"yes\" data-elementor-lightbox-slideshow=\"09d20ce\" data-elementor-lightbox-title=\"F\u00f6Verein_Schiersteiner Jugendtag 2023_Besucher\" data-e-action-hash=\"#elementor-action%3Aaction%3Dlightbox%26settings%3DeyJpZCI6MjQ0NCwidXJsIjoiaHR0cDpcL1wvaGFmZW5zY2h1bGUub25saW5lXC93cC1jb250ZW50XC91cGxvYWRzXC8yMDIzXC8wNlwvRm9lVmVyZWluX1NjaGllcnN0ZWluZXItSnVnZW5kdGFnLTIwMjNfQmVzdWNoZXItc2NhbGVkLmpwZyIsInNsaWRlc2hvdyI6IjA5ZDIwY2UifQ%3D%3D\" href='http:\/\/hafenschule.online\/wp-content\/uploads\/2023\/06\/FoeVerein_Schiersteiner-Jugendtag-2023_Besucher-scaled.jpg'><img loading=\"lazy\" decoding=\"async\" width=\"150\" height=\"150\" src=\"http:\/\/hafenschule.online\/wp-content\/uploads\/2023\/06\/FoeVerein_Schiersteiner-Jugendtag-2023_Besucher-150x150.jpg\" class=\"attachment-thumbnail size-thumbnail\" alt=\"\" aria-describedby=\"gallery-8-2444\" \/><\/a>\n\t\t\t<\/dt>\n\t\t\t\t<dd class='wp-caption-text gallery-caption' id='gallery-8-2444'>\n\t\t\t\tviel los\n\t\t\t\t<\/dd><\/dl><dl class='gallery-item'>\n\t\t\t<dt class='gallery-icon portrait'>\n\t\t\t\t<a data-elementor-open-lightbox=\"yes\" data-elementor-lightbox-slideshow=\"09d20ce\" data-elementor-lightbox-title=\"F\u00f6Verein_Schiersteiner Jugendtag 2023_viel los\" data-e-action-hash=\"#elementor-action%3Aaction%3Dlightbox%26settings%3DeyJpZCI6MjQ1NywidXJsIjoiaHR0cDpcL1wvaGFmZW5zY2h1bGUub25saW5lXC93cC1jb250ZW50XC91cGxvYWRzXC8yMDIzXC8wNlwvRm9lVmVyZWluX1NjaGllcnN0ZWluZXItSnVnZW5kdGFnLTIwMjNfdmllbC1sb3Mtc2NhbGVkLmpwZyIsInNsaWRlc2hvdyI6IjA5ZDIwY2UifQ%3D%3D\" href='http:\/\/hafenschule.online\/wp-content\/uploads\/2023\/06\/FoeVerein_Schiersteiner-Jugendtag-2023_viel-los-scaled.jpg'><img loading=\"lazy\" decoding=\"async\" width=\"150\" height=\"150\" src=\"http:\/\/hafenschule.online\/wp-content\/uploads\/2023\/06\/FoeVerein_Schiersteiner-Jugendtag-2023_viel-los-150x150.jpg\" class=\"attachment-thumbnail size-thumbnail\" alt=\"\" aria-describedby=\"gallery-8-2457\" \/><\/a>\n\t\t\t<\/dt>\n\t\t\t\t<dd class='wp-caption-text gallery-caption' id='gallery-8-2457'>\n\t\t\t\talle flei\u00dfig\n\t\t\t\t<\/dd><\/dl><br style=\"clear: both\" \/><dl class='gallery-item'>\n\t\t\t<dt class='gallery-icon portrait'>\n\t\t\t\t<a data-elementor-open-lightbox=\"yes\" data-elementor-lightbox-slideshow=\"09d20ce\" data-elementor-lightbox-title=\"F\u00f6Verein_Schiersteiner Jugendtag 2023_Schl\u00fcsselanh\u00e4nger\" data-e-action-hash=\"#elementor-action%3Aaction%3Dlightbox%26settings%3DeyJpZCI6MjQ1NCwidXJsIjoiaHR0cDpcL1wvaGFmZW5zY2h1bGUub25saW5lXC93cC1jb250ZW50XC91cGxvYWRzXC8yMDIzXC8wNlwvRm9lVmVyZWluX1NjaGllcnN0ZWluZXItSnVnZW5kdGFnLTIwMjNfU2NobHVlc3NlbGFuaGFlbmdlci1zY2FsZWQuanBnIiwic2xpZGVzaG93IjoiMDlkMjBjZSJ9\" href='http:\/\/hafenschule.online\/wp-content\/uploads\/2023\/06\/FoeVerein_Schiersteiner-Jugendtag-2023_Schluesselanhaenger-scaled.jpg'><img loading=\"lazy\" decoding=\"async\" width=\"150\" height=\"150\" src=\"http:\/\/hafenschule.online\/wp-content\/uploads\/2023\/06\/FoeVerein_Schiersteiner-Jugendtag-2023_Schluesselanhaenger-150x150.jpg\" class=\"attachment-thumbnail size-thumbnail\" alt=\"\" aria-describedby=\"gallery-8-2454\" \/><\/a>\n\t\t\t<\/dt>\n\t\t\t\t<dd class='wp-caption-text gallery-caption' id='gallery-8-2454'>\n\t\t\t\tSchl\u00fcsselb\u00e4nder\n\t\t\t\t<\/dd><\/dl><dl class='gallery-item'>\n\t\t\t<dt class='gallery-icon landscape'>\n\t\t\t\t<a data-elementor-open-lightbox=\"yes\" data-elementor-lightbox-slideshow=\"09d20ce\" data-elementor-lightbox-title=\"F\u00f6Verein_Schiersteiner Jugendtag 2023_Schl\u00fcsselanh\u00e4nger (2)\" data-e-action-hash=\"#elementor-action%3Aaction%3Dlightbox%26settings%3DeyJpZCI6MjQ1MywidXJsIjoiaHR0cDpcL1wvaGFmZW5zY2h1bGUub25saW5lXC93cC1jb250ZW50XC91cGxvYWRzXC8yMDIzXC8wNlwvRm9lVmVyZWluX1NjaGllcnN0ZWluZXItSnVnZW5kdGFnLTIwMjNfU2NobHVlc3NlbGFuaGFlbmdlci0yLmpwZyIsInNsaWRlc2hvdyI6IjA5ZDIwY2UifQ%3D%3D\" href='http:\/\/hafenschule.online\/wp-content\/uploads\/2023\/06\/FoeVerein_Schiersteiner-Jugendtag-2023_Schluesselanhaenger-2.jpg'><img loading=\"lazy\" decoding=\"async\" width=\"150\" height=\"150\" src=\"http:\/\/hafenschule.online\/wp-content\/uploads\/2023\/06\/FoeVerein_Schiersteiner-Jugendtag-2023_Schluesselanhaenger-2-150x150.jpg\" class=\"attachment-thumbnail size-thumbnail\" alt=\"\" \/><\/a>\n\t\t\t<\/dt><\/dl><dl class='gallery-item'>\n\t\t\t<dt class='gallery-icon landscape'>\n\t\t\t\t<a data-elementor-open-lightbox=\"yes\" data-elementor-lightbox-slideshow=\"09d20ce\" data-elementor-lightbox-title=\"F\u00f6Verein_Schiersteiner Jugendtag 2023_Besucher(2)\" data-e-action-hash=\"#elementor-action%3Aaction%3Dlightbox%26settings%3DeyJpZCI6MjQ0MywidXJsIjoiaHR0cDpcL1wvaGFmZW5zY2h1bGUub25saW5lXC93cC1jb250ZW50XC91cGxvYWRzXC8yMDIzXC8wNlwvRm9lVmVyZWluX1NjaGllcnN0ZWluZXItSnVnZW5kdGFnLTIwMjNfQmVzdWNoZXIyLXNjYWxlZC5qcGciLCJzbGlkZXNob3ciOiIwOWQyMGNlIn0%3D\" href='http:\/\/hafenschule.online\/wp-content\/uploads\/2023\/06\/FoeVerein_Schiersteiner-Jugendtag-2023_Besucher2-scaled.jpg'><img loading=\"lazy\" decoding=\"async\" width=\"150\" height=\"150\" src=\"http:\/\/hafenschule.online\/wp-content\/uploads\/2023\/06\/FoeVerein_Schiersteiner-Jugendtag-2023_Besucher2-150x150.jpg\" class=\"attachment-thumbnail size-thumbnail\" alt=\"\" aria-describedby=\"gallery-8-2443\" \/><\/a>\n\t\t\t<\/dt>\n\t\t\t\t<dd class='wp-caption-text gallery-caption' id='gallery-8-2443'>\n\t\t\t\tkleine K\u00fcnstler am Werk\n\t\t\t\t<\/dd><\/dl><dl class='gallery-item'>\n\t\t\t<dt class='gallery-icon landscape'>\n\t\t\t\t<a data-elementor-open-lightbox=\"yes\" data-elementor-lightbox-slideshow=\"09d20ce\" data-elementor-lightbox-title=\"F\u00f6Verein_Schiersteiner Jugendtag 2023_kleine Kunstwerke\" data-e-action-hash=\"#elementor-action%3Aaction%3Dlightbox%26settings%3DeyJpZCI6MjQ1MCwidXJsIjoiaHR0cDpcL1wvaGFmZW5zY2h1bGUub25saW5lXC93cC1jb250ZW50XC91cGxvYWRzXC8yMDIzXC8wNlwvRm9lVmVyZWluX1NjaGllcnN0ZWluZXItSnVnZW5kdGFnLTIwMjNfa2xlaW5lLUt1bnN0d2Vya2UuanBnIiwic2xpZGVzaG93IjoiMDlkMjBjZSJ9\" href='http:\/\/hafenschule.online\/wp-content\/uploads\/2023\/06\/FoeVerein_Schiersteiner-Jugendtag-2023_kleine-Kunstwerke.jpg'><img loading=\"lazy\" decoding=\"async\" width=\"150\" height=\"150\" src=\"http:\/\/hafenschule.online\/wp-content\/uploads\/2023\/06\/FoeVerein_Schiersteiner-Jugendtag-2023_kleine-Kunstwerke-150x150.jpg\" class=\"attachment-thumbnail size-thumbnail\" alt=\"\" aria-describedby=\"gallery-8-2450\" \/><\/a>\n\t\t\t<\/dt>\n\t\t\t\t<dd class='wp-caption-text gallery-caption' id='gallery-8-2450'>\n\t\t\t\tselbst gestaltete Buttons\n\t\t\t\t<\/dd><\/dl><br style=\"clear: both\" \/><dl class='gallery-item'>\n\t\t\t<dt class='gallery-icon landscape'>\n\t\t\t\t<a data-elementor-open-lightbox=\"yes\" data-elementor-lightbox-slideshow=\"09d20ce\" data-elementor-lightbox-title=\"F\u00f6Verein_Schiersteiner Jugendtag 2023_Button Schmetterling\" data-e-action-hash=\"#elementor-action%3Aaction%3Dlightbox%26settings%3DeyJpZCI6MjQ0NSwidXJsIjoiaHR0cDpcL1wvaGFmZW5zY2h1bGUub25saW5lXC93cC1jb250ZW50XC91cGxvYWRzXC8yMDIzXC8wNlwvRm9lVmVyZWluX1NjaGllcnN0ZWluZXItSnVnZW5kdGFnLTIwMjNfQnV0dG9uLVNjaG1ldHRlcmxpbmcuanBnIiwic2xpZGVzaG93IjoiMDlkMjBjZSJ9\" href='http:\/\/hafenschule.online\/wp-content\/uploads\/2023\/06\/FoeVerein_Schiersteiner-Jugendtag-2023_Button-Schmetterling.jpg'><img loading=\"lazy\" decoding=\"async\" width=\"150\" height=\"150\" src=\"http:\/\/hafenschule.online\/wp-content\/uploads\/2023\/06\/FoeVerein_Schiersteiner-Jugendtag-2023_Button-Schmetterling-150x150.jpg\" class=\"attachment-thumbnail size-thumbnail\" alt=\"\" aria-describedby=\"gallery-8-2445\" \/><\/a>\n\t\t\t<\/dt>\n\t\t\t\t<dd class='wp-caption-text gallery-caption' id='gallery-8-2445'>\n\t\t\t\tselbst gestaltete Buttons\n\t\t\t\t<\/dd><\/dl><dl class='gallery-item'>\n\t\t\t<dt class='gallery-icon landscape'>\n\t\t\t\t<a data-elementor-open-lightbox=\"yes\" data-elementor-lightbox-slideshow=\"09d20ce\" data-elementor-lightbox-title=\"F\u00f6Verein_Schiersteiner Jugendtag 2023_Button\" data-e-action-hash=\"#elementor-action%3Aaction%3Dlightbox%26settings%3DeyJpZCI6MjQ0NiwidXJsIjoiaHR0cDpcL1wvaGFmZW5zY2h1bGUub25saW5lXC93cC1jb250ZW50XC91cGxvYWRzXC8yMDIzXC8wNlwvRm9lVmVyZWluX1NjaGllcnN0ZWluZXItSnVnZW5kdGFnLTIwMjNfQnV0dG9uLmpwZyIsInNsaWRlc2hvdyI6IjA5ZDIwY2UifQ%3D%3D\" href='http:\/\/hafenschule.online\/wp-content\/uploads\/2023\/06\/FoeVerein_Schiersteiner-Jugendtag-2023_Button.jpg'><img loading=\"lazy\" decoding=\"async\" width=\"150\" height=\"150\" src=\"http:\/\/hafenschule.online\/wp-content\/uploads\/2023\/06\/FoeVerein_Schiersteiner-Jugendtag-2023_Button-150x150.jpg\" class=\"attachment-thumbnail size-thumbnail\" alt=\"\" aria-describedby=\"gallery-8-2446\" \/><\/a>\n\t\t\t<\/dt>\n\t\t\t\t<dd class='wp-caption-text gallery-caption' id='gallery-8-2446'>\n\t\t\t\tselbst gestaltete Buttons\n\t\t\t\t<\/dd><\/dl><dl class='gallery-item'>\n\t\t\t<dt class='gallery-icon landscape'>\n\t\t\t\t<a data-elementor-open-lightbox=\"yes\" data-elementor-lightbox-slideshow=\"09d20ce\" data-elementor-lightbox-title=\"F\u00f6Verein_Schiersteiner Jugendtag 2023_Gruppenfoto\" data-e-action-hash=\"#elementor-action%3Aaction%3Dlightbox%26settings%3DeyJpZCI6MjQ0OCwidXJsIjoiaHR0cDpcL1wvaGFmZW5zY2h1bGUub25saW5lXC93cC1jb250ZW50XC91cGxvYWRzXC8yMDIzXC8wNlwvRm9lVmVyZWluX1NjaGllcnN0ZWluZXItSnVnZW5kdGFnLTIwMjNfR3J1cHBlbmZvdG8uanBnIiwic2xpZGVzaG93IjoiMDlkMjBjZSJ9\" href='http:\/\/hafenschule.online\/wp-content\/uploads\/2023\/06\/FoeVerein_Schiersteiner-Jugendtag-2023_Gruppenfoto.jpg'><img loading=\"lazy\" decoding=\"async\" width=\"150\" height=\"150\" src=\"http:\/\/hafenschule.online\/wp-content\/uploads\/2023\/06\/FoeVerein_Schiersteiner-Jugendtag-2023_Gruppenfoto-150x150.jpg\" class=\"attachment-thumbnail size-thumbnail\" alt=\"\" aria-describedby=\"gallery-8-2448\" \/><\/a>\n\t\t\t<\/dt>\n\t\t\t\t<dd class='wp-caption-text gallery-caption' id='gallery-8-2448'>\n\t\t\t\tSch\u00f6n war\u00b4s\n\t\t\t\t<\/dd><\/dl>\n\t\t\t<br style='clear: both' \/>\n\t\t<\/div>\n\t\t<\/div>\n\t\t\t\t<\/div>\n\t\t\t\t<\/div>\n\t\t\t\t<div class=\"elementor-element elementor-element-44b5ddb elementor-view-default elementor-widget elementor-widget-icon\" data-id=\"44b5ddb\" data-element_type=\"widget\" data-widget_type=\"icon.default\">\n\t\t\t\t<div class=\"elementor-widget-container\">\n\t\t\t\t\t<div class=\"elementor-icon-wrapper\">\n\t\t\t<div class=\"elementor-icon\">\n\t\t\t<i aria-hidden=\"true\" class=\"fas fa-star\"><\/i>\t\t\t<\/div>\n\t\t<\/div>\n\t\t\t\t<\/div>\n\t\t\t\t<\/div>\n\t\t\t\t<div class=\"elementor-element elementor-element-18d2895 elementor-widget elementor-widget-text-editor\" data-id=\"18d2895\" data-element_type=\"widget\" data-widget_type=\"text-editor.default\">\n\t\t\t\t<div class=\"elementor-widget-container\">\n\t\t\t\t\t\t\t<h2 style=\"text-align: center;\"><strong>\u00c4pfel und Wasser bei den Bundesjugendspielen 2023<\/strong><\/h2><p style=\"text-align: left;\">Wie schon im vergangenen Jahr hat der F\u00f6rderverein bei den Hafenkids am 16. Juni 2023 mit \u00c4pfeln und Wasser f\u00fcr eine kleine Erfrischung bei den Bundesjugendspielen 2023 gesorgt. Wir waren froh um unseren Schattenplatz f\u00fcr unseren Stand und freuten uns \u00fcber zahlreiche Abnehmer f\u00fcr unser Angebot \ud83d\ude42<\/p>\t\t\t\t\t\t<\/div>\n\t\t\t\t<\/div>\n\t\t\t\t<div class=\"elementor-element elementor-element-37d09f3 elementor-widget elementor-widget-image-gallery\" data-id=\"37d09f3\" data-element_type=\"widget\" data-widget_type=\"image-gallery.default\">\n\t\t\t\t<div class=\"elementor-widget-container\">\n\t\t\t\t\t<div class=\"elementor-image-gallery\">\n\t\t\t\n\t\t<style type=\"text\/css\">\n\t\t\t#gallery-9 {\n\t\t\t\tmargin: auto;\n\t\t\t}\n\t\t\t#gallery-9 .gallery-item {\n\t\t\t\tfloat: left;\n\t\t\t\tmargin-top: 10px;\n\t\t\t\ttext-align: center;\n\t\t\t\twidth: 25%;\n\t\t\t}\n\t\t\t#gallery-9 img {\n\t\t\t\tborder: 2px solid #cfcfcf;\n\t\t\t}\n\t\t\t#gallery-9 .gallery-caption {\n\t\t\t\tmargin-left: 0;\n\t\t\t}\n\t\t\t\/* see gallery_shortcode() in wp-includes\/media.php *\/\n\t\t<\/style>\n\t\t<div id='gallery-9' class='gallery galleryid-1110 gallery-columns-4 gallery-size-thumbnail'><dl class='gallery-item'>\n\t\t\t<dt class='gallery-icon landscape'>\n\t\t\t\t<a data-elementor-open-lightbox=\"yes\" data-elementor-lightbox-slideshow=\"37d09f3\" data-elementor-lightbox-title=\"Apfelstand BJS 2023\" data-e-action-hash=\"#elementor-action%3Aaction%3Dlightbox%26settings%3DeyJpZCI6MjQxMSwidXJsIjoiaHR0cDpcL1wvaGFmZW5zY2h1bGUub25saW5lXC93cC1jb250ZW50XC91cGxvYWRzXC8yMDIzXC8wNlwvQXBmZWxzdGFuZC1CSlMtMjAyMy5qcGciLCJzbGlkZXNob3ciOiIzN2QwOWYzIn0%3D\" href='http:\/\/hafenschule.online\/wp-content\/uploads\/2023\/06\/Apfelstand-BJS-2023.jpg'><img loading=\"lazy\" decoding=\"async\" width=\"150\" height=\"150\" src=\"http:\/\/hafenschule.online\/wp-content\/uploads\/2023\/06\/Apfelstand-BJS-2023-150x150.jpg\" class=\"attachment-thumbnail size-thumbnail\" alt=\"\" aria-describedby=\"gallery-9-2411\" \/><\/a>\n\t\t\t<\/dt>\n\t\t\t\t<dd class='wp-caption-text gallery-caption' id='gallery-9-2411'>\n\t\t\t\tMaren Nusser, Cornelia Bachmann, Anne G\u00f6bl (v.l.n.r.)\n\t\t\t\t<\/dd><\/dl><dl class='gallery-item'>\n\t\t\t<dt class='gallery-icon landscape'>\n\t\t\t\t<a data-elementor-open-lightbox=\"yes\" data-elementor-lightbox-slideshow=\"37d09f3\" data-elementor-lightbox-title=\"Andrang Apfelstand BJS 2023\" data-e-action-hash=\"#elementor-action%3Aaction%3Dlightbox%26settings%3DeyJpZCI6MjQxMCwidXJsIjoiaHR0cDpcL1wvaGFmZW5zY2h1bGUub25saW5lXC93cC1jb250ZW50XC91cGxvYWRzXC8yMDIzXC8wNlwvQW5kcmFuZy1BcGZlbHN0YW5kLUJKUy0yMDIzLmpwZyIsInNsaWRlc2hvdyI6IjM3ZDA5ZjMifQ%3D%3D\" href='http:\/\/hafenschule.online\/wp-content\/uploads\/2023\/06\/Andrang-Apfelstand-BJS-2023.jpg'><img loading=\"lazy\" decoding=\"async\" width=\"150\" height=\"150\" src=\"http:\/\/hafenschule.online\/wp-content\/uploads\/2023\/06\/Andrang-Apfelstand-BJS-2023-150x150.jpg\" class=\"attachment-thumbnail size-thumbnail\" alt=\"\" aria-describedby=\"gallery-9-2410\" \/><\/a>\n\t\t\t<\/dt>\n\t\t\t\t<dd class='wp-caption-text gallery-caption' id='gallery-9-2410'>\n\t\t\t\terster Andrang\n\t\t\t\t<\/dd><\/dl><dl class='gallery-item'>\n\t\t\t<dt class='gallery-icon portrait'>\n\t\t\t\t<a data-elementor-open-lightbox=\"yes\" data-elementor-lightbox-slideshow=\"37d09f3\" data-elementor-lightbox-title=\"20230616_085153_\u00c4pfelkisten\" data-e-action-hash=\"#elementor-action%3Aaction%3Dlightbox%26settings%3DeyJpZCI6MjQwOSwidXJsIjoiaHR0cDpcL1wvaGFmZW5zY2h1bGUub25saW5lXC93cC1jb250ZW50XC91cGxvYWRzXC8yMDIzXC8wNlwvMjAyMzA2MTZfMDg1MTUzX0FlcGZlbGtpc3Rlbi5qcGciLCJzbGlkZXNob3ciOiIzN2QwOWYzIn0%3D\" href='http:\/\/hafenschule.online\/wp-content\/uploads\/2023\/06\/20230616_085153_Aepfelkisten.jpg'><img loading=\"lazy\" decoding=\"async\" width=\"150\" height=\"150\" src=\"http:\/\/hafenschule.online\/wp-content\/uploads\/2023\/06\/20230616_085153_Aepfelkisten-150x150.jpg\" class=\"attachment-thumbnail size-thumbnail\" alt=\"\" aria-describedby=\"gallery-9-2409\" \/><\/a>\n\t\t\t<\/dt>\n\t\t\t\t<dd class='wp-caption-text gallery-caption' id='gallery-9-2409'>\n\t\t\t\tviel zu schnippeln\n\t\t\t\t<\/dd><\/dl><dl class='gallery-item'>\n\t\t\t<dt class='gallery-icon portrait'>\n\t\t\t\t<a data-elementor-open-lightbox=\"yes\" data-elementor-lightbox-slideshow=\"37d09f3\" data-elementor-lightbox-title=\"Wimpel-Logo BJS 2023\" data-e-action-hash=\"#elementor-action%3Aaction%3Dlightbox%26settings%3DeyJpZCI6MjQxMiwidXJsIjoiaHR0cDpcL1wvaGFmZW5zY2h1bGUub25saW5lXC93cC1jb250ZW50XC91cGxvYWRzXC8yMDIzXC8wNlwvV2ltcGVsLUxvZ28tQkpTLTIwMjMtc2NhbGVkLmpwZyIsInNsaWRlc2hvdyI6IjM3ZDA5ZjMifQ%3D%3D\" href='http:\/\/hafenschule.online\/wp-content\/uploads\/2023\/06\/Wimpel-Logo-BJS-2023-scaled.jpg'><img loading=\"lazy\" decoding=\"async\" width=\"150\" height=\"150\" src=\"http:\/\/hafenschule.online\/wp-content\/uploads\/2023\/06\/Wimpel-Logo-BJS-2023-150x150.jpg\" class=\"attachment-thumbnail size-thumbnail\" alt=\"\" aria-describedby=\"gallery-9-2412\" \/><\/a>\n\t\t\t<\/dt>\n\t\t\t\t<dd class='wp-caption-text gallery-caption' id='gallery-9-2412'>\n\t\t\t\tWimpel mit Logo\n\t\t\t\t<\/dd><\/dl><br style=\"clear: both\" \/>\n\t\t<\/div>\n\t\t<\/div>\n\t\t\t\t<\/div>\n\t\t\t\t<\/div>\n\t\t\t\t<div class=\"elementor-element elementor-element-20ee108 elementor-widget elementor-widget-text-editor\" data-id=\"20ee108\" data-element_type=\"widget\" data-widget_type=\"text-editor.default\">\n\t\t\t\t<div class=\"elementor-widget-container\">\n\t\t\t\t\t\t\t<h2 style=\"text-align: center;\"><b>Nikolaus-\u00dcberraschung f\u00fcr die Hafenkids<\/b><\/h2>\t\t\t\t\t\t<\/div>\n\t\t\t\t<\/div>\n\t\t\t\t<div class=\"elementor-element elementor-element-7e5441b elementor-widget elementor-widget-text-editor\" data-id=\"7e5441b\" data-element_type=\"widget\" data-widget_type=\"text-editor.default\">\n\t\t\t\t<div class=\"elementor-widget-container\">\n\t\t\t\t\t\t\t<p style=\"text-align: center;\">Auch in diesem Jahr konnten sich alle Schulkinder \u00fcber winterliche Schokoladengr\u00fc\u00dfe freuen!<\/p>\t\t\t\t\t\t<\/div>\n\t\t\t\t<\/div>\n\t\t\t\t<div class=\"elementor-element elementor-element-1615ac6 elementor-widget elementor-widget-image-gallery\" data-id=\"1615ac6\" data-element_type=\"widget\" data-widget_type=\"image-gallery.default\">\n\t\t\t\t<div class=\"elementor-widget-container\">\n\t\t\t\t\t<div class=\"elementor-image-gallery\">\n\t\t\t\n\t\t<style type=\"text\/css\">\n\t\t\t#gallery-10 {\n\t\t\t\tmargin: auto;\n\t\t\t}\n\t\t\t#gallery-10 .gallery-item {\n\t\t\t\tfloat: left;\n\t\t\t\tmargin-top: 10px;\n\t\t\t\ttext-align: center;\n\t\t\t\twidth: 33%;\n\t\t\t}\n\t\t\t#gallery-10 img {\n\t\t\t\tborder: 2px solid #cfcfcf;\n\t\t\t}\n\t\t\t#gallery-10 .gallery-caption {\n\t\t\t\tmargin-left: 0;\n\t\t\t}\n\t\t\t\/* see gallery_shortcode() in wp-includes\/media.php *\/\n\t\t<\/style>\n\t\t<div id='gallery-10' class='gallery galleryid-1110 gallery-columns-3 gallery-size-thumbnail'><dl class='gallery-item'>\n\t\t\t<dt class='gallery-icon landscape'>\n\t\t\t\t<a data-elementor-open-lightbox=\"yes\" data-elementor-lightbox-slideshow=\"1615ac6\" data-elementor-lightbox-title=\"F\u00f6Verein_Nikolaust\u00fcten\" data-e-action-hash=\"#elementor-action%3Aaction%3Dlightbox%26settings%3DeyJpZCI6MjE3MSwidXJsIjoiaHR0cDpcL1wvaGFmZW5zY2h1bGUub25saW5lXC93cC1jb250ZW50XC91cGxvYWRzXC8yMDIyXC8xMlwvRm9lVmVyZWluX05pa29sYXVzdHVldGVuLmpwZyIsInNsaWRlc2hvdyI6IjE2MTVhYzYifQ%3D%3D\" href='http:\/\/hafenschule.online\/wp-content\/uploads\/2022\/12\/FoeVerein_Nikolaustueten.jpg'><img loading=\"lazy\" decoding=\"async\" width=\"150\" height=\"150\" src=\"http:\/\/hafenschule.online\/wp-content\/uploads\/2022\/12\/FoeVerein_Nikolaustueten-150x150.jpg\" class=\"attachment-thumbnail size-thumbnail\" alt=\"\" aria-describedby=\"gallery-10-2171\" \/><\/a>\n\t\t\t<\/dt>\n\t\t\t\t<dd class='wp-caption-text gallery-caption' id='gallery-10-2171'>\n\t\t\t\tNikolaust\u00fcten.\n\t\t\t\t<\/dd><\/dl><dl class='gallery-item'>\n\t\t\t<dt class='gallery-icon landscape'>\n\t\t\t\t<a data-elementor-open-lightbox=\"yes\" data-elementor-lightbox-slideshow=\"1615ac6\" data-elementor-lightbox-title=\"F\u00f6Verein_Schoko-Nikol\u00e4use\" data-e-action-hash=\"#elementor-action%3Aaction%3Dlightbox%26settings%3DeyJpZCI6MjE3MiwidXJsIjoiaHR0cDpcL1wvaGFmZW5zY2h1bGUub25saW5lXC93cC1jb250ZW50XC91cGxvYWRzXC8yMDIyXC8xMlwvRm9lVmVyZWluX1NjaG9rby1OaWtvbGFldXNlLmpwZyIsInNsaWRlc2hvdyI6IjE2MTVhYzYifQ%3D%3D\" href='http:\/\/hafenschule.online\/wp-content\/uploads\/2022\/12\/FoeVerein_Schoko-Nikolaeuse.jpg'><img loading=\"lazy\" decoding=\"async\" width=\"150\" height=\"150\" src=\"http:\/\/hafenschule.online\/wp-content\/uploads\/2022\/12\/FoeVerein_Schoko-Nikolaeuse-150x150.jpg\" class=\"attachment-thumbnail size-thumbnail\" alt=\"\" aria-describedby=\"gallery-10-2172\" \/><\/a>\n\t\t\t<\/dt>\n\t\t\t\t<dd class='wp-caption-text gallery-caption' id='gallery-10-2172'>\n\t\t\t\t Es gab Schoko-Nikol\u00e4use und Veggi-Gummib\u00e4rchen.\n\t\t\t\t<\/dd><\/dl><dl class='gallery-item'>\n\t\t\t<dt class='gallery-icon landscape'>\n\t\t\t\t<a data-elementor-open-lightbox=\"yes\" data-elementor-lightbox-slideshow=\"1615ac6\" data-elementor-lightbox-title=\"F\u00f6Verein_Nikolaust\u00fcten (3)\" data-e-action-hash=\"#elementor-action%3Aaction%3Dlightbox%26settings%3DeyJpZCI6MjE3MywidXJsIjoiaHR0cDpcL1wvaGFmZW5zY2h1bGUub25saW5lXC93cC1jb250ZW50XC91cGxvYWRzXC8yMDIyXC8xMlwvRm9lVmVyZWluX05pa29sYXVzdHVldGVuLTMuanBnIiwic2xpZGVzaG93IjoiMTYxNWFjNiJ9\" href='http:\/\/hafenschule.online\/wp-content\/uploads\/2022\/12\/FoeVerein_Nikolaustueten-3.jpg'><img loading=\"lazy\" decoding=\"async\" width=\"150\" height=\"150\" src=\"http:\/\/hafenschule.online\/wp-content\/uploads\/2022\/12\/FoeVerein_Nikolaustueten-3-150x150.jpg\" class=\"attachment-thumbnail size-thumbnail\" alt=\"\" aria-describedby=\"gallery-10-2173\" \/><\/a>\n\t\t\t<\/dt>\n\t\t\t\t<dd class='wp-caption-text gallery-caption' id='gallery-10-2173'>\n\t\t\t\tF\u00fcr alle Klassen war etwas dabei.\n\t\t\t\t<\/dd><\/dl><br style=\"clear: both\" \/>\n\t\t<\/div>\n\t\t<\/div>\n\t\t\t\t<\/div>\n\t\t\t\t<\/div>\n\t\t\t\t<div class=\"elementor-element elementor-element-f22ba5c elementor-widget elementor-widget-text-editor\" data-id=\"f22ba5c\" data-element_type=\"widget\" data-widget_type=\"text-editor.default\">\n\t\t\t\t<div class=\"elementor-widget-container\">\n\t\t\t\t\t\t\t<h2 style=\"text-align: center;\"><b>Spendenaktion iPads f\u00fcr die Hafenschule!<\/b><\/h2><p>Mit Spendenboxen im Schiersteiner Einzelhandel und Spendenanfragen bei Wiesbadener Unternehmen und Institutionen konnte der F\u00f6rderverein Spenden in H\u00f6he von \u00fcber 2.000,-\u20ac f\u00fcr die Anschaffung von Klassen-iPads f\u00fcr die Hafenschule sammeln.\u00a0<\/p><p><span style=\"font-family: var( --e-global-typography-text-font-family ), Sans-serif; font-weight: var( --e-global-typography-text-font-weight );\">Danke an:\u00a0<\/span><span style=\"font-family: var( --e-global-typography-text-font-family ), Sans-serif; font-weight: var( --e-global-typography-text-font-weight );\">den Gewinn-Sparverein der Sparda-Bank Hessen e. V., die Nassauische Sparkasse, die Volksbank Wiesbaden, die Buchecke Schierstein, die Backerei Schr\u00f6er, Friseur Fuhr und Blumendesign bei Katja!<\/span><\/p>\t\t\t\t\t\t<\/div>\n\t\t\t\t<\/div>\n\t\t\t\t<div class=\"elementor-element elementor-element-44d5b03 elementor-widget elementor-widget-image-gallery\" data-id=\"44d5b03\" data-element_type=\"widget\" data-widget_type=\"image-gallery.default\">\n\t\t\t\t<div class=\"elementor-widget-container\">\n\t\t\t\t\t<div class=\"elementor-image-gallery\">\n\t\t\t\n\t\t<style type=\"text\/css\">\n\t\t\t#gallery-11 {\n\t\t\t\tmargin: auto;\n\t\t\t}\n\t\t\t#gallery-11 .gallery-item {\n\t\t\t\tfloat: left;\n\t\t\t\tmargin-top: 10px;\n\t\t\t\ttext-align: center;\n\t\t\t\twidth: 25%;\n\t\t\t}\n\t\t\t#gallery-11 img {\n\t\t\t\tborder: 2px solid #cfcfcf;\n\t\t\t}\n\t\t\t#gallery-11 .gallery-caption {\n\t\t\t\tmargin-left: 0;\n\t\t\t}\n\t\t\t\/* see gallery_shortcode() in wp-includes\/media.php *\/\n\t\t<\/style>\n\t\t<div id='gallery-11' class='gallery galleryid-1110 gallery-columns-4 gallery-size-thumbnail'><dl class='gallery-item'>\n\t\t\t<dt class='gallery-icon portrait'>\n\t\t\t\t<a data-elementor-open-lightbox=\"yes\" data-elementor-lightbox-slideshow=\"44d5b03\" data-elementor-lightbox-title=\"F\u00f6V_Teaserbild_iPad-Spenden_Hafenschule\" data-elementor-lightbox-description=\"F\u00f6V_Teaserbild_iPad-Spenden_Hafenschule\" data-e-action-hash=\"#elementor-action%3Aaction%3Dlightbox%26settings%3DeyJpZCI6MjEyNSwidXJsIjoiaHR0cDpcL1wvaGFmZW5zY2h1bGUub25saW5lXC93cC1jb250ZW50XC91cGxvYWRzXC8yMDIyXC8xMVwvSGFuZHpldHRlbF9pUGFkc3BlbmRlbl9Ib2NoZm9ybWF0X0F1c3NjaG5pdHQuanBnIiwic2xpZGVzaG93IjoiNDRkNWIwMyJ9\" href='http:\/\/hafenschule.online\/wp-content\/uploads\/2022\/11\/Handzettel_iPadspenden_Hochformat_Ausschnitt.jpg'><img loading=\"lazy\" decoding=\"async\" width=\"150\" height=\"150\" src=\"http:\/\/hafenschule.online\/wp-content\/uploads\/2022\/11\/Handzettel_iPadspenden_Hochformat_Ausschnitt-150x150.jpg\" class=\"attachment-thumbnail size-thumbnail\" alt=\"F\u00f6V_Teaserbild_iPad-Spenden_Hafenschule\" aria-describedby=\"gallery-11-2125\" \/><\/a>\n\t\t\t<\/dt>\n\t\t\t\t<dd class='wp-caption-text gallery-caption' id='gallery-11-2125'>\n\t\t\t\tF\u00f6V_iPad-Spenden_Hafenschule\n\t\t\t\t<\/dd><\/dl><dl class='gallery-item'>\n\t\t\t<dt class='gallery-icon landscape'>\n\t\t\t\t<a data-elementor-open-lightbox=\"yes\" data-elementor-lightbox-slideshow=\"44d5b03\" data-elementor-lightbox-title=\"20221119_200358\" data-elementor-lightbox-description=\"F\u00f6V_Teaserbild_iPad-Spenden_Hafenschule\" data-e-action-hash=\"#elementor-action%3Aaction%3Dlightbox%26settings%3DeyJpZCI6MjQyOCwidXJsIjoiaHR0cDpcL1wvaGFmZW5zY2h1bGUub25saW5lXC93cC1jb250ZW50XC91cGxvYWRzXC8yMDIzXC8wNlwvMjAyMjExMTlfMjAwMzU4LXNjYWxlZC5qcGciLCJzbGlkZXNob3ciOiI0NGQ1YjAzIn0%3D\" href='http:\/\/hafenschule.online\/wp-content\/uploads\/2023\/06\/20221119_200358-scaled.jpg'><img loading=\"lazy\" decoding=\"async\" width=\"150\" height=\"150\" src=\"http:\/\/hafenschule.online\/wp-content\/uploads\/2023\/06\/20221119_200358-150x150.jpg\" class=\"attachment-thumbnail size-thumbnail\" alt=\"\" aria-describedby=\"gallery-11-2428\" \/><\/a>\n\t\t\t<\/dt>\n\t\t\t\t<dd class='wp-caption-text gallery-caption' id='gallery-11-2428'>\n\t\t\t\tSpendenboxen Schiersteiner Einzelhandel\n\t\t\t\t<\/dd><\/dl><dl class='gallery-item'>\n\t\t\t<dt class='gallery-icon landscape'>\n\t\t\t\t<a data-elementor-open-lightbox=\"yes\" data-elementor-lightbox-slideshow=\"44d5b03\" data-elementor-lightbox-title=\"IMG-20221122-WA0002\" data-elementor-lightbox-description=\"F\u00f6V_Teaserbild_iPad-Spenden_Hafenschule\" data-e-action-hash=\"#elementor-action%3Aaction%3Dlightbox%26settings%3DeyJpZCI6MjQyOSwidXJsIjoiaHR0cDpcL1wvaGFmZW5zY2h1bGUub25saW5lXC93cC1jb250ZW50XC91cGxvYWRzXC8yMDIzXC8wNlwvSU1HLTIwMjIxMTIyLVdBMDAwMi5qcGciLCJzbGlkZXNob3ciOiI0NGQ1YjAzIn0%3D\" href='http:\/\/hafenschule.online\/wp-content\/uploads\/2023\/06\/IMG-20221122-WA0002.jpg'><img loading=\"lazy\" decoding=\"async\" width=\"150\" height=\"150\" src=\"http:\/\/hafenschule.online\/wp-content\/uploads\/2023\/06\/IMG-20221122-WA0002-150x150.jpg\" class=\"attachment-thumbnail size-thumbnail\" alt=\"\" aria-describedby=\"gallery-11-2429\" \/><\/a>\n\t\t\t<\/dt>\n\t\t\t\t<dd class='wp-caption-text gallery-caption' id='gallery-11-2429'>\n\t\t\t\tSpendenboxen Schiersteiner Einzelhandel\n\t\t\t\t<\/dd><\/dl><dl class='gallery-item'>\n\t\t\t<dt class='gallery-icon portrait'>\n\t\t\t\t<a data-elementor-open-lightbox=\"yes\" data-elementor-lightbox-slideshow=\"44d5b03\" data-elementor-lightbox-title=\"IMG-20221124-WA0000\" data-elementor-lightbox-description=\"F\u00f6V_Teaserbild_iPad-Spenden_Hafenschule\" data-e-action-hash=\"#elementor-action%3Aaction%3Dlightbox%26settings%3DeyJpZCI6MjQzMCwidXJsIjoiaHR0cDpcL1wvaGFmZW5zY2h1bGUub25saW5lXC93cC1jb250ZW50XC91cGxvYWRzXC8yMDIzXC8wNlwvSU1HLTIwMjIxMTI0LVdBMDAwMC5qcGciLCJzbGlkZXNob3ciOiI0NGQ1YjAzIn0%3D\" href='http:\/\/hafenschule.online\/wp-content\/uploads\/2023\/06\/IMG-20221124-WA0000.jpg'><img loading=\"lazy\" decoding=\"async\" width=\"150\" height=\"150\" src=\"http:\/\/hafenschule.online\/wp-content\/uploads\/2023\/06\/IMG-20221124-WA0000-150x150.jpg\" class=\"attachment-thumbnail size-thumbnail\" alt=\"\" aria-describedby=\"gallery-11-2430\" \/><\/a>\n\t\t\t<\/dt>\n\t\t\t\t<dd class='wp-caption-text gallery-caption' id='gallery-11-2430'>\n\t\t\t\tSpendenboxen Schiersteiner Einzelhandel\n\t\t\t\t<\/dd><\/dl><br style=\"clear: both\" \/>\n\t\t<\/div>\n\t\t<\/div>\n\t\t\t\t<\/div>\n\t\t\t\t<\/div>\n\t\t\t\t<div class=\"elementor-element elementor-element-ef62327 elementor-widget elementor-widget-text-editor\" data-id=\"ef62327\" data-element_type=\"widget\" data-widget_type=\"text-editor.default\">\n\t\t\t\t<div class=\"elementor-widget-container\">\n\t\t\t\t\t\t\t<h2 style=\"text-align: center;\"><b>Infos aus der Mitgliederversammlung vom 28. November 2022<\/b><\/h2>\nAuf der Mitgliederversammlung am 28. November 2022 im B\u00fcrgerhaus &#8222;Alte Hafenschule&#8220; wurde\u00a0 der Vorstand neu gew\u00e4hlt, da die zwei Jahre Amtszeit endeten. Neu bzw. wieder gew\u00e4hlt wurden:\u00a0<span style=\"font-family: var( --e-global-typography-text-font-family ), Sans-serif; font-weight: var( --e-global-typography-text-font-weight );\">Cornelia Bachmann als Vorsitzende, Marco Gerhardt als Kassierer, Maren Nusser als 1. Beisitzerin sowie Anne G\u00f6bl als 2. Beisitzerin. Als Kassenpr\u00fcferinnen stehen uns wieder Silke Hase und Kerstin Boll zur Seite.<\/span>\n\n<span style=\"font-family: var( --e-global-typography-text-font-family ), Sans-serif; font-weight: var( --e-global-typography-text-font-weight );\">Leider konnte der Vorstandsposten der Schriftf\u00fchrerin\/des Schriftf\u00fchrers aus den Reihen der Mitglieder auf der Mitgliederversammlung aktuell nicht nachbesetzt werden.\u00a0\u00a0<\/span>\n\n<span style=\"font-family: var( --e-global-typography-text-font-family ), Sans-serif; font-weight: var( --e-global-typography-text-font-weight );\">Das Protokoll der Mitgliederversammlung steht <a style=\"color: #00474a\"<a href=\"http:\/\/hafenschule.online\/wp-content\/uploads\/2023\/02\/22-11-29_Protokoll-der-MV-28.11.2022.pdf\">hier<\/a> zum Download bereit.<\/span>\t\t\t\t\t\t<\/div>\n\t\t\t\t<\/div>\n\t\t\t\t<div class=\"elementor-element elementor-element-0c8cf6a elementor-widget elementor-widget-text-editor\" data-id=\"0c8cf6a\" data-element_type=\"widget\" data-widget_type=\"text-editor.default\">\n\t\t\t\t<div class=\"elementor-widget-container\">\n\t\t\t\t\t\t\t<h2 style=\"text-align: center;\"><b>Einschulungsfeier am 6. September 2022<\/b><\/h2><p style=\"text-align: left;\">Zusammen mit dem Schulelternbeirat und flei\u00dfigen, helfenden H\u00e4nden aus der Elternschaft konnten wir uns in diesem Jahr an der Einschulungsfeier beteiligen: Es gab Kaffee, Kuchen, Sekt und Orangensaft im &#8222;gr\u00fcnen Klassenzimmer&#8220; auf der Schulwiese f\u00fcr alle gro\u00dfen und kleinen G\u00e4ste der Einschulungsfeier. F\u00fcr alle kleinen ABC-Sch\u00fctzen gab es S\u00fc\u00dfigkeiten-T\u00fctchen (gegen die Aufregung) und Helium-Ballons (f\u00fcr die Herzensw\u00fcnsche zum 1. Schultag) an ihrem gro\u00dfen Tag!<\/p>\t\t\t\t\t\t<\/div>\n\t\t\t\t<\/div>\n\t\t\t\t<div class=\"elementor-element elementor-element-a1529e5 elementor-widget elementor-widget-image-gallery\" data-id=\"a1529e5\" data-element_type=\"widget\" data-widget_type=\"image-gallery.default\">\n\t\t\t\t<div class=\"elementor-widget-container\">\n\t\t\t\t\t<div class=\"elementor-image-gallery\">\n\t\t\t\n\t\t<style type=\"text\/css\">\n\t\t\t#gallery-12 {\n\t\t\t\tmargin: auto;\n\t\t\t}\n\t\t\t#gallery-12 .gallery-item {\n\t\t\t\tfloat: left;\n\t\t\t\tmargin-top: 10px;\n\t\t\t\ttext-align: center;\n\t\t\t\twidth: 25%;\n\t\t\t}\n\t\t\t#gallery-12 img {\n\t\t\t\tborder: 2px solid #cfcfcf;\n\t\t\t}\n\t\t\t#gallery-12 .gallery-caption {\n\t\t\t\tmargin-left: 0;\n\t\t\t}\n\t\t\t\/* see gallery_shortcode() in wp-includes\/media.php *\/\n\t\t<\/style>\n\t\t<div id='gallery-12' class='gallery galleryid-1110 gallery-columns-4 gallery-size-thumbnail'><dl class='gallery-item'>\n\t\t\t<dt class='gallery-icon landscape'>\n\t\t\t\t<a data-elementor-open-lightbox=\"yes\" data-elementor-lightbox-slideshow=\"a1529e5\" data-elementor-lightbox-title=\"F\u00f6Verein_Einschulung_Buffet\" data-e-action-hash=\"#elementor-action%3Aaction%3Dlightbox%26settings%3DeyJpZCI6MjA1MCwidXJsIjoiaHR0cDpcL1wvaGFmZW5zY2h1bGUub25saW5lXC93cC1jb250ZW50XC91cGxvYWRzXC8yMDIyXC8wOVwvRm9lVmVyZWluX0VpbnNjaHVsdW5nX0J1ZmZldC1zY2FsZWQuanBnIiwic2xpZGVzaG93IjoiYTE1MjllNSJ9\" href='http:\/\/hafenschule.online\/wp-content\/uploads\/2022\/09\/FoeVerein_Einschulung_Buffet-scaled.jpg'><img loading=\"lazy\" decoding=\"async\" width=\"150\" height=\"150\" src=\"http:\/\/hafenschule.online\/wp-content\/uploads\/2022\/09\/FoeVerein_Einschulung_Buffet-150x150.jpg\" class=\"attachment-thumbnail size-thumbnail\" alt=\"\" aria-describedby=\"gallery-12-2050\" \/><\/a>\n\t\t\t<\/dt>\n\t\t\t\t<dd class='wp-caption-text gallery-caption' id='gallery-12-2050'>\n\t\t\t\tBuffet\n\t\t\t\t<\/dd><\/dl><dl class='gallery-item'>\n\t\t\t<dt class='gallery-icon portrait'>\n\t\t\t\t<a data-elementor-open-lightbox=\"yes\" data-elementor-lightbox-slideshow=\"a1529e5\" data-elementor-lightbox-title=\"F\u00f6Verein_Einschulung_Sweets\" data-e-action-hash=\"#elementor-action%3Aaction%3Dlightbox%26settings%3DeyJpZCI6MjA1MywidXJsIjoiaHR0cDpcL1wvaGFmZW5zY2h1bGUub25saW5lXC93cC1jb250ZW50XC91cGxvYWRzXC8yMDIyXC8wOVwvRm9lVmVyZWluX0VpbnNjaHVsdW5nX1N3ZWV0cy5qcGciLCJzbGlkZXNob3ciOiJhMTUyOWU1In0%3D\" href='http:\/\/hafenschule.online\/wp-content\/uploads\/2022\/09\/FoeVerein_Einschulung_Sweets.jpg'><img loading=\"lazy\" decoding=\"async\" width=\"150\" height=\"150\" src=\"http:\/\/hafenschule.online\/wp-content\/uploads\/2022\/09\/FoeVerein_Einschulung_Sweets-150x150.jpg\" class=\"attachment-thumbnail size-thumbnail\" alt=\"\" aria-describedby=\"gallery-12-2053\" \/><\/a>\n\t\t\t<\/dt>\n\t\t\t\t<dd class='wp-caption-text gallery-caption' id='gallery-12-2053'>\n\t\t\t\tS\u00fc\u00dfigkeiten-T\u00fctchen\n\t\t\t\t<\/dd><\/dl><dl class='gallery-item'>\n\t\t\t<dt class='gallery-icon landscape'>\n\t\t\t\t<a data-elementor-open-lightbox=\"yes\" data-elementor-lightbox-slideshow=\"a1529e5\" data-elementor-lightbox-title=\"F\u00f6Verein_Einschulung_Luftballons\" data-e-action-hash=\"#elementor-action%3Aaction%3Dlightbox%26settings%3DeyJpZCI6MjA1MiwidXJsIjoiaHR0cDpcL1wvaGFmZW5zY2h1bGUub25saW5lXC93cC1jb250ZW50XC91cGxvYWRzXC8yMDIyXC8wOVwvRm9lVmVyZWluX0VpbnNjaHVsdW5nX0x1ZnRiYWxsb25zLXNjYWxlZC5qcGciLCJzbGlkZXNob3ciOiJhMTUyOWU1In0%3D\" href='http:\/\/hafenschule.online\/wp-content\/uploads\/2022\/09\/FoeVerein_Einschulung_Luftballons-scaled.jpg'><img loading=\"lazy\" decoding=\"async\" width=\"150\" height=\"150\" src=\"http:\/\/hafenschule.online\/wp-content\/uploads\/2022\/09\/FoeVerein_Einschulung_Luftballons-150x150.jpg\" class=\"attachment-thumbnail size-thumbnail\" alt=\"\" aria-describedby=\"gallery-12-2052\" \/><\/a>\n\t\t\t<\/dt>\n\t\t\t\t<dd class='wp-caption-text gallery-caption' id='gallery-12-2052'>\n\t\t\t\tBallons steigen\n\t\t\t\t<\/dd><\/dl><dl class='gallery-item'>\n\t\t\t<dt class='gallery-icon portrait'>\n\t\t\t\t<a data-elementor-open-lightbox=\"yes\" data-elementor-lightbox-slideshow=\"a1529e5\" data-elementor-lightbox-title=\"F\u00f6Verein_Einschulung_Luftballons(2)\" data-e-action-hash=\"#elementor-action%3Aaction%3Dlightbox%26settings%3DeyJpZCI6MjA1MSwidXJsIjoiaHR0cDpcL1wvaGFmZW5zY2h1bGUub25saW5lXC93cC1jb250ZW50XC91cGxvYWRzXC8yMDIyXC8wOVwvRm9lVmVyZWluX0VpbnNjaHVsdW5nX0x1ZnRiYWxsb25zMi1zY2FsZWQuanBnIiwic2xpZGVzaG93IjoiYTE1MjllNSJ9\" href='http:\/\/hafenschule.online\/wp-content\/uploads\/2022\/09\/FoeVerein_Einschulung_Luftballons2-scaled.jpg'><img loading=\"lazy\" decoding=\"async\" width=\"150\" height=\"150\" src=\"http:\/\/hafenschule.online\/wp-content\/uploads\/2022\/09\/FoeVerein_Einschulung_Luftballons2-150x150.jpg\" class=\"attachment-thumbnail size-thumbnail\" alt=\"\" aria-describedby=\"gallery-12-2051\" \/><\/a>\n\t\t\t<\/dt>\n\t\t\t\t<dd class='wp-caption-text gallery-caption' id='gallery-12-2051'>\n\t\t\t\tSo viele W\u00fcnsche!\n\t\t\t\t<\/dd><\/dl><br style=\"clear: both\" \/>\n\t\t<\/div>\n\t\t<\/div>\n\t\t\t\t<\/div>\n\t\t\t\t<\/div>\n\t\t\t\t<div class=\"elementor-element elementor-element-03643ca elementor-widget elementor-widget-text-editor\" data-id=\"03643ca\" data-element_type=\"widget\" data-widget_type=\"text-editor.default\">\n\t\t\t\t<div class=\"elementor-widget-container\">\n\t\t\t\t\t\t\t<h2 style=\"text-align: center;\"><b>Ballonstand auf dem Sommerfest der Hafenschule<\/b><\/h2><p style=\"text-align: left;\"><span style=\"color: var( --e-global-color-text ); font-family: var( --e-global-typography-text-font-family ), Sans-serif; font-weight: var( --e-global-typography-text-font-weight );\">Als einer von insgesamt zehn St\u00e4nden pr\u00e4sentierte sich der F\u00f6rderverein auf dem diesj\u00e4hrigen Sommerfest der Hafenschule mit einem Ballonstand. Am 15. Juli bei herrlichem Sommerwetter konnten wir allen gro\u00dfen und kleinen Besuchern eine Freude mit einem Ballon machen \u2013 sprichw\u00f6rtlich bis uns das Gas ausging\u00a0<\/span><span style=\"color: var( --e-global-color-text ); font-family: var( --e-global-typography-text-font-family ), Sans-serif; font-weight: var( --e-global-typography-text-font-weight );\">\ud83d\ude42 !<\/span><span style=\"color: var( --e-global-color-text ); font-family: var( --e-global-typography-text-font-family ), Sans-serif; font-weight: var( --e-global-typography-text-font-weight );\">\u00a0F\u00fcr die von zahlreichen Hafenkids-Eltern und dem <span style=\"color: #00474a;\"><a style=\"color: #00474a;\" href=\"http:\/\/hafenschule.online\/?page_id=298\" target=\"_blank\" rel=\"noopener\">Schulelternbeirat<\/a><\/span>\u00a0<\/span><span style=\"color: var( --e-global-color-text ); font-family: var( --e-global-typography-text-font-family ), Sans-serif; font-weight: var( --e-global-typography-text-font-weight );\">organisierten St\u00e4nde der Klassen gab es vom F\u00f6rderverein bereitgestellte\u00a0<\/span><span style=\"color: var( --e-global-color-text ); font-family: var( --e-global-typography-text-font-family ), Sans-serif; font-weight: var( --e-global-typography-text-font-weight );\">S\u00fc\u00dfigkeiten zu erspielen: Ob beim Dosenwerfen, Eierlaufen, Torwandschie\u00dfen, mit-dem-Feuerwehrschlauch-Zielspritzen,\u00a0<\/span><span style=\"color: var( --e-global-color-text ); font-family: var( --e-global-typography-text-font-family ), Sans-serif; font-weight: var( --e-global-typography-text-font-weight );\">Kinder-Schminken, Bier-Pong (ohne Bier!), F\u00fchl-,Tast- und Schnupperboxen sowie Ansteck-Buttons-Basteln\u00a0<\/span><span style=\"color: var( --e-global-color-text ); font-family: var( --e-global-typography-text-font-family ), Sans-serif; font-weight: var( --e-global-typography-text-font-weight );\">war f\u00fcr jede und jeden etwas dabei. Das obligatorische Kuchenbuffet sowie ein\u00a0<\/span><span style=\"color: var( --e-global-color-text ); font-family: var( --e-global-typography-text-font-family ), Sans-serif; font-weight: var( --e-global-typography-text-font-weight );\">Getr\u00e4nke- und Grillstand rundeten das Sommerfest kulinarisch ab. Soviel Action\u00a0<\/span><span style=\"color: var( --e-global-color-text ); font-family: var( --e-global-typography-text-font-family ), Sans-serif; font-weight: var( --e-global-typography-text-font-weight );\">hat der Schulhof lange nicht erlebt! Sch\u00f6n war\u00b4s\u2026<\/span><\/p>\t\t\t\t\t\t<\/div>\n\t\t\t\t<\/div>\n\t\t\t\t<div class=\"elementor-element elementor-element-663dcde elementor-widget elementor-widget-image-gallery\" data-id=\"663dcde\" data-element_type=\"widget\" data-widget_type=\"image-gallery.default\">\n\t\t\t\t<div class=\"elementor-widget-container\">\n\t\t\t\t\t<div class=\"elementor-image-gallery\">\n\t\t\t\n\t\t<style type=\"text\/css\">\n\t\t\t#gallery-13 {\n\t\t\t\tmargin: auto;\n\t\t\t}\n\t\t\t#gallery-13 .gallery-item {\n\t\t\t\tfloat: left;\n\t\t\t\tmargin-top: 10px;\n\t\t\t\ttext-align: center;\n\t\t\t\twidth: 25%;\n\t\t\t}\n\t\t\t#gallery-13 img {\n\t\t\t\tborder: 2px solid #cfcfcf;\n\t\t\t}\n\t\t\t#gallery-13 .gallery-caption {\n\t\t\t\tmargin-left: 0;\n\t\t\t}\n\t\t\t\/* see gallery_shortcode() in wp-includes\/media.php *\/\n\t\t<\/style>\n\t\t<div id='gallery-13' class='gallery galleryid-1110 gallery-columns-4 gallery-size-thumbnail'><dl class='gallery-item'>\n\t\t\t<dt class='gallery-icon landscape'>\n\t\t\t\t<a data-elementor-open-lightbox=\"yes\" data-elementor-lightbox-slideshow=\"663dcde\" data-elementor-lightbox-title=\"F\u00f6V_Sommerfest_20220715Gruppenfoto_n\u00e4her\" data-e-action-hash=\"#elementor-action%3Aaction%3Dlightbox%26settings%3DeyJpZCI6MTk1NiwidXJsIjoiaHR0cDpcL1wvaGFmZW5zY2h1bGUub25saW5lXC93cC1jb250ZW50XC91cGxvYWRzXC8yMDIyXC8wN1wvRm9lVl9Tb21tZXJmZXN0XzIwMjIwNzE1R3J1cHBlbmZvdG9fbmFlaGVyLmpwZyIsInNsaWRlc2hvdyI6IjY2M2RjZGUifQ%3D%3D\" href='http:\/\/hafenschule.online\/wp-content\/uploads\/2022\/07\/FoeV_Sommerfest_20220715Gruppenfoto_naeher.jpg'><img loading=\"lazy\" decoding=\"async\" width=\"150\" height=\"150\" src=\"http:\/\/hafenschule.online\/wp-content\/uploads\/2022\/07\/FoeV_Sommerfest_20220715Gruppenfoto_naeher-150x150.jpg\" class=\"attachment-thumbnail size-thumbnail\" alt=\"Maren Nusser, Cornelia Bachmann, Marco Gerhardt, Anne G\u00f6bl (v.l.n.r.)\" aria-describedby=\"gallery-13-1956\" \/><\/a>\n\t\t\t<\/dt>\n\t\t\t\t<dd class='wp-caption-text gallery-caption' id='gallery-13-1956'>\n\t\t\t\tMaren Nusser, Cornelia Bachmann, Marco Gerhardt, Anne G\u00f6bl (v.l.n.r.)\n\t\t\t\t<\/dd><\/dl><dl class='gallery-item'>\n\t\t\t<dt class='gallery-icon landscape'>\n\t\t\t\t<a data-elementor-open-lightbox=\"yes\" data-elementor-lightbox-slideshow=\"663dcde\" data-elementor-lightbox-title=\"F\u00f6V_Sommerfest 20220715_kann losgehen\" data-e-action-hash=\"#elementor-action%3Aaction%3Dlightbox%26settings%3DeyJpZCI6MTk0OSwidXJsIjoiaHR0cDpcL1wvaGFmZW5zY2h1bGUub25saW5lXC93cC1jb250ZW50XC91cGxvYWRzXC8yMDIyXC8wN1wvRm9lVl9Tb21tZXJmZXN0LTIwMjIwNzE1X2thbm4tbG9zZ2VoZW4tc2NhbGVkLmpwZyIsInNsaWRlc2hvdyI6IjY2M2RjZGUifQ%3D%3D\" href='http:\/\/hafenschule.online\/wp-content\/uploads\/2022\/07\/FoeV_Sommerfest-20220715_kann-losgehen-scaled.jpg'><img loading=\"lazy\" decoding=\"async\" width=\"150\" height=\"150\" src=\"http:\/\/hafenschule.online\/wp-content\/uploads\/2022\/07\/FoeV_Sommerfest-20220715_kann-losgehen-150x150.jpg\" class=\"attachment-thumbnail size-thumbnail\" alt=\"\" aria-describedby=\"gallery-13-1949\" \/><\/a>\n\t\t\t<\/dt>\n\t\t\t\t<dd class='wp-caption-text gallery-caption' id='gallery-13-1949'>\n\t\t\t\tKann losgehen!\n\t\t\t\t<\/dd><\/dl><dl class='gallery-item'>\n\t\t\t<dt class='gallery-icon landscape'>\n\t\t\t\t<a data-elementor-open-lightbox=\"yes\" data-elementor-lightbox-slideshow=\"663dcde\" data-elementor-lightbox-title=\"F\u00f6V_Sommerfest_20220715_Vorbereitungen laufen\" data-e-action-hash=\"#elementor-action%3Aaction%3Dlightbox%26settings%3DeyJpZCI6MTk1NSwidXJsIjoiaHR0cDpcL1wvaGFmZW5zY2h1bGUub25saW5lXC93cC1jb250ZW50XC91cGxvYWRzXC8yMDIyXC8wN1wvRm9lVl9Tb21tZXJmZXN0XzIwMjIwNzE1X1ZvcmJlcmVpdHVuZ2VuLWxhdWZlbi1zY2FsZWQuanBnIiwic2xpZGVzaG93IjoiNjYzZGNkZSJ9\" href='http:\/\/hafenschule.online\/wp-content\/uploads\/2022\/07\/FoeV_Sommerfest_20220715_Vorbereitungen-laufen-scaled.jpg'><img loading=\"lazy\" decoding=\"async\" width=\"150\" height=\"150\" src=\"http:\/\/hafenschule.online\/wp-content\/uploads\/2022\/07\/FoeV_Sommerfest_20220715_Vorbereitungen-laufen-150x150.jpg\" class=\"attachment-thumbnail size-thumbnail\" alt=\"\" aria-describedby=\"gallery-13-1955\" \/><\/a>\n\t\t\t<\/dt>\n\t\t\t\t<dd class='wp-caption-text gallery-caption' id='gallery-13-1955'>\n\t\t\t\tflei\u00dfig, flei\u00dfig\n\t\t\t\t<\/dd><\/dl><dl class='gallery-item'>\n\t\t\t<dt class='gallery-icon landscape'>\n\t\t\t\t<a data-elementor-open-lightbox=\"yes\" data-elementor-lightbox-slideshow=\"663dcde\" data-elementor-lightbox-title=\"F\u00f6V_Sommerfest_20220715_\u00fcberall Ballons\" data-e-action-hash=\"#elementor-action%3Aaction%3Dlightbox%26settings%3DeyJpZCI6MTk1NCwidXJsIjoiaHR0cDpcL1wvaGFmZW5zY2h1bGUub25saW5lXC93cC1jb250ZW50XC91cGxvYWRzXC8yMDIyXC8wN1wvRm9lVl9Tb21tZXJmZXN0XzIwMjIwNzE1X3VlYmVyYWxsLUJhbGxvbnMtc2NhbGVkLmpwZyIsInNsaWRlc2hvdyI6IjY2M2RjZGUifQ%3D%3D\" href='http:\/\/hafenschule.online\/wp-content\/uploads\/2022\/07\/FoeV_Sommerfest_20220715_ueberall-Ballons-scaled.jpg'><img loading=\"lazy\" decoding=\"async\" width=\"150\" height=\"150\" src=\"http:\/\/hafenschule.online\/wp-content\/uploads\/2022\/07\/FoeV_Sommerfest_20220715_ueberall-Ballons-150x150.jpg\" class=\"attachment-thumbnail size-thumbnail\" alt=\"\" aria-describedby=\"gallery-13-1954\" \/><\/a>\n\t\t\t<\/dt>\n\t\t\t\t<dd class='wp-caption-text gallery-caption' id='gallery-13-1954'>\n\t\t\t\tein Ballon-Meer \n\t\t\t\t<\/dd><\/dl><br style=\"clear: both\" \/><dl class='gallery-item'>\n\t\t\t<dt class='gallery-icon landscape'>\n\t\t\t\t<a data-elementor-open-lightbox=\"yes\" data-elementor-lightbox-slideshow=\"663dcde\" data-elementor-lightbox-title=\"F\u00f6V_Sommerfest_20220715_Ballon\" data-e-action-hash=\"#elementor-action%3Aaction%3Dlightbox%26settings%3DeyJpZCI6MTk1MiwidXJsIjoiaHR0cDpcL1wvaGFmZW5zY2h1bGUub25saW5lXC93cC1jb250ZW50XC91cGxvYWRzXC8yMDIyXC8wN1wvRm9lVl9Tb21tZXJmZXN0XzIwMjIwNzE1X0JhbGxvbi1zY2FsZWQuanBnIiwic2xpZGVzaG93IjoiNjYzZGNkZSJ9\" href='http:\/\/hafenschule.online\/wp-content\/uploads\/2022\/07\/FoeV_Sommerfest_20220715_Ballon-scaled.jpg'><img loading=\"lazy\" decoding=\"async\" width=\"150\" height=\"150\" src=\"http:\/\/hafenschule.online\/wp-content\/uploads\/2022\/07\/FoeV_Sommerfest_20220715_Ballon-150x150.jpg\" class=\"attachment-thumbnail size-thumbnail\" alt=\"\" aria-describedby=\"gallery-13-1952\" \/><\/a>\n\t\t\t<\/dt>\n\t\t\t\t<dd class='wp-caption-text gallery-caption' id='gallery-13-1952'>\n\t\t\t\tunsere Ballons\n\t\t\t\t<\/dd><\/dl><dl class='gallery-item'>\n\t\t\t<dt class='gallery-icon landscape'>\n\t\t\t\t<a data-elementor-open-lightbox=\"yes\" data-elementor-lightbox-slideshow=\"663dcde\" data-elementor-lightbox-title=\"F\u00f6V_Sommerfest_20220715_alle H\u00e4nde voll zu tun2\" data-e-action-hash=\"#elementor-action%3Aaction%3Dlightbox%26settings%3DeyJpZCI6MTk1MSwidXJsIjoiaHR0cDpcL1wvaGFmZW5zY2h1bGUub25saW5lXC93cC1jb250ZW50XC91cGxvYWRzXC8yMDIyXC8wN1wvRm9lVl9Tb21tZXJmZXN0XzIwMjIwNzE1X2FsbGUtSGFlbmRlLXZvbGwtenUtdHVuMi1zY2FsZWQuanBnIiwic2xpZGVzaG93IjoiNjYzZGNkZSJ9\" href='http:\/\/hafenschule.online\/wp-content\/uploads\/2022\/07\/FoeV_Sommerfest_20220715_alle-Haende-voll-zu-tun2-scaled.jpg'><img loading=\"lazy\" decoding=\"async\" width=\"150\" height=\"150\" src=\"http:\/\/hafenschule.online\/wp-content\/uploads\/2022\/07\/FoeV_Sommerfest_20220715_alle-Haende-voll-zu-tun2-150x150.jpg\" class=\"attachment-thumbnail size-thumbnail\" alt=\"\" aria-describedby=\"gallery-13-1951\" \/><\/a>\n\t\t\t<\/dt>\n\t\t\t\t<dd class='wp-caption-text gallery-caption' id='gallery-13-1951'>\n\t\t\t\tzahlreiche Abnehmer\n\t\t\t\t<\/dd><\/dl><dl class='gallery-item'>\n\t\t\t<dt class='gallery-icon landscape'>\n\t\t\t\t<a data-elementor-open-lightbox=\"yes\" data-elementor-lightbox-slideshow=\"663dcde\" data-elementor-lightbox-title=\"F\u00f6V_Sommerfest_20220715_Gruppenfoto\" data-e-action-hash=\"#elementor-action%3Aaction%3Dlightbox%26settings%3DeyJpZCI6MTk1MywidXJsIjoiaHR0cDpcL1wvaGFmZW5zY2h1bGUub25saW5lXC93cC1jb250ZW50XC91cGxvYWRzXC8yMDIyXC8wN1wvRm9lVl9Tb21tZXJmZXN0XzIwMjIwNzE1X0dydXBwZW5mb3RvLmpwZyIsInNsaWRlc2hvdyI6IjY2M2RjZGUifQ%3D%3D\" href='http:\/\/hafenschule.online\/wp-content\/uploads\/2022\/07\/FoeV_Sommerfest_20220715_Gruppenfoto.jpg'><img loading=\"lazy\" decoding=\"async\" width=\"150\" height=\"150\" src=\"http:\/\/hafenschule.online\/wp-content\/uploads\/2022\/07\/FoeV_Sommerfest_20220715_Gruppenfoto-150x150.jpg\" class=\"attachment-thumbnail size-thumbnail\" alt=\"\" aria-describedby=\"gallery-13-1953\" \/><\/a>\n\t\t\t<\/dt>\n\t\t\t\t<dd class='wp-caption-text gallery-caption' id='gallery-13-1953'>\n\t\t\t\tMaren Nusser, Cornelia Bachmann, Marco Gerhard, Anne G\u00f6bl (v.l.n.r.)\n\t\t\t\t<\/dd><\/dl><dl class='gallery-item'>\n\t\t\t<dt class='gallery-icon landscape'>\n\t\t\t\t<a data-elementor-open-lightbox=\"yes\" data-elementor-lightbox-slideshow=\"663dcde\" data-elementor-lightbox-title=\"F\u00f6V_Sommerfest_20220715_alle H\u00e4nde voll zu tun\" data-e-action-hash=\"#elementor-action%3Aaction%3Dlightbox%26settings%3DeyJpZCI6MTk1MCwidXJsIjoiaHR0cDpcL1wvaGFmZW5zY2h1bGUub25saW5lXC93cC1jb250ZW50XC91cGxvYWRzXC8yMDIyXC8wN1wvRm9lVl9Tb21tZXJmZXN0XzIwMjIwNzE1X2FsbGUtSGFlbmRlLXZvbGwtenUtdHVuLmpwZyIsInNsaWRlc2hvdyI6IjY2M2RjZGUifQ%3D%3D\" href='http:\/\/hafenschule.online\/wp-content\/uploads\/2022\/07\/FoeV_Sommerfest_20220715_alle-Haende-voll-zu-tun.jpg'><img loading=\"lazy\" decoding=\"async\" width=\"150\" height=\"150\" src=\"http:\/\/hafenschule.online\/wp-content\/uploads\/2022\/07\/FoeV_Sommerfest_20220715_alle-Haende-voll-zu-tun-150x150.jpg\" class=\"attachment-thumbnail size-thumbnail\" alt=\"\" aria-describedby=\"gallery-13-1950\" \/><\/a>\n\t\t\t<\/dt>\n\t\t\t\t<dd class='wp-caption-text gallery-caption' id='gallery-13-1950'>\n\t\t\t\tAlle H\u00e4nde voll zu tun&#8230;\n\t\t\t\t<\/dd><\/dl><br style=\"clear: both\" \/>\n\t\t<\/div>\n\t\t<\/div>\n\t\t\t\t<\/div>\n\t\t\t\t<\/div>\n\t\t\t\t<div class=\"elementor-element elementor-element-daa1375 elementor-widget elementor-widget-text-editor\" data-id=\"daa1375\" data-element_type=\"widget\" data-widget_type=\"text-editor.default\">\n\t\t\t\t<div class=\"elementor-widget-container\">\n\t\t\t\t\t\t\t<h2 style=\"text-align: center;\"><b>Infos aus der Mitgliederversammlung vom 13. Juni 2022<\/b><\/h2><p>Auf der Mitgliederversammlung am 13. Juni 2022 wurde Anne G\u00f6bl als 2. Beisitzerin in den erweiterten Vorstand gew\u00e4hlt. Herzlich Willkommen, Anne und danke f\u00fcr deine Unterst\u00fctzung!<\/p><p>Annika Gerstung hat ihr Amt als Vorsitzende auf der Mitgliederversammlung am 13. Juni 2022 niederlegen m\u00fcssen, da sie ihren Wohnort gewechselt hat und so ihr Amt faktisch nicht mehr aus\u00fcben kann. Leider konnte dieser Vorstandsposten auf der Mitgliederversammlung aus den Reihen der Mitglieder noch nicht nachbesetzt werden.\u00a0\u00a0<br \/>Wir danken Annika f\u00fcr ihr langj\u00e4hriges Engagement im Verein!<\/p>\t\t\t\t\t\t<\/div>\n\t\t\t\t<\/div>\n\t\t\t\t<div class=\"elementor-element elementor-element-c7baa3a elementor-view-default elementor-widget elementor-widget-icon\" data-id=\"c7baa3a\" data-element_type=\"widget\" data-widget_type=\"icon.default\">\n\t\t\t\t<div class=\"elementor-widget-container\">\n\t\t\t\t\t<div class=\"elementor-icon-wrapper\">\n\t\t\t<div class=\"elementor-icon\">\n\t\t\t<i aria-hidden=\"true\" class=\"fas fa-star\"><\/i>\t\t\t<\/div>\n\t\t<\/div>\n\t\t\t\t<\/div>\n\t\t\t\t<\/div>\n\t\t\t\t<div class=\"elementor-element elementor-element-a13dd99 elementor-widget elementor-widget-heading\" data-id=\"a13dd99\" data-element_type=\"widget\" data-widget_type=\"heading.default\">\n\t\t\t\t<div class=\"elementor-widget-container\">\n\t\t\t<h2 class=\"elementor-heading-title elementor-size-default\">Wof\u00fcr setzen wir uns ein?<\/h2>\t\t<\/div>\n\t\t\t\t<\/div>\n\t\t\t\t<div class=\"elementor-element elementor-element-5b277ac elementor-widget elementor-widget-text-editor\" data-id=\"5b277ac\" data-element_type=\"widget\" data-widget_type=\"text-editor.default\">\n\t\t\t\t<div class=\"elementor-widget-container\">\n\t\t\t\t\t\t\t<p>Der F\u00f6rderverein der Hafenschule in Wiesbaden-Schierstein hat es sich zur Aufgabe gemacht, die Sch\u00fcler*innen der Hafenschule zu f\u00f6rdern und zu unterst\u00fctzen, indem er Dinge erm\u00f6glicht, die unsere Schule aus den sonst zur Verf\u00fcgung stehenden finanziellen Mitteln nicht realisieren kann \u2013 in materieller, finanzieller und personeller Hinsicht. Unsere Aktivit\u00e4ten erstrecken sich auf das schulische Leben und Lernen, auf Bildung und das Wohlergehen unserer Hafenkids, Lehrer*innen und Eltern. Wir organisieren das Einwerben von Spenden, stellen Antr\u00e4ge auf F\u00f6rdermittel bei Stiftungen und \u00f6ffentlichen Stellen, suchen hilfreiche Kontakte zu potenziellen Unterst\u00fctzern f\u00fcr einzelne Aktivit\u00e4ten, pflegen Kontakte zur Sch\u00fclervertretung, in die Nachbarschaft, zu Firmen sowie Einrichtungen. Au\u00dferdem entwickeln wir neue Ideen, die das schulische Leben bereichern und setzen diese gemeinsam mit unseren Mitgliedern, der Hafenschule und Schulelternbeirat um.<\/p>\t\t\t\t\t\t<\/div>\n\t\t\t\t<\/div>\n\t\t\t\t<div class=\"elementor-element elementor-element-ecabaa2 elementor-widget elementor-widget-heading\" data-id=\"ecabaa2\" data-element_type=\"widget\" data-widget_type=\"heading.default\">\n\t\t\t\t<div class=\"elementor-widget-container\">\n\t\t\t<h2 class=\"elementor-heading-title elementor-size-default\">Wer sind wir?<\/h2>\t\t<\/div>\n\t\t\t\t<\/div>\n\t\t\t\t<div class=\"elementor-element elementor-element-f825dc9 elementor-widget elementor-widget-text-editor\" data-id=\"f825dc9\" data-element_type=\"widget\" data-widget_type=\"text-editor.default\">\n\t\t\t\t<div class=\"elementor-widget-container\">\n\t\t\t\t\t\t\t<p>Der F\u00f6rderverein besteht aktuell vorwiegend aus Eltern der Hafensch\u00fcler*innen, ehemaligen Hafenkids-Eltern, Lehrer*innen und Schiersteiner B\u00fcrger*innen. Die derzeit 163 Mitglieder werden vertreten durch den Vereinsvorstand. Aktuell sind f\u00fcr Sie im Vorstand aktiv: Cornelia Bachmann (Vorsitzende), Marco Gerhardt (Kassenwart), Maren Nusser (1. Beisitzerin), A<span style=\"color: var( --e-global-color-text ); font-family: var( --e-global-typography-text-font-family ), Sans-serif; font-weight: var( --e-global-typography-text-font-weight );\">nne G\u00f6bl (2. Beisitzerin)<\/span><span style=\"color: var( --e-global-color-text ); font-family: var( --e-global-typography-text-font-family ), Sans-serif; font-weight: var( --e-global-typography-text-font-weight );\"> sowie die Kassenpr\u00fcfenden Kerstin Boll und Silke Hase. Der Vorstandsposten der Schriftf\u00fchrerin\/des Schriftf\u00fchrers ist derzeit nicht besetzt.<\/span><\/p>\t\t\t\t\t\t<\/div>\n\t\t\t\t<\/div>\n\t\t\t\t<div class=\"elementor-element elementor-element-39020d1 elementor-widget elementor-widget-image\" data-id=\"39020d1\" data-element_type=\"widget\" data-widget_type=\"image.default\">\n\t\t\t\t<div class=\"elementor-widget-container\">\n\t\t\t\t\t\t\t\t\t\t\t\t<figure class=\"wp-caption\">\n\t\t\t\t\t\t\t\t\t\t<img loading=\"lazy\" decoding=\"async\" width=\"640\" height=\"482\" src=\"http:\/\/hafenschule.online\/wp-content\/uploads\/2022\/07\/FoeV_Sommerfest_20220715Gruppenfoto_naeher-1024x771.jpg\" class=\"attachment-large size-large wp-image-1956\" alt=\"Maren Nusser, Cornelia Bachmann, Marco Gerhardt, Anne G\u00f6bl (v.l.n.r.)\" srcset=\"http:\/\/hafenschule.online\/wp-content\/uploads\/2022\/07\/FoeV_Sommerfest_20220715Gruppenfoto_naeher-1024x771.jpg 1024w, http:\/\/hafenschule.online\/wp-content\/uploads\/2022\/07\/FoeV_Sommerfest_20220715Gruppenfoto_naeher-300x226.jpg 300w, http:\/\/hafenschule.online\/wp-content\/uploads\/2022\/07\/FoeV_Sommerfest_20220715Gruppenfoto_naeher-768x579.jpg 768w, http:\/\/hafenschule.online\/wp-content\/uploads\/2022\/07\/FoeV_Sommerfest_20220715Gruppenfoto_naeher.jpg 1176w\" sizes=\"(max-width: 640px) 100vw, 640px\" \/>\t\t\t\t\t\t\t\t\t\t\t<figcaption class=\"widget-image-caption wp-caption-text\">Maren Nusser, Cornelia Bachmann, Marco Gerhardt, Anne G\u00f6bl (v.l.n.r.)<\/figcaption>\n\t\t\t\t\t\t\t\t\t\t<\/figure>\n\t\t\t\t\t\t\t\t\t<\/div>\n\t\t\t\t<\/div>\n\t\t\t\t<div class=\"elementor-element elementor-element-28bc967 elementor-widget elementor-widget-heading\" data-id=\"28bc967\" data-element_type=\"widget\" data-widget_type=\"heading.default\">\n\t\t\t\t<div class=\"elementor-widget-container\">\n\t\t\t<h2 class=\"elementor-heading-title elementor-size-default\">Was wir schon erreicht haben?<\/h2>\t\t<\/div>\n\t\t\t\t<\/div>\n\t\t\t\t<div class=\"elementor-element elementor-element-4ba6653 elementor-widget elementor-widget-text-editor\" data-id=\"4ba6653\" data-element_type=\"widget\" data-widget_type=\"text-editor.default\">\n\t\t\t\t<div class=\"elementor-widget-container\">\n\t\t\t\t\t\t\t<p>Eine Menge! Der F\u00f6rderverein investiert s\u00e4mtliche Mitgliedsbeitr\u00e4ge und Spenden in die Hafenschule. F\u00fcr die Hafensch\u00fcler*innen, Eltern und Lehrer*innen konnten wir schon Einiges erreichen: Wir haben zusammen mit den Kindern <b>naturnahe Projekte<\/b> umgesetzt (z.B. einen Barfu\u00dfpfad auf der Schulwiese angelegt, Nistk\u00e4sten gebaut und platziert), <b>Schallschutz<\/b> f\u00fcr unsere Klassenr\u00e4ume finanziert und zahlreiche<b> Unterrichtsmaterialien und -ger\u00e4te<\/b> angeschafft, wie z.B. Mathe- und Teamspiele, einen Trockenwagen f\u00fcr den Kunstunterricht, B\u00e4lle f\u00fcr den Sportunterricht oder aktuell Bewegungssitze (<span style=\"color: #00474a;\"><a style=\"color: #00474a;\" href=\"https:\/\/www.vs.de\/de\/hokki\/\" target=\"_blank\" rel=\"noopener\">Hokkis<\/a><\/span>) f\u00fcr die vierten Klassen. Aktuell finanzierten wir die <b>Schul-App SDUI<\/b>, welche gerade in der jetzigen Zeit gute Dienste in der Lehrer-Eltern-Kinder-Kommunikation leistet. Wir versorgen jedes Jahr bei den Bundesjugendspielen die Hafenkids an einem Stand mit \u00c4pfeln und Wasser f\u00fcr alle Klassen und organisieren nat\u00fcrlich <b>Feste und Feiern<\/b> mit und vieles mehr!<\/p><p>\u00dcber viele Jahre hat der F\u00f6rderverein Hafenschule e. V. die Nachmittagsbetreuung der Hafensch\u00fcler*innen der ersten und zweiten Klassen organisiert. Seit dem Schuljahr 2020\/2021 hat die Nachmittagsbetreuung der ersten und zweiten Klassen der ASB Westhessen im Fritz-Br\u00fcderlein-Haus, Saarstra\u00dfe 5 in 65201 Wiesbaden-Schierstein \u00fcbernommen.<\/p>\t\t\t\t\t\t<\/div>\n\t\t\t\t<\/div>\n\t\t\t\t<div class=\"elementor-element elementor-element-03dbd50 elementor-widget-divider--view-line elementor-widget elementor-widget-divider\" data-id=\"03dbd50\" data-element_type=\"widget\" data-widget_type=\"divider.default\">\n\t\t\t\t<div class=\"elementor-widget-container\">\n\t\t\t\t\t<div class=\"elementor-divider\">\n\t\t\t<span class=\"elementor-divider-separator\">\n\t\t\t\t\t\t<\/span>\n\t\t<\/div>\n\t\t\t\t<\/div>\n\t\t\t\t<\/div>\n\t\t\t\t<div class=\"elementor-element elementor-element-6b93764 elementor-widget elementor-widget-heading\" data-id=\"6b93764\" data-element_type=\"widget\" data-widget_type=\"heading.default\">\n\t\t\t\t<div class=\"elementor-widget-container\">\n\t\t\t<h2 class=\"elementor-heading-title elementor-size-default\">Aber wir k\u00f6nnen noch mehr! Zusammen! Machen Sie mit!<\/h2>\t\t<\/div>\n\t\t\t\t<\/div>\n\t\t\t\t<div class=\"elementor-element elementor-element-24acee4 elementor-widget elementor-widget-text-editor\" data-id=\"24acee4\" data-element_type=\"widget\" data-widget_type=\"text-editor.default\">\n\t\t\t\t<div class=\"elementor-widget-container\">\n\t\t\t\t\t\t\t<p><strong>Ein F\u00f6rderverein lebt durch seine Mitglieder!\u00a0 Je mehr Mitglieder wir haben, um so mehr Projekte k\u00f6nnen wir umsetzen!<\/strong><\/p>\t\t\t\t\t\t<\/div>\n\t\t\t\t<\/div>\n\t\t\t\t<div class=\"elementor-element elementor-element-bb0f602 elementor-widget elementor-widget-text-editor\" data-id=\"bb0f602\" data-element_type=\"widget\" data-widget_type=\"text-editor.default\">\n\t\t\t\t<div class=\"elementor-widget-container\">\n\t\t\t\t\t\t\t<p>Beteiligen Sie sich: Durch Ihre Mitgliedschaft\u2009oder\u2009Spende oder bringen Sie Ihre Ideen und Ihr Engagement ein; egal, ob Sie f\u00f6rdern oder mit Rat und Tat mitgestalten: Machen Sie mit und helfen Sie, den Schulalltag f\u00fcr unsere Kinder noch bunter und interessanter zu machen!<\/p><p>Haben Sie Fragen oder Anregungen, dann schreiben Sie uns: <span style=\"color: #00474a;\"><a style=\"color: #00474a;\" href=\"mailto:info@foerderverein-hafenschule.de\" target=\"_blank\" rel=\"noopener\">info@foerderverein-hafenschule.de<\/a><\/span><\/p><p>M\u00f6chten Sie selbst im F\u00f6rderverein aktiv sein oder diesen finanziell unterst\u00fctzen, so k\u00f6nnen Sie hier die\u00a0<a href=\"http:\/\/hafenschule.online\/wp-content\/uploads\/2024\/12\/NEU-Beitrittserklaerung-Foerderverein_01.01.2025.pdf\" target=\"_blank\" rel=\"noopener\"><span style=\"color: #00474a;\">Beitrittserkl\u00e4rung<\/span><\/a>\u00a0herunterladen und ausf\u00fcllen.<\/p><p>Spenden sind steuerlich absetzbar. Auf Wunsch erhalten Sie von uns eine Spendenquittung.<br \/>Spendenkonto: IBAN: DE04 5109 0000 0035 4290 00, BIC WIBA DE5W XXX bei der Wiesbadener Volksbank.<\/p>\t\t\t\t\t\t<\/div>\n\t\t\t\t<\/div>\n\t\t\t\t<div class=\"elementor-element elementor-element-57d9bc9 elementor-widget-divider--view-line elementor-widget elementor-widget-divider\" data-id=\"57d9bc9\" data-element_type=\"widget\" data-widget_type=\"divider.default\">\n\t\t\t\t<div class=\"elementor-widget-container\">\n\t\t\t\t\t<div class=\"elementor-divider\">\n\t\t\t<span class=\"elementor-divider-separator\">\n\t\t\t\t\t\t<\/span>\n\t\t<\/div>\n\t\t\t\t<\/div>\n\t\t\t\t<\/div>\n\t\t\t\t<section class=\"elementor-section elementor-inner-section elementor-element elementor-element-de28e96 elementor-section-boxed elementor-section-height-default elementor-section-height-default\" data-id=\"de28e96\" data-element_type=\"section\">\n\t\t\t\t\t\t<div class=\"elementor-container elementor-column-gap-default\">\n\t\t\t\t\t<div class=\"elementor-column elementor-col-50 elementor-inner-column elementor-element elementor-element-fc310a5\" data-id=\"fc310a5\" data-element_type=\"column\">\n\t\t\t<div class=\"elementor-widget-wrap elementor-element-populated\">\n\t\t\t\t\t\t\t\t<div class=\"elementor-element elementor-element-fd4d1f9 elementor-widget elementor-widget-heading\" data-id=\"fd4d1f9\" data-element_type=\"widget\" data-widget_type=\"heading.default\">\n\t\t\t\t<div class=\"elementor-widget-container\">\n\t\t\t<h3 class=\"elementor-heading-title elementor-size-default\">Vereinsanschrift<\/h3>\t\t<\/div>\n\t\t\t\t<\/div>\n\t\t\t\t<div class=\"elementor-element elementor-element-e688fda elementor-widget elementor-widget-text-editor\" data-id=\"e688fda\" data-element_type=\"widget\" data-widget_type=\"text-editor.default\">\n\t\t\t\t<div class=\"elementor-widget-container\">\n\t\t\t\t\t\t\t<p>F\u00f6rderverein der Hafenschule e.V.\u00a0<br \/>c\/o Hafenschule<br \/>Zehntenhofstr. 6<br \/>65201 Wiesbaden<\/p><p>E-Mail: <span style=\"color: #00474a;\"><a style=\"color: #00474a;\" href=\"mailto:info@foerderverein-hafenschule.de\">info@foerderverein-hafenschule.de<\/a><\/span><\/p>\t\t\t\t\t\t<\/div>\n\t\t\t\t<\/div>\n\t\t\t\t\t<\/div>\n\t\t<\/div>\n\t\t\t\t<div class=\"elementor-column elementor-col-50 elementor-inner-column elementor-element elementor-element-cb653dd\" data-id=\"cb653dd\" data-element_type=\"column\">\n\t\t\t<div class=\"elementor-widget-wrap elementor-element-populated\">\n\t\t\t\t\t\t\t\t<div class=\"elementor-element elementor-element-e7ce98a elementor-widget elementor-widget-heading\" data-id=\"e7ce98a\" data-element_type=\"widget\" data-widget_type=\"heading.default\">\n\t\t\t\t<div class=\"elementor-widget-container\">\n\t\t\t<h3 class=\"elementor-heading-title elementor-size-default\">Vorstandsmitglieder<\/h3>\t\t<\/div>\n\t\t\t\t<\/div>\n\t\t\t\t<div class=\"elementor-element elementor-element-ffb0bc9 elementor-widget elementor-widget-text-editor\" data-id=\"ffb0bc9\" data-element_type=\"widget\" data-widget_type=\"text-editor.default\">\n\t\t\t\t<div class=\"elementor-widget-container\">\n\t\t\t\t\t\t\t<p>Anne G\u00f6bl (Vorsitzende),<br \/>Marius Bienieck (Kassenwart),<br \/>Christine Wiegand (<span style=\"color: var( --e-global-color-text ); font-family: var( --e-global-typography-text-font-family ), Sans-serif; font-weight: var( --e-global-typography-text-font-weight );\">Schriftf\u00fchrer\/-in)<\/span><span style=\"color: var( --e-global-color-text ); font-family: var( --e-global-typography-text-font-family ), Sans-serif; font-weight: var( --e-global-typography-text-font-weight );\">,<br \/><\/span><span style=\"color: var( --e-global-color-text ); font-family: var( --e-global-typography-text-font-family ), Sans-serif; font-weight: var( --e-global-typography-text-font-weight );\">Sahar Mell\u00a0<\/span><span style=\"color: var( --e-global-color-text ); font-family: var( --e-global-typography-text-font-family ), Sans-serif; font-weight: var( --e-global-typography-text-font-weight );\">(1. Beisitzerin),<br \/><\/span><span style=\"color: var( --e-global-color-text ); font-family: var( --e-global-typography-text-font-family ), Sans-serif; font-weight: var( --e-global-typography-text-font-weight );\">Lyudmyla Kolos\u00a0<\/span><span style=\"color: var( --e-global-color-text ); font-family: var( --e-global-typography-text-font-family ), Sans-serif; font-weight: var( --e-global-typography-text-font-weight );\">(2. Beisitzerin)<\/span><\/p>\t\t\t\t\t\t<\/div>\n\t\t\t\t<\/div>\n\t\t\t\t\t<\/div>\n\t\t<\/div>\n\t\t\t\t\t\t\t<\/div>\n\t\t<\/section>\n\t\t\t\t<section class=\"elementor-section elementor-inner-section elementor-element elementor-element-4144b2b elementor-section-boxed elementor-section-height-default elementor-section-height-default\" data-id=\"4144b2b\" data-element_type=\"section\">\n\t\t\t\t\t\t<div class=\"elementor-container elementor-column-gap-default\">\n\t\t\t\t\t<div class=\"elementor-column elementor-col-50 elementor-inner-column elementor-element elementor-element-5229c6f\" data-id=\"5229c6f\" data-element_type=\"column\">\n\t\t\t<div class=\"elementor-widget-wrap elementor-element-populated\">\n\t\t\t\t\t\t\t\t<div class=\"elementor-element elementor-element-8746aff elementor-widget elementor-widget-heading\" data-id=\"8746aff\" data-element_type=\"widget\" data-widget_type=\"heading.default\">\n\t\t\t\t<div class=\"elementor-widget-container\">\n\t\t\t<h3 class=\"elementor-heading-title elementor-size-default\">Downloads<\/h3>\t\t<\/div>\n\t\t\t\t<\/div>\n\t\t\t\t<div class=\"elementor-element elementor-element-3d7ce01 elementor-icon-list--layout-traditional elementor-list-item-link-full_width elementor-widget elementor-widget-icon-list\" data-id=\"3d7ce01\" data-element_type=\"widget\" data-widget_type=\"icon-list.default\">\n\t\t\t\t<div class=\"elementor-widget-container\">\n\t\t\t\t\t<ul class=\"elementor-icon-list-items\">\n\t\t\t\t\t\t\t<li class=\"elementor-icon-list-item\">\n\t\t\t\t\t\t\t\t\t\t\t<a href=\"http:\/\/hafenschule.online\/wp-content\/uploads\/2023\/09\/23-07-04_NEU_Infoblatt-Foerderverein_A4_AllgemeinBeitrittserklaerung.pdf\">\n\n\t\t\t\t\t\t\t\t\t\t\t\t<span class=\"elementor-icon-list-icon\">\n\t\t\t\t\t\t\t<i aria-hidden=\"true\" class=\"fas fa-check\"><\/i>\t\t\t\t\t\t<\/span>\n\t\t\t\t\t\t\t\t\t\t<span class=\"elementor-icon-list-text\">Flyer<\/span>\n\t\t\t\t\t\t\t\t\t\t\t<\/a>\n\t\t\t\t\t\t\t\t\t<\/li>\n\t\t\t\t\t\t\t\t<li class=\"elementor-icon-list-item\">\n\t\t\t\t\t\t\t\t\t\t\t<a href=\"http:\/\/hafenschule.online\/wp-content\/uploads\/2024\/12\/NEU-Beitrittserklaerung-Foerderverein_01.01.2025.pdf\" target=\"_blank\">\n\n\t\t\t\t\t\t\t\t\t\t\t\t<span class=\"elementor-icon-list-icon\">\n\t\t\t\t\t\t\t<i aria-hidden=\"true\" class=\"fas fa-check\"><\/i>\t\t\t\t\t\t<\/span>\n\t\t\t\t\t\t\t\t\t\t<span class=\"elementor-icon-list-text\">Beitrittserkl\u00e4rung<\/span>\n\t\t\t\t\t\t\t\t\t\t\t<\/a>\n\t\t\t\t\t\t\t\t\t<\/li>\n\t\t\t\t\t\t\t\t<li class=\"elementor-icon-list-item\">\n\t\t\t\t\t\t\t\t\t\t\t<a href=\"http:\/\/hafenschule.online\/wp-content\/uploads\/2022\/07\/Satzung_Foerderverein-ab_13_06_2022.pdf\" target=\"_blank\">\n\n\t\t\t\t\t\t\t\t\t\t\t\t<span class=\"elementor-icon-list-icon\">\n\t\t\t\t\t\t\t<i aria-hidden=\"true\" class=\"fas fa-check\"><\/i>\t\t\t\t\t\t<\/span>\n\t\t\t\t\t\t\t\t\t\t<span class=\"elementor-icon-list-text\">Satzung<\/span>\n\t\t\t\t\t\t\t\t\t\t\t<\/a>\n\t\t\t\t\t\t\t\t\t<\/li>\n\t\t\t\t\t\t\t\t<li class=\"elementor-icon-list-item\">\n\t\t\t\t\t\t\t\t\t\t\t<a href=\"http:\/\/hafenschule.online\/wp-content\/uploads\/2021\/05\/Datenschutzerklaerung-Foerderverein_21.05.2021.pdf\" target=\"_blank\">\n\n\t\t\t\t\t\t\t\t\t\t\t\t<span class=\"elementor-icon-list-icon\">\n\t\t\t\t\t\t\t<i aria-hidden=\"true\" class=\"fas fa-check\"><\/i>\t\t\t\t\t\t<\/span>\n\t\t\t\t\t\t\t\t\t\t<span class=\"elementor-icon-list-text\">Datenschutzerkl\u00e4rung<\/span>\n\t\t\t\t\t\t\t\t\t\t\t<\/a>\n\t\t\t\t\t\t\t\t\t<\/li>\n\t\t\t\t\t\t<\/ul>\n\t\t\t\t<\/div>\n\t\t\t\t<\/div>\n\t\t\t\t\t<\/div>\n\t\t<\/div>\n\t\t\t\t<div class=\"elementor-column elementor-col-50 elementor-inner-column elementor-element elementor-element-299c33d\" data-id=\"299c33d\" data-element_type=\"column\">\n\t\t\t<div class=\"elementor-widget-wrap elementor-element-populated\">\n\t\t\t\t\t\t\t\t<div class=\"elementor-element elementor-element-0f2c4f4 elementor-widget elementor-widget-heading\" data-id=\"0f2c4f4\" data-element_type=\"widget\" data-widget_type=\"heading.default\">\n\t\t\t\t<div class=\"elementor-widget-container\">\n\t\t\t<h3 class=\"elementor-heading-title elementor-size-default\">Spendenkonto<\/h3>\t\t<\/div>\n\t\t\t\t<\/div>\n\t\t\t\t<div class=\"elementor-element elementor-element-3938ed6 elementor-widget elementor-widget-text-editor\" data-id=\"3938ed6\" data-element_type=\"widget\" data-widget_type=\"text-editor.default\">\n\t\t\t\t<div class=\"elementor-widget-container\">\n\t\t\t\t\t\t\t<p>IBAN: DE04 5109 0000 0035 4290 00\u00a0<br \/>BIC: WIBA DE5W XXX<br \/>Wiesbadener Volksbank\u00a0<\/p>\t\t\t\t\t\t<\/div>\n\t\t\t\t<\/div>\n\t\t\t\t\t<\/div>\n\t\t<\/div>\n\t\t\t\t\t\t\t<\/div>\n\t\t<\/section>\n\t\t\t\t<div class=\"elementor-element elementor-element-4bd0b01 elementor-widget-divider--view-line elementor-widget elementor-widget-divider\" data-id=\"4bd0b01\" data-element_type=\"widget\" data-widget_type=\"divider.default\">\n\t\t\t\t<div class=\"elementor-widget-container\">\n\t\t\t\t\t<div class=\"elementor-divider\">\n\t\t\t<span class=\"elementor-divider-separator\">\n\t\t\t\t\t\t<\/span>\n\t\t<\/div>\n\t\t\t\t<\/div>\n\t\t\t\t<\/div>\n\t\t\t\t<div class=\"elementor-element elementor-element-3c4d57c elementor-widget elementor-widget-text-editor\" data-id=\"3c4d57c\" data-element_type=\"widget\" data-widget_type=\"text-editor.default\">\n\t\t\t\t<div class=\"elementor-widget-container\">\n\t\t\t\t\t\t\t<h6><u>Bildquellen<\/u>:<br \/>Logo: unter Verwendung von iStock\/draco77_524706892<br \/>Gruppenfoto Marktstand: privat\/Cornelia Bachmann<br \/>Markttreiben Markstand: privat\/ Maren Nusser<br \/>Sommerfest: privat\/Ronny Bachmann<br \/>Fahrradst\u00e4nder: privat\/Cornelia Bachmann\u00a0<br \/>Ampelkreuzung: privat\/Cornelia Bachmann<br \/>Bilderbox Sommerfest: privat\/ Cornelia Bachmann, Maren Nusser<br \/>Bilderbox Schiersteiner Jugendtag: privat\/ Cornelia Bachmann, Maren Nusser<br \/>Bilderbox Bundesjugendspiele: privat\/Sophie Wilhelm, Cornelia Bachmann<br \/>Nikolaust\u00fcten: privat\/Maren Nusser<br \/>Bilderbox Spendenaktion iPads\/Spendenboxen: privat\/ Cornelia Bachmann, Anne G\u00f6bl, Maren Nusser<br \/>Bilderkarussell Einschulungsfeier: privat\/Cornelia Bachmann, Sophie Wilhelm<br \/>Bilderkarussell Sommerfest: privat\/Cornelia Bachmann<br \/>Gruppenfoto: privat\/Cornelia Bachmann<\/h6>\t\t\t\t\t\t<\/div>\n\t\t\t\t<\/div>\n\t\t\t\t\t<\/div>\n\t\t<\/div>\n\t\t\t\t\t\t\t<\/div>\n\t\t<\/section>\n\t\t\t\t<section class=\"elementor-section elementor-top-section elementor-element elementor-element-55fcba4 elementor-section-boxed elementor-section-height-default elementor-section-height-default\" data-id=\"55fcba4\" data-element_type=\"section\">\n\t\t\t\t\t\t<div class=\"elementor-container elementor-column-gap-default\">\n\t\t\t\t\t<div class=\"elementor-column elementor-col-100 elementor-top-column elementor-element elementor-element-b38c5b6\" data-id=\"b38c5b6\" data-element_type=\"column\">\n\t\t\t<div class=\"elementor-widget-wrap\">\n\t\t\t\t\t\t\t\t\t<\/div>\n\t\t<\/div>\n\t\t\t\t\t\t\t<\/div>\n\t\t<\/section>\n\t\t\t\t\t\t\t<\/div>\n\t\t","protected":false},"excerpt":{"rendered":"<p>Willkommen auf der Seite des F\u00f6rdervereins der Hafenschule e. V., Wiesbaden &#8211; Aktuelles &#8211; Ostergeschenke f\u00fcr die Hafenkids\u00a0 Spiel, Spa\u00df und Bewegung \u2026..! Alle Klassen der Hafenschule haben rechtzeitig zu Ostern einen Gutschein \u00fcber 68 [&hellip;]<\/p>\n","protected":false},"author":2,"featured_media":0,"parent":0,"menu_order":0,"comment_status":"closed","ping_status":"closed","template":"","meta":{"footnotes":""},"_links":{"self":[{"href":"http:\/\/hafenschule.online\/index.php?rest_route=\/wp\/v2\/pages\/1110"}],"collection":[{"href":"http:\/\/hafenschule.online\/index.php?rest_route=\/wp\/v2\/pages"}],"about":[{"href":"http:\/\/hafenschule.online\/index.php?rest_route=\/wp\/v2\/types\/page"}],"author":[{"embeddable":true,"href":"http:\/\/hafenschule.online\/index.php?rest_route=\/wp\/v2\/users\/2"}],"replies":[{"embeddable":true,"href":"http:\/\/hafenschule.online\/index.php?rest_route=%2Fwp%2Fv2%2Fcomments&post=1110"}],"version-history":[{"count":512,"href":"http:\/\/hafenschule.online\/index.php?rest_route=\/wp\/v2\/pages\/1110\/revisions"}],"predecessor-version":[{"id":3165,"href":"http:\/\/hafenschule.online\/index.php?rest_route=\/wp\/v2\/pages\/1110\/revisions\/3165"}],"wp:attachment":[{"href":"http:\/\/hafenschule.online\/index.php?rest_route=%2Fwp%2Fv2%2Fmedia&parent=1110"}],"curies":[{"name":"wp","href":"https:\/\/api.w.org\/{rel}","templated":true}]}}