{"id":935,"date":"2020-02-28T15:43:04","date_gmt":"2020-02-28T15:43:04","guid":{"rendered":"http:\/\/hafenschule.online\/?page_id=935"},"modified":"2025-10-30T08:36:00","modified_gmt":"2025-10-30T08:36:00","slug":"alfred-delp-schule","status":"publish","type":"page","link":"http:\/\/hafenschule.online\/?page_id=935","title":{"rendered":"Alfred-Delp-Schule"},"content":{"rendered":"\t\t<div data-elementor-type=\"wp-page\" data-elementor-id=\"935\" class=\"elementor elementor-935\">\n\t\t\t\t\t\t\t\t\t<section class=\"elementor-section elementor-top-section elementor-element elementor-element-099e0e8 elementor-section-boxed elementor-section-height-default elementor-section-height-default\" data-id=\"099e0e8\" data-element_type=\"section\">\n\t\t\t\t\t\t<div class=\"elementor-container elementor-column-gap-default\">\n\t\t\t\t\t<div class=\"elementor-column elementor-col-100 elementor-top-column elementor-element elementor-element-fe9d36a\" data-id=\"fe9d36a\" data-element_type=\"column\">\n\t\t\t<div class=\"elementor-widget-wrap elementor-element-populated\">\n\t\t\t\t\t\t\t\t<div class=\"elementor-element elementor-element-c38c6a9 elementor-view-default elementor-widget elementor-widget-icon\" data-id=\"c38c6a9\" data-element_type=\"widget\" data-widget_type=\"icon.default\">\n\t\t\t\t<div class=\"elementor-widget-container\">\n\t\t\t\t\t<div class=\"elementor-icon-wrapper\">\n\t\t\t<div class=\"elementor-icon\">\n\t\t\t<i aria-hidden=\"true\" class=\"fas fa-star\"><\/i>\t\t\t<\/div>\n\t\t<\/div>\n\t\t\t\t<\/div>\n\t\t\t\t<\/div>\n\t\t\t\t<div class=\"elementor-element elementor-element-0c673fd elementor-widget elementor-widget-heading\" data-id=\"0c673fd\" data-element_type=\"widget\" data-widget_type=\"heading.default\">\n\t\t\t\t<div class=\"elementor-widget-container\">\n\t\t\t<h1 class=\"elementor-heading-title elementor-size-default\">F\u00fcr alle neuen E1 Kinder gibt es hier die Materialliste <\/h1>\t\t<\/div>\n\t\t\t\t<\/div>\n\t\t\t\t<div class=\"elementor-element elementor-element-9cf49a7 elementor-widget elementor-widget-text-editor\" data-id=\"9cf49a7\" data-element_type=\"widget\" data-widget_type=\"text-editor.default\">\n\t\t\t\t<div class=\"elementor-widget-container\">\n\t\t\t\t\t\t\t<p><a href=\"http:\/\/hafenschule.online\/wp-content\/uploads\/2024\/06\/Materielliste-fu\u0308r-E1.pdf\">Materielliste fu\u0308r E1<\/a><\/p>\t\t\t\t\t\t<\/div>\n\t\t\t\t<\/div>\n\t\t\t\t<div class=\"elementor-element elementor-element-4009c33 elementor-view-default elementor-widget elementor-widget-icon\" data-id=\"4009c33\" data-element_type=\"widget\" data-widget_type=\"icon.default\">\n\t\t\t\t<div class=\"elementor-widget-container\">\n\t\t\t\t\t<div class=\"elementor-icon-wrapper\">\n\t\t\t<div class=\"elementor-icon\">\n\t\t\t<i aria-hidden=\"true\" class=\"fas fa-star\"><\/i>\t\t\t<\/div>\n\t\t<\/div>\n\t\t\t\t<\/div>\n\t\t\t\t<\/div>\n\t\t\t\t<div class=\"elementor-element elementor-element-f08f683 elementor-widget elementor-widget-heading\" data-id=\"f08f683\" data-element_type=\"widget\" data-widget_type=\"heading.default\">\n\t\t\t\t<div class=\"elementor-widget-container\">\n\t\t\t<h1 class=\"elementor-heading-title elementor-size-xl\">Allgemeine Informationen \u00fcber die <br>Alfred-Delp-Schule<\/h1>\t\t<\/div>\n\t\t\t\t<\/div>\n\t\t\t\t<div class=\"elementor-element elementor-element-1415ee0 elementor-widget elementor-widget-text-editor\" data-id=\"1415ee0\" data-element_type=\"widget\" data-widget_type=\"text-editor.default\">\n\t\t\t\t<div class=\"elementor-widget-container\">\n\t\t\t\t\t\t\t<h1 class=\"elementor-heading-title elementor-size-large elementor-inline-editing pen\" style=\"text-align: center;\" contenteditable=\"true\" data-elementor-setting-key=\"title\" data-pen-placeholder=\"Eingabe hier...\"><span style=\"color: #ffffff;\">Die Alfred- Delp- Schule ist eine einz\u00fcgige im Gr\u00fcnen gelegene Grundschule mit Eingangsstufe in Wiesbaden-Frauenstein.<\/span><\/h1>\t\t\t\t\t\t<\/div>\n\t\t\t\t<\/div>\n\t\t\t\t<div class=\"elementor-element elementor-element-55046c8 elementor-view-default elementor-widget elementor-widget-icon\" data-id=\"55046c8\" data-element_type=\"widget\" data-widget_type=\"icon.default\">\n\t\t\t\t<div class=\"elementor-widget-container\">\n\t\t\t\t\t<div class=\"elementor-icon-wrapper\">\n\t\t\t<div class=\"elementor-icon\">\n\t\t\t<i aria-hidden=\"true\" class=\"fas fa-star\"><\/i>\t\t\t<\/div>\n\t\t<\/div>\n\t\t\t\t<\/div>\n\t\t\t\t<\/div>\n\t\t\t\t<div class=\"elementor-element elementor-element-5947d58 elementor-widget elementor-widget-text-editor\" data-id=\"5947d58\" data-element_type=\"widget\" data-widget_type=\"text-editor.default\">\n\t\t\t\t<div class=\"elementor-widget-container\">\n\t\t\t\t\t\t\t<h1><span style=\"color: #ffffff;\">Die Alfred-Delp-Schule ist eine Au\u00dfenstelle der Hafenschule in Schierstein.&nbsp;<\/span><\/h1><h1><span style=\"color: #ffffff;\">Geleitet wird sie von der Schulleiterin Sonja Petermann und dem Konrektor Thomas Nenninger. Unterst\u00fctzt durch ein starkes Team von Lehrerinnen und einer Sozialp\u00e4dagogin sowie dem Hausmeister vor Ort machen sich die Frauensteiner Kinder schon mit f\u00fcnf Jahren bereit f\u00fcr die Schule.<\/span><\/h1>\t\t\t\t\t\t<\/div>\n\t\t\t\t<\/div>\n\t\t\t\t<div class=\"elementor-element elementor-element-78349c4 elementor-view-default elementor-widget elementor-widget-icon\" data-id=\"78349c4\" data-element_type=\"widget\" data-widget_type=\"icon.default\">\n\t\t\t\t<div class=\"elementor-widget-container\">\n\t\t\t\t\t<div class=\"elementor-icon-wrapper\">\n\t\t\t<div class=\"elementor-icon\">\n\t\t\t<i aria-hidden=\"true\" class=\"fas fa-star\"><\/i>\t\t\t<\/div>\n\t\t<\/div>\n\t\t\t\t<\/div>\n\t\t\t\t<\/div>\n\t\t\t\t<div class=\"elementor-element elementor-element-0105156 elementor-widget elementor-widget-image\" data-id=\"0105156\" data-element_type=\"widget\" data-widget_type=\"image.default\">\n\t\t\t\t<div class=\"elementor-widget-container\">\n\t\t\t\t\t\t\t\t\t\t\t\t\t\t\t<img loading=\"lazy\" decoding=\"async\" width=\"640\" height=\"480\" src=\"http:\/\/hafenschule.online\/wp-content\/uploads\/2019\/12\/fullsizeoutput_21eb-1024x768.jpeg\" class=\"attachment-large size-large wp-image-873\" alt=\"\" srcset=\"http:\/\/hafenschule.online\/wp-content\/uploads\/2019\/12\/fullsizeoutput_21eb-1024x768.jpeg 1024w, http:\/\/hafenschule.online\/wp-content\/uploads\/2019\/12\/fullsizeoutput_21eb-300x225.jpeg 300w, http:\/\/hafenschule.online\/wp-content\/uploads\/2019\/12\/fullsizeoutput_21eb-768x576.jpeg 768w, http:\/\/hafenschule.online\/wp-content\/uploads\/2019\/12\/fullsizeoutput_21eb-1536x1152.jpeg 1536w, http:\/\/hafenschule.online\/wp-content\/uploads\/2019\/12\/fullsizeoutput_21eb-2048x1536.jpeg 2048w\" sizes=\"(max-width: 640px) 100vw, 640px\" \/>\t\t\t\t\t\t\t\t\t\t\t\t\t\t\t<\/div>\n\t\t\t\t<\/div>\n\t\t\t\t<section class=\"elementor-section elementor-inner-section elementor-element elementor-element-a512c96 elementor-section-boxed elementor-section-height-default elementor-section-height-default\" data-id=\"a512c96\" data-element_type=\"section\">\n\t\t\t\t\t\t<div class=\"elementor-container elementor-column-gap-default\">\n\t\t\t\t\t<div class=\"elementor-column elementor-col-50 elementor-inner-column elementor-element elementor-element-7404725\" data-id=\"7404725\" data-element_type=\"column\">\n\t\t\t<div class=\"elementor-widget-wrap elementor-element-populated\">\n\t\t\t\t\t\t\t\t<div class=\"elementor-element elementor-element-fb6d725 elementor-widget elementor-widget-text-editor\" data-id=\"fb6d725\" data-element_type=\"widget\" data-widget_type=\"text-editor.default\">\n\t\t\t\t<div class=\"elementor-widget-container\">\n\t\t\t\t\t\t\t<h1><span style=\"color: #ffffff;\">Zurzeit werden hier ca.100 Sch\u00fcler*innen in f\u00fcnf Jahrgangsstufen unterrichtet.\u00a0<\/span><\/h1><h1><span style=\"color: #ffffff;\">Die \u201eEingangsstufe\u201c gliedert sich auf in E1 und E2. Dieses Konzept besteht seit Beginn der 70er Jahre mit dem Ziel, einen behutsamen \u00dcbergang von Kindergarten zur Grundschule zu erm\u00f6glichen.<\/span><\/h1>\t\t\t\t\t\t<\/div>\n\t\t\t\t<\/div>\n\t\t\t\t\t<\/div>\n\t\t<\/div>\n\t\t\t\t<div class=\"elementor-column elementor-col-50 elementor-inner-column elementor-element elementor-element-4365335\" data-id=\"4365335\" data-element_type=\"column\">\n\t\t\t<div class=\"elementor-widget-wrap elementor-element-populated\">\n\t\t\t\t\t\t\t\t<div class=\"elementor-element elementor-element-855e397 elementor-widget elementor-widget-image\" data-id=\"855e397\" data-element_type=\"widget\" data-widget_type=\"image.default\">\n\t\t\t\t<div class=\"elementor-widget-container\">\n\t\t\t\t\t\t\t\t\t\t\t\t\t\t\t<img loading=\"lazy\" decoding=\"async\" width=\"640\" height=\"480\" src=\"http:\/\/hafenschule.online\/wp-content\/uploads\/2019\/12\/fullsizeoutput_21ef-1024x768.jpeg\" class=\"attachment-large size-large wp-image-875\" alt=\"\" srcset=\"http:\/\/hafenschule.online\/wp-content\/uploads\/2019\/12\/fullsizeoutput_21ef-1024x768.jpeg 1024w, http:\/\/hafenschule.online\/wp-content\/uploads\/2019\/12\/fullsizeoutput_21ef-300x225.jpeg 300w, http:\/\/hafenschule.online\/wp-content\/uploads\/2019\/12\/fullsizeoutput_21ef-768x576.jpeg 768w, http:\/\/hafenschule.online\/wp-content\/uploads\/2019\/12\/fullsizeoutput_21ef-1536x1152.jpeg 1536w, http:\/\/hafenschule.online\/wp-content\/uploads\/2019\/12\/fullsizeoutput_21ef-2048x1536.jpeg 2048w\" sizes=\"(max-width: 640px) 100vw, 640px\" \/>\t\t\t\t\t\t\t\t\t\t\t\t\t\t\t<\/div>\n\t\t\t\t<\/div>\n\t\t\t\t\t<\/div>\n\t\t<\/div>\n\t\t\t\t\t\t\t<\/div>\n\t\t<\/section>\n\t\t\t\t<div class=\"elementor-element elementor-element-5762669 elementor-widget elementor-widget-text-editor\" data-id=\"5762669\" data-element_type=\"widget\" data-widget_type=\"text-editor.default\">\n\t\t\t\t<div class=\"elementor-widget-container\">\n\t\t\t\t\t\t\t<h1><span style=\"color: #ffffff;\">In die\u00a0Eingangsstufe\u00a0(E1) der Alfred-Delp-Schule kommen die Kinder bereits mit f\u00fcnf Jahren. Hier werden sie von einem Team, bestehend aus einer Lehrerin und einer Sozialp\u00e4dagogin unterrichtet. Mit der Lehrerin der E1 durchlaufen die Kinder dann im besten Fall die Grundschulzeit bis zur 4. Klasse.\u00a0<\/span><\/h1><h1><span style=\"color: #ffffff;\">Die Sozialp\u00e4dagogin bleibt stets in der E1.<\/span><\/h1>\t\t\t\t\t\t<\/div>\n\t\t\t\t<\/div>\n\t\t\t\t<div class=\"elementor-element elementor-element-4f59989 elementor-widget elementor-widget-text-editor\" data-id=\"4f59989\" data-element_type=\"widget\" data-widget_type=\"text-editor.default\">\n\t\t\t\t<div class=\"elementor-widget-container\">\n\t\t\t\t\t\t\t\t\t\t\t\t\t<\/div>\n\t\t\t\t<\/div>\n\t\t\t\t<div class=\"elementor-element elementor-element-720e0eb elementor-view-default elementor-widget elementor-widget-icon\" data-id=\"720e0eb\" data-element_type=\"widget\" data-widget_type=\"icon.default\">\n\t\t\t\t<div class=\"elementor-widget-container\">\n\t\t\t\t\t<div class=\"elementor-icon-wrapper\">\n\t\t\t<div class=\"elementor-icon\">\n\t\t\t<i aria-hidden=\"true\" class=\"fas fa-star\"><\/i>\t\t\t<\/div>\n\t\t<\/div>\n\t\t\t\t<\/div>\n\t\t\t\t<\/div>\n\t\t\t\t<section class=\"elementor-section elementor-inner-section elementor-element elementor-element-539d71e elementor-section-boxed elementor-section-height-default elementor-section-height-default\" data-id=\"539d71e\" data-element_type=\"section\">\n\t\t\t\t\t\t<div class=\"elementor-container elementor-column-gap-default\">\n\t\t\t\t\t<div class=\"elementor-column elementor-col-50 elementor-inner-column elementor-element elementor-element-6562922\" data-id=\"6562922\" data-element_type=\"column\">\n\t\t\t<div class=\"elementor-widget-wrap elementor-element-populated\">\n\t\t\t\t\t\t\t\t<div class=\"elementor-element elementor-element-d9d666e elementor-widget elementor-widget-text-editor\" data-id=\"d9d666e\" data-element_type=\"widget\" data-widget_type=\"text-editor.default\">\n\t\t\t\t<div class=\"elementor-widget-container\">\n\t\t\t\t\t\t\t<h1><span style=\"color: #ffffff;\">Das Team Alfred-Delp-Schule besteht aus:\u00a0<\/span><\/h1><h1><span style=\"color: #ffffff;\">Schulleiterin<\/span><\/h1><h1><span style=\"color: #ffffff;\">Konrektor<\/span><\/h1><h1><span style=\"color: #ffffff;\">E 1 Sozialp\u00e4dagogin<\/span><\/h1><h1><span style=\"color: #ffffff;\">E 1 (Eingangsstufe 1)<\/span><\/h1><h1><span style=\"color: #ffffff;\">E 2 \u00a0(Eingangsstufe 2)<\/span><\/h1><h1><span style=\"color: #ffffff;\">Klasse 2\u00a0<\/span><\/h1><h1><span style=\"color: #ffffff;\">Klasse 3\u00a0<\/span><\/h1><h1><span style=\"color: #ffffff;\">Klasse 4\u00a0<\/span><\/h1><h1><span style=\"color: #ffffff;\">Sekret\u00e4rin<\/span><\/h1><h1><span style=\"color: #ffffff;\">Hausmeister<\/span><\/h1>\t\t\t\t\t\t<\/div>\n\t\t\t\t<\/div>\n\t\t\t\t\t<\/div>\n\t\t<\/div>\n\t\t\t\t<div class=\"elementor-column elementor-col-50 elementor-inner-column elementor-element elementor-element-2dd8054\" data-id=\"2dd8054\" data-element_type=\"column\">\n\t\t\t<div class=\"elementor-widget-wrap elementor-element-populated\">\n\t\t\t\t\t\t\t\t<div class=\"elementor-element elementor-element-0cc66dd elementor-widget elementor-widget-text-editor\" data-id=\"0cc66dd\" data-element_type=\"widget\" data-widget_type=\"text-editor.default\">\n\t\t\t\t<div class=\"elementor-widget-container\">\n\t\t\t\t\t\t\t<h1>&nbsp;<\/h1>\n<div>&nbsp;<\/div>\n<h1><span style=\"color: #ffffff;\">Sonja Petermann<\/span><\/h1>\n<h1><span style=\"color: #ffffff;\">Thomas Nenninger<\/span><\/h1>\n<h1><span style=\"color: #ffffff;\">Claudia Saulino<\/span><\/h1>\n<h1><span style=\"color: #ffffff;\">Ulrike Lippert<\/span><\/h1>\n<h1><span style=\"color: #ffffff;\"><span style=\"caret-color: #ffffff;\">Claudia Geisenheiner<br><\/span><\/span><\/h1>\n<h1><span style=\"color: #ffffff;\">Katrin Brettschneider<br><\/span><\/h1>\n<h1><span style=\"color: #ffffff;\"><span style=\"caret-color: #ffffff;\">Andrea Demant<br><\/span><\/span><\/h1>\n<h1><span style=\"color: #ffffff;\"><span style=\"caret-color: #ffffff;\">Andrea Giesa<br><\/span><\/span><\/h1>\n<h1><span style=\"color: #ffffff;\">Laura Kr\u00e4mer<\/span><\/h1>\n<h1><span style=\"color: #ffffff;\">Frank Wunder<\/span><\/h1>\t\t\t\t\t\t<\/div>\n\t\t\t\t<\/div>\n\t\t\t\t\t<\/div>\n\t\t<\/div>\n\t\t\t\t\t\t\t<\/div>\n\t\t<\/section>\n\t\t\t\t<div class=\"elementor-element elementor-element-5295fc2 elementor-view-default elementor-widget elementor-widget-icon\" data-id=\"5295fc2\" data-element_type=\"widget\" data-widget_type=\"icon.default\">\n\t\t\t\t<div class=\"elementor-widget-container\">\n\t\t\t\t\t<div class=\"elementor-icon-wrapper\">\n\t\t\t<div class=\"elementor-icon\">\n\t\t\t<i aria-hidden=\"true\" class=\"fas fa-star\"><\/i>\t\t\t<\/div>\n\t\t<\/div>\n\t\t\t\t<\/div>\n\t\t\t\t<\/div>\n\t\t\t\t<section class=\"elementor-section elementor-inner-section elementor-element elementor-element-bf15e26 elementor-section-boxed elementor-section-height-default elementor-section-height-default\" data-id=\"bf15e26\" data-element_type=\"section\">\n\t\t\t\t\t\t<div class=\"elementor-container elementor-column-gap-default\">\n\t\t\t\t\t<div class=\"elementor-column elementor-col-50 elementor-inner-column elementor-element elementor-element-d408046\" data-id=\"d408046\" data-element_type=\"column\">\n\t\t\t<div class=\"elementor-widget-wrap elementor-element-populated\">\n\t\t\t\t\t\t\t\t<div class=\"elementor-element elementor-element-bd87abb elementor-widget elementor-widget-image\" data-id=\"bd87abb\" data-element_type=\"widget\" data-widget_type=\"image.default\">\n\t\t\t\t<div class=\"elementor-widget-container\">\n\t\t\t\t\t\t\t\t\t\t\t\t\t\t\t<img loading=\"lazy\" decoding=\"async\" width=\"640\" height=\"435\" src=\"http:\/\/hafenschule.online\/wp-content\/uploads\/2019\/12\/fullsizeoutput_21ed-1024x696.jpeg\" class=\"attachment-large size-large wp-image-874\" alt=\"\" srcset=\"http:\/\/hafenschule.online\/wp-content\/uploads\/2019\/12\/fullsizeoutput_21ed-1024x696.jpeg 1024w, http:\/\/hafenschule.online\/wp-content\/uploads\/2019\/12\/fullsizeoutput_21ed-300x204.jpeg 300w, http:\/\/hafenschule.online\/wp-content\/uploads\/2019\/12\/fullsizeoutput_21ed-768x522.jpeg 768w, http:\/\/hafenschule.online\/wp-content\/uploads\/2019\/12\/fullsizeoutput_21ed-1536x1044.jpeg 1536w, http:\/\/hafenschule.online\/wp-content\/uploads\/2019\/12\/fullsizeoutput_21ed-2048x1391.jpeg 2048w\" sizes=\"(max-width: 640px) 100vw, 640px\" \/>\t\t\t\t\t\t\t\t\t\t\t\t\t\t\t<\/div>\n\t\t\t\t<\/div>\n\t\t\t\t\t<\/div>\n\t\t<\/div>\n\t\t\t\t<div class=\"elementor-column elementor-col-50 elementor-inner-column elementor-element elementor-element-df62c4d\" data-id=\"df62c4d\" data-element_type=\"column\">\n\t\t\t<div class=\"elementor-widget-wrap elementor-element-populated\">\n\t\t\t\t\t\t\t\t<div class=\"elementor-element elementor-element-c22cc35 elementor-widget elementor-widget-text-editor\" data-id=\"c22cc35\" data-element_type=\"widget\" data-widget_type=\"text-editor.default\">\n\t\t\t\t<div class=\"elementor-widget-container\">\n\t\t\t\t\t\t\t<h1><span style=\"color: #ffffff;\">Es besteht eine Kooperation zwischen der Schule und dem F\u00f6rderverein der Alfred-Delp-Schule.<\/span><\/h1>\t\t\t\t\t\t<\/div>\n\t\t\t\t<\/div>\n\t\t\t\t\t<\/div>\n\t\t<\/div>\n\t\t\t\t\t\t\t<\/div>\n\t\t<\/section>\n\t\t\t\t<div class=\"elementor-element elementor-element-061e6db elementor-widget elementor-widget-text-editor\" data-id=\"061e6db\" data-element_type=\"widget\" data-widget_type=\"text-editor.default\">\n\t\t\t\t<div class=\"elementor-widget-container\">\n\t\t\t\t\t\t\t<h1><span style=\"color: #ffffff;\">Unsere p\u00e4dagogische Arbeit wird durch folgende Schwerpunkte erg\u00e4nzt:<\/span><\/h1><h1><span style=\"color: #ffffff;\">Montessorip\u00e4dagogik in der Eingangsstufe (E1)<\/span><br \/><span style=\"color: #ffffff;\">gemeinsames Fr\u00fchst\u00fcck\/ gemeinsame Lesezeit<\/span><br \/><span style=\"color: #ffffff;\">Sch\u00fclerpatenschaften<\/span><br \/><span style=\"color: #ffffff;\">B\u00fccherbus<\/span><br \/><span style=\"color: #ffffff;\">Kooperation Kita- Schule\u00a0<\/span><br \/><span style=\"color: #ffffff;\">Kooperation Schule- au\u00dferschulische Lernorte<\/span><\/h1>\t\t\t\t\t\t<\/div>\n\t\t\t\t<\/div>\n\t\t\t\t\t<\/div>\n\t\t<\/div>\n\t\t\t\t\t\t\t<\/div>\n\t\t<\/section>\n\t\t\t\t\t\t\t<\/div>\n\t\t","protected":false},"excerpt":{"rendered":"<p>F\u00fcr alle neuen E1 Kinder gibt es hier die Materialliste Materielliste fu\u0308r E1 Allgemeine Informationen \u00fcber die Alfred-Delp-Schule Die Alfred- Delp- Schule ist eine einz\u00fcgige im Gr\u00fcnen gelegene Grundschule mit Eingangsstufe in Wiesbaden-Frauenstein. Die Alfred-Delp-Schule [&hellip;]<\/p>\n","protected":false},"author":1,"featured_media":0,"parent":0,"menu_order":0,"comment_status":"closed","ping_status":"closed","template":"","meta":{"footnotes":""},"_links":{"self":[{"href":"http:\/\/hafenschule.online\/index.php?rest_route=\/wp\/v2\/pages\/935"}],"collection":[{"href":"http:\/\/hafenschule.online\/index.php?rest_route=\/wp\/v2\/pages"}],"about":[{"href":"http:\/\/hafenschule.online\/index.php?rest_route=\/wp\/v2\/types\/page"}],"author":[{"embeddable":true,"href":"http:\/\/hafenschule.online\/index.php?rest_route=\/wp\/v2\/users\/1"}],"replies":[{"embeddable":true,"href":"http:\/\/hafenschule.online\/index.php?rest_route=%2Fwp%2Fv2%2Fcomments&post=935"}],"version-history":[{"count":35,"href":"http:\/\/hafenschule.online\/index.php?rest_route=\/wp\/v2\/pages\/935\/revisions"}],"predecessor-version":[{"id":3196,"href":"http:\/\/hafenschule.online\/index.php?rest_route=\/wp\/v2\/pages\/935\/revisions\/3196"}],"wp:attachment":[{"href":"http:\/\/hafenschule.online\/index.php?rest_route=%2Fwp%2Fv2%2Fmedia&parent=935"}],"curies":[{"name":"wp","href":"https:\/\/api.w.org\/{rel}","templated":true}]}}